
{"id":7233,"date":"2023-11-08T15:54:04","date_gmt":"2023-11-08T15:54:04","guid":{"rendered":"http:\/\/hyphen.archi\/oficinas\/"},"modified":"2024-07-24T09:55:53","modified_gmt":"2024-07-24T09:55:53","slug":"oficinas","status":"publish","type":"page","link":"https:\/\/hyphen.archi\/es\/sectores\/oficinas\/","title":{"rendered":"Oficinas"},"content":{"rendered":"\n<div class=\"wp-block-boldblocks-group cbb-block background-image-animation is-layout-flow wp-block-boldblocks-group-is-layout-flow cbb-g-1 cbb-layout-grid sm-cbb-v-align bb:has-overlay bb:has-background bb:has-background--image js-animation-bg-parallax\" style=\"min-height:80vh;margin-bottom:var(--wp--preset--spacing--40);padding-top:0;padding-right:var(--wp--preset--spacing--40);padding-bottom:0;padding-left:var(--wp--preset--spacing--40)\"><div class=\"bb:block-background bb:block-background--image cbb-bg-image bg-parallax\" style=\"background-image:url(https:\/\/hyphen.archi\/app\/uploads\/2023\/12\/Offices.jpg);background-position:50% 50%;background-repeat:no-repeat;background-size:cover;\"   data-speed=\"0.5\" data-src=\"https:\/\/hyphen.archi\/app\/uploads\/2023\/12\/Offices.jpg\" data-width=\"1920\" data-height=\"1240\"><\/div><div aria-hidden=\"true\" class=\"bb:block-overlay\" style=\"background:var(--wp--preset--color--contrast, #000000);opacity:0.3;\"><\/div>\n<h1 class=\"wp-block-heading has-base-color has-text-color\" style=\"margin-top:0;margin-right:0;margin-bottom:var(--wp--preset--spacing--40);margin-left:0\">Oficinas<\/h1>\n<\/div>\n\n\n\n<div class=\"wp-block-group is-layout-flow wp-block-group-is-layout-flow\" style=\"padding-right:var(--wp--preset--spacing--40);padding-left:var(--wp--preset--spacing--40)\">\n<div class=\"wp-block-buttons is-layout-flex wp-block-buttons-is-layout-flex\" style=\"margin-bottom:var(--wp--preset--spacing--30)\">\n<div class=\"wp-block-button has-custom-font-size arrow-before has-small-font-size\"><a class=\"wp-block-button__link has-contrast-color has-base-background-color has-text-color has-background wp-element-button\" href=\"https:\/\/hyphen.archi\/es\/sectores\/\" style=\"padding-top:0;padding-right:0;padding-bottom:0;padding-left:0\">Todos los sectores<\/a><\/div>\n<\/div>\n\n\n\n<div class=\"wp-block-columns is-style-reverse-mobile is-layout-flex wp-container-core-columns-is-layout-7fc3d43a wp-block-columns-is-layout-flex\">\n<div class=\"wp-block-column is-layout-flow wp-block-column-is-layout-flow\">\n<p class=\"has-large-font-size\">Dise\u00f1ar una oficina no es s\u00f3lo mejorar la productividad u optimizar el rendimiento; es crear un entorno acogedor donde la gente pueda concentrarse, colaborar y sentirse parte de una comunidad.<\/p>\n\n\n\n<p class=\"has-medium-font-size\">Desde implantaciones de oficinas de co-working en toda Europa y Latinoam\u00e9rica, hasta sedes de marcas globales, trabajamos estrechamente con nuestros clientes para crear espacios de trabajo flexibles con personalidad y prop\u00f3sito.<\/p>\n\n\n\n<p><\/p>\n\n\n\n<p><strong>Nuestros expertos<\/strong><\/p>\n\n\n\n<div class=\"wp-block-query is-layout-flow wp-block-query-is-layout-flow cbb-query-9-1\"><ul id=\"\" class=\"wp-block-post-template is-layout-flow wp-block-post-template-is-layout-flow\"><li class=\"wp-block-post post-9638 person type-person status-publish has-post-thumbnail hentry expertise-arquitectura location-belfast-es location-belgica location-dinamarca location-escocia location-gales location-inglaterra location-irlanda-es location-irlanda-del-norte location-londres-es location-monaghan-es location-noruega location-paises-bajos location-polonia-es location-reino-unido location-republica-checa location-winchester-es people-type-main sector-centros-de-datos-y-tecnologia sector-hosteleria sector-logistica-es sector-oficina sector-residencial-y-de-uso-mixto sector-venta-al-por-menor\">\n<div class=\"is-display-block is-acf-field second-image wp-block-mfb-meta-field-block\"><div class=\"value\"><img decoding=\"async\" width=\"300\" height=\"300\" src=\"https:\/\/hyphen.archi\/app\/uploads\/2023\/11\/Alan-Doodles-2-300x300.jpg\" class=\"attachment-medium size-medium\" alt=\"Alan Cheyne\" \/><\/div><\/div>\n\n<figure style=\"aspect-ratio:1;\" class=\"featured-image wp-block-post-featured-image\"><a href=\"https:\/\/hyphen.archi\/es\/person\/alan-cheyne\/\" target=\"_self\"  ><img decoding=\"async\" width=\"1667\" height=\"1667\" src=\"https:\/\/hyphen.archi\/app\/uploads\/2023\/11\/Alan-2.png\" class=\"attachment-post-thumbnail size-post-thumbnail wp-post-image\" alt=\"Alan Cheyne\" style=\"width:100%;height:100%;object-fit:cover;\" srcset=\"https:\/\/hyphen.archi\/app\/uploads\/2023\/11\/Alan-2.png 1667w, https:\/\/hyphen.archi\/app\/uploads\/2023\/11\/Alan-2-300x300.png 300w, https:\/\/hyphen.archi\/app\/uploads\/2023\/11\/Alan-2-1024x1024.png 1024w, https:\/\/hyphen.archi\/app\/uploads\/2023\/11\/Alan-2-150x150.png 150w, https:\/\/hyphen.archi\/app\/uploads\/2023\/11\/Alan-2-768x768.png 768w, https:\/\/hyphen.archi\/app\/uploads\/2023\/11\/Alan-2-1536x1536.png 1536w\" sizes=\"(max-width: 1667px) 100vw, 1667px\" \/><\/a><\/figure>\n\n<h2 style=\"font-style:normal;font-weight:500; padding-top:0;padding-bottom:0;margin-top:0;margin-bottom:0;\" class=\"wp-block-post-title has-x-small-font-size\">Alan Cheyne<\/h2>\n\n<div style=\"padding-top:0;padding-bottom:0;margin-top:0;margin-bottom:0;\" class=\"wp-block-post-excerpt has-x-small-font-size\"><p class=\"wp-block-post-excerpt__excerpt\">Managing director, UK and Ireland <\/p><\/div>\n<\/li><li class=\"wp-block-post post-9451 person type-person status-publish has-post-thumbnail hentry expertise-arquitectura location-alemania location-austria-es location-belgica location-berlin-es location-dinamarca location-noruega location-republica-checa location-suecia location-suiza people-type-main sector-logistica-es sector-oficina sector-venta-al-por-menor\">\n<div class=\"is-display-block is-acf-field second-image wp-block-mfb-meta-field-block\"><div class=\"value\"><img decoding=\"async\" width=\"300\" height=\"300\" src=\"https:\/\/hyphen.archi\/app\/uploads\/2023\/12\/Arlin-Doodles-300x300.jpg\" class=\"attachment-medium size-medium\" alt=\"Arlin Tr\u00e4gler\" \/><\/div><\/div>\n\n<figure style=\"aspect-ratio:1;\" class=\"featured-image wp-block-post-featured-image\"><a href=\"https:\/\/hyphen.archi\/es\/person\/arlin-tragler\/\" target=\"_self\"  ><img decoding=\"async\" width=\"1667\" height=\"1667\" src=\"https:\/\/hyphen.archi\/app\/uploads\/2023\/12\/Arlin.jpg\" class=\"attachment-post-thumbnail size-post-thumbnail wp-post-image\" alt=\"Arlin Tr\u00e4gler\" style=\"width:100%;height:100%;object-fit:cover;\" srcset=\"https:\/\/hyphen.archi\/app\/uploads\/2023\/12\/Arlin.jpg 1667w, https:\/\/hyphen.archi\/app\/uploads\/2023\/12\/Arlin-300x300.jpg 300w, https:\/\/hyphen.archi\/app\/uploads\/2023\/12\/Arlin-1024x1024.jpg 1024w, https:\/\/hyphen.archi\/app\/uploads\/2023\/12\/Arlin-150x150.jpg 150w, https:\/\/hyphen.archi\/app\/uploads\/2023\/12\/Arlin-768x768.jpg 768w, https:\/\/hyphen.archi\/app\/uploads\/2023\/12\/Arlin-1536x1536.jpg 1536w\" sizes=\"(max-width: 1667px) 100vw, 1667px\" \/><\/a><\/figure>\n\n<h2 style=\"font-style:normal;font-weight:500; padding-top:0;padding-bottom:0;margin-top:0;margin-bottom:0;\" class=\"wp-block-post-title has-x-small-font-size\">Arlin Tr\u00e4gler<\/h2>\n\n<div style=\"padding-top:0;padding-bottom:0;margin-top:0;margin-bottom:0;\" class=\"wp-block-post-excerpt has-x-small-font-size\"><p class=\"wp-block-post-excerpt__excerpt\">Associate <\/p><\/div>\n<\/li><li class=\"wp-block-post post-9395 person type-person status-publish has-post-thumbnail hentry expertise-interiorismo location-belgica location-francia location-paris-es location-suiza people-type-main sector-centros-de-datos-y-tecnologia sector-hosteleria sector-logistica-es sector-residencial-y-de-uso-mixto sector-venta-al-por-menor\">\n<div class=\"is-display-block is-acf-field second-image wp-block-mfb-meta-field-block\"><div class=\"value\"><img decoding=\"async\" width=\"300\" height=\"300\" src=\"https:\/\/hyphen.archi\/app\/uploads\/2023\/12\/Denis-Doodles-2-300x300.jpg\" class=\"attachment-medium size-medium\" alt=\"R\u00e9mi Pascal\" \/><\/div><\/div>\n\n<figure style=\"aspect-ratio:1;\" class=\"featured-image wp-block-post-featured-image\"><a href=\"https:\/\/hyphen.archi\/es\/person\/denis-charpentier\/\" target=\"_self\"  ><img decoding=\"async\" width=\"1667\" height=\"1667\" src=\"https:\/\/hyphen.archi\/app\/uploads\/2023\/12\/Denis.jpg\" class=\"attachment-post-thumbnail size-post-thumbnail wp-post-image\" alt=\"Denis Charpentier\" style=\"width:100%;height:100%;object-fit:cover;\" srcset=\"https:\/\/hyphen.archi\/app\/uploads\/2023\/12\/Denis.jpg 1667w, https:\/\/hyphen.archi\/app\/uploads\/2023\/12\/Denis-300x300.jpg 300w, https:\/\/hyphen.archi\/app\/uploads\/2023\/12\/Denis-1024x1024.jpg 1024w, https:\/\/hyphen.archi\/app\/uploads\/2023\/12\/Denis-150x150.jpg 150w, https:\/\/hyphen.archi\/app\/uploads\/2023\/12\/Denis-768x768.jpg 768w, https:\/\/hyphen.archi\/app\/uploads\/2023\/12\/Denis-1536x1536.jpg 1536w\" sizes=\"(max-width: 1667px) 100vw, 1667px\" \/><\/a><\/figure>\n\n<h2 style=\"font-style:normal;font-weight:500; padding-top:0;padding-bottom:0;margin-top:0;margin-bottom:0;\" class=\"wp-block-post-title has-x-small-font-size\">Denis Charpentier<\/h2>\n\n<div style=\"padding-top:0;padding-bottom:0;margin-top:0;margin-bottom:0;\" class=\"wp-block-post-excerpt has-x-small-font-size\"><p class=\"wp-block-post-excerpt__excerpt\">Associate <\/p><\/div>\n<\/li><li class=\"wp-block-post post-9424 person type-person status-publish has-post-thumbnail hentry expertise-arquitectura location-belfast-es location-escocia location-gales location-inglaterra location-irlanda-es location-irlanda-del-norte location-monaghan-es people-type-main sector-centros-de-datos-y-tecnologia sector-hosteleria sector-logistica-es sector-oficina sector-residencial-y-de-uso-mixto sector-venta-al-por-menor\">\n<div class=\"is-display-block is-acf-field second-image wp-block-mfb-meta-field-block\"><div class=\"value\"><img decoding=\"async\" width=\"300\" height=\"300\" src=\"https:\/\/hyphen.archi\/app\/uploads\/2024\/02\/Georgina-Doodles-300x300.jpg\" class=\"attachment-medium size-medium\" alt=\"Georgina Mullen\" \/><\/div><\/div>\n\n<figure style=\"aspect-ratio:1;\" class=\"featured-image wp-block-post-featured-image\"><a href=\"https:\/\/hyphen.archi\/es\/person\/georgina-mullen\/\" target=\"_self\"  ><img decoding=\"async\" width=\"1667\" height=\"1667\" src=\"https:\/\/hyphen.archi\/app\/uploads\/2023\/12\/Georgina.jpg\" class=\"attachment-post-thumbnail size-post-thumbnail wp-post-image\" alt=\"Georgina Mullen\" style=\"width:100%;height:100%;object-fit:cover;\" srcset=\"https:\/\/hyphen.archi\/app\/uploads\/2023\/12\/Georgina.jpg 1667w, https:\/\/hyphen.archi\/app\/uploads\/2023\/12\/Georgina-300x300.jpg 300w, https:\/\/hyphen.archi\/app\/uploads\/2023\/12\/Georgina-1024x1024.jpg 1024w, https:\/\/hyphen.archi\/app\/uploads\/2023\/12\/Georgina-150x150.jpg 150w, https:\/\/hyphen.archi\/app\/uploads\/2023\/12\/Georgina-768x768.jpg 768w, https:\/\/hyphen.archi\/app\/uploads\/2023\/12\/Georgina-1536x1536.jpg 1536w\" sizes=\"(max-width: 1667px) 100vw, 1667px\" \/><\/a><\/figure>\n\n<h2 style=\"font-style:normal;font-weight:500; padding-top:0;padding-bottom:0;margin-top:0;margin-bottom:0;\" class=\"wp-block-post-title has-x-small-font-size\">Georgina Mullen<\/h2>\n\n<div style=\"padding-top:0;padding-bottom:0;margin-top:0;margin-bottom:0;\" class=\"wp-block-post-excerpt has-x-small-font-size\"><p class=\"wp-block-post-excerpt__excerpt\">Director <\/p><\/div>\n<\/li><li class=\"wp-block-post post-9596 person type-person status-publish has-post-thumbnail hentry expertise-arquitectura expertise-sostenibilidad location-america-latina-es location-ciudad-de-mexico location-mexico-es people-type-main sector-centros-de-datos-y-tecnologia sector-hosteleria sector-logistica-es sector-oficina sector-residencial-y-de-uso-mixto sector-venta-al-por-menor\">\n<div class=\"is-display-block is-acf-field second-image wp-block-mfb-meta-field-block\"><div class=\"value\"><img decoding=\"async\" width=\"300\" height=\"300\" src=\"https:\/\/hyphen.archi\/app\/uploads\/2024\/02\/Jimena-Doodles-300x300.jpg\" class=\"attachment-medium size-medium\" alt=\"Jimena Etchegaray\" \/><\/div><\/div>\n\n<figure style=\"aspect-ratio:1;\" class=\"featured-image wp-block-post-featured-image\"><a href=\"https:\/\/hyphen.archi\/es\/person\/jimena-etchegaray\/\" target=\"_self\"  ><img decoding=\"async\" width=\"1667\" height=\"1667\" src=\"https:\/\/hyphen.archi\/app\/uploads\/2023\/11\/Jimena.jpg\" class=\"attachment-post-thumbnail size-post-thumbnail wp-post-image\" alt=\"Jimena Etchegaray\" style=\"width:100%;height:100%;object-fit:cover;\" srcset=\"https:\/\/hyphen.archi\/app\/uploads\/2023\/11\/Jimena.jpg 1667w, https:\/\/hyphen.archi\/app\/uploads\/2023\/11\/Jimena-300x300.jpg 300w, https:\/\/hyphen.archi\/app\/uploads\/2023\/11\/Jimena-1024x1024.jpg 1024w, https:\/\/hyphen.archi\/app\/uploads\/2023\/11\/Jimena-150x150.jpg 150w, https:\/\/hyphen.archi\/app\/uploads\/2023\/11\/Jimena-768x768.jpg 768w, https:\/\/hyphen.archi\/app\/uploads\/2023\/11\/Jimena-1536x1536.jpg 1536w\" sizes=\"(max-width: 1667px) 100vw, 1667px\" \/><\/a><\/figure>\n\n<h2 style=\"font-style:normal;font-weight:500; padding-top:0;padding-bottom:0;margin-top:0;margin-bottom:0;\" class=\"wp-block-post-title has-x-small-font-size\">Jimena Etchegaray<\/h2>\n\n<div style=\"padding-top:0;padding-bottom:0;margin-top:0;margin-bottom:0;\" class=\"wp-block-post-excerpt has-x-small-font-size\"><p class=\"wp-block-post-excerpt__excerpt\">Director <\/p><\/div>\n<\/li><li class=\"wp-block-post post-12424 person type-person status-publish has-post-thumbnail hentry expertise-arquitectura location-espana location-madrid-es location-portugal-es people-type-main sector-hosteleria sector-logistica-es sector-oficina sector-venta-al-por-menor\">\n<div class=\"is-display-block is-acf-field second-image wp-block-mfb-meta-field-block\"><div class=\"value\"><img decoding=\"async\" width=\"300\" height=\"300\" src=\"https:\/\/hyphen.archi\/app\/uploads\/2024\/07\/Marta-Doodles-300x300.jpg\" class=\"attachment-medium size-medium\" alt=\"Marta Redondo Martinez\" \/><\/div><\/div>\n\n<figure style=\"aspect-ratio:1;\" class=\"featured-image wp-block-post-featured-image\"><a href=\"https:\/\/hyphen.archi\/es\/person\/marta-redondo-martinez\/\" target=\"_self\"  ><img decoding=\"async\" width=\"1667\" height=\"1667\" src=\"https:\/\/hyphen.archi\/app\/uploads\/2024\/07\/Marta.jpg\" class=\"attachment-post-thumbnail size-post-thumbnail wp-post-image\" alt=\"Marta Redondo Martinez\" style=\"width:100%;height:100%;object-fit:cover;\" srcset=\"https:\/\/hyphen.archi\/app\/uploads\/2024\/07\/Marta.jpg 1667w, https:\/\/hyphen.archi\/app\/uploads\/2024\/07\/Marta-300x300.jpg 300w, https:\/\/hyphen.archi\/app\/uploads\/2024\/07\/Marta-1024x1024.jpg 1024w, https:\/\/hyphen.archi\/app\/uploads\/2024\/07\/Marta-150x150.jpg 150w, https:\/\/hyphen.archi\/app\/uploads\/2024\/07\/Marta-768x768.jpg 768w, https:\/\/hyphen.archi\/app\/uploads\/2024\/07\/Marta-1536x1536.jpg 1536w\" sizes=\"(max-width: 1667px) 100vw, 1667px\" \/><\/a><\/figure>\n\n<h2 style=\"font-style:normal;font-weight:500; padding-top:0;padding-bottom:0;margin-top:0;margin-bottom:0;\" class=\"wp-block-post-title has-x-small-font-size\">Marta Redondo Martinez<\/h2>\n\n<div style=\"padding-top:0;padding-bottom:0;margin-top:0;margin-bottom:0;\" class=\"wp-block-post-excerpt has-x-small-font-size\"><p class=\"wp-block-post-excerpt__excerpt\">Associate <\/p><\/div>\n<\/li><li class=\"wp-block-post post-9531 person type-person status-publish has-post-thumbnail hentry expertise-arquitectura expertise-sostenibilidad location-belfast-es location-escocia location-gales location-inglaterra location-irlanda-es location-irlanda-del-norte location-londres-es location-monaghan-es location-winchester-es people-type-main sector-centros-de-datos-y-tecnologia sector-hosteleria sector-logistica-es sector-oficina sector-residencial-y-de-uso-mixto sector-venta-al-por-menor\">\n<div class=\"is-display-block is-acf-field second-image wp-block-mfb-meta-field-block\"><div class=\"value\"><img decoding=\"async\" width=\"300\" height=\"300\" src=\"https:\/\/hyphen.archi\/app\/uploads\/2024\/02\/Michael-Doodles-300x300.jpg\" class=\"attachment-medium size-medium\" alt=\"Michael Mullen\" \/><\/div><\/div>\n\n<figure style=\"aspect-ratio:1;\" class=\"featured-image wp-block-post-featured-image\"><a href=\"https:\/\/hyphen.archi\/es\/person\/michael-mullen\/\" target=\"_self\"  ><img decoding=\"async\" width=\"1667\" height=\"1667\" src=\"https:\/\/hyphen.archi\/app\/uploads\/2023\/11\/Michael.jpg\" class=\"attachment-post-thumbnail size-post-thumbnail wp-post-image\" alt=\"Michael Mullen\" style=\"width:100%;height:100%;object-fit:cover;\" srcset=\"https:\/\/hyphen.archi\/app\/uploads\/2023\/11\/Michael.jpg 1667w, https:\/\/hyphen.archi\/app\/uploads\/2023\/11\/Michael-300x300.jpg 300w, https:\/\/hyphen.archi\/app\/uploads\/2023\/11\/Michael-1024x1024.jpg 1024w, https:\/\/hyphen.archi\/app\/uploads\/2023\/11\/Michael-150x150.jpg 150w, https:\/\/hyphen.archi\/app\/uploads\/2023\/11\/Michael-768x768.jpg 768w, https:\/\/hyphen.archi\/app\/uploads\/2023\/11\/Michael-1536x1536.jpg 1536w\" sizes=\"(max-width: 1667px) 100vw, 1667px\" \/><\/a><\/figure>\n\n<h2 style=\"font-style:normal;font-weight:500; padding-top:0;padding-bottom:0;margin-top:0;margin-bottom:0;\" class=\"wp-block-post-title has-x-small-font-size\">Michael Mullen<\/h2>\n\n<div style=\"padding-top:0;padding-bottom:0;margin-top:0;margin-bottom:0;\" class=\"wp-block-post-excerpt has-x-small-font-size\"><p class=\"wp-block-post-excerpt__excerpt\">COO <\/p><\/div>\n<\/li><li class=\"wp-block-post post-9386 person type-person status-publish has-post-thumbnail hentry expertise-arquitectura location-alemania location-austria-es location-belgica location-berlin-es location-dinamarca location-noruega location-paises-bajos location-polonia-es location-suiza people-type-main sector-centros-de-datos-y-tecnologia sector-hosteleria sector-logistica-es sector-oficina sector-residencial-y-de-uso-mixto sector-venta-al-por-menor\">\n<div class=\"is-display-block is-acf-field second-image wp-block-mfb-meta-field-block\"><div class=\"value\"><img decoding=\"async\" width=\"300\" height=\"300\" src=\"https:\/\/hyphen.archi\/app\/uploads\/2024\/02\/Olaf-Doodles-300x300.jpg\" class=\"attachment-medium size-medium\" alt=\"Olaf Gr\u00f6ger\" \/><\/div><\/div>\n\n<figure style=\"aspect-ratio:1;\" class=\"featured-image wp-block-post-featured-image\"><a href=\"https:\/\/hyphen.archi\/es\/person\/olaf-groger\/\" target=\"_self\"  ><img decoding=\"async\" width=\"1667\" height=\"1667\" src=\"https:\/\/hyphen.archi\/app\/uploads\/2023\/12\/Olaf.jpg\" class=\"attachment-post-thumbnail size-post-thumbnail wp-post-image\" alt=\"Olaf Gr\u00f6ger\" style=\"width:100%;height:100%;object-fit:cover;\" srcset=\"https:\/\/hyphen.archi\/app\/uploads\/2023\/12\/Olaf.jpg 1667w, https:\/\/hyphen.archi\/app\/uploads\/2023\/12\/Olaf-300x300.jpg 300w, https:\/\/hyphen.archi\/app\/uploads\/2023\/12\/Olaf-1024x1024.jpg 1024w, https:\/\/hyphen.archi\/app\/uploads\/2023\/12\/Olaf-150x150.jpg 150w, https:\/\/hyphen.archi\/app\/uploads\/2023\/12\/Olaf-768x768.jpg 768w, https:\/\/hyphen.archi\/app\/uploads\/2023\/12\/Olaf-1536x1536.jpg 1536w\" sizes=\"(max-width: 1667px) 100vw, 1667px\" \/><\/a><\/figure>\n\n<h2 style=\"font-style:normal;font-weight:500; padding-top:0;padding-bottom:0;margin-top:0;margin-bottom:0;\" class=\"wp-block-post-title has-x-small-font-size\">Olaf Gr\u00f6ger<\/h2>\n\n<div style=\"padding-top:0;padding-bottom:0;margin-top:0;margin-bottom:0;\" class=\"wp-block-post-excerpt has-x-small-font-size\"><p class=\"wp-block-post-excerpt__excerpt\">Director <\/p><\/div>\n<\/li><li class=\"wp-block-post post-9335 person type-person status-publish has-post-thumbnail hentry expertise-arquitectura location-america-latina-es location-argentina-es location-brasil location-chile-es location-ciudad-de-mexico location-colombia-es location-mexico-es location-peru-es location-santiago-es people-type-main sector-venta-al-por-menor\">\n<div class=\"is-display-block is-acf-field second-image wp-block-mfb-meta-field-block\"><div class=\"value\"><img decoding=\"async\" width=\"300\" height=\"300\" src=\"https:\/\/hyphen.archi\/app\/uploads\/2024\/02\/Sebastian-Doodles-300x300.jpg\" class=\"attachment-medium size-medium\" alt=\"Sebasti\u00e1n Ravinet\" \/><\/div><\/div>\n\n<figure style=\"aspect-ratio:1;\" class=\"featured-image wp-block-post-featured-image\"><a href=\"https:\/\/hyphen.archi\/es\/person\/sebastian-ravinet\/\" target=\"_self\"  ><img decoding=\"async\" width=\"1667\" height=\"1667\" src=\"https:\/\/hyphen.archi\/app\/uploads\/2023\/12\/Sebastian.jpg\" class=\"attachment-post-thumbnail size-post-thumbnail wp-post-image\" alt=\"Sebasti\u00e1n Ravinet\" style=\"width:100%;height:100%;object-fit:cover;\" srcset=\"https:\/\/hyphen.archi\/app\/uploads\/2023\/12\/Sebastian.jpg 1667w, https:\/\/hyphen.archi\/app\/uploads\/2023\/12\/Sebastian-300x300.jpg 300w, https:\/\/hyphen.archi\/app\/uploads\/2023\/12\/Sebastian-1024x1024.jpg 1024w, https:\/\/hyphen.archi\/app\/uploads\/2023\/12\/Sebastian-150x150.jpg 150w, https:\/\/hyphen.archi\/app\/uploads\/2023\/12\/Sebastian-768x768.jpg 768w, https:\/\/hyphen.archi\/app\/uploads\/2023\/12\/Sebastian-1536x1536.jpg 1536w\" sizes=\"(max-width: 1667px) 100vw, 1667px\" \/><\/a><\/figure>\n\n<h2 style=\"font-style:normal;font-weight:500; padding-top:0;padding-bottom:0;margin-top:0;margin-bottom:0;\" class=\"wp-block-post-title has-x-small-font-size\">Sebasti\u00e1n Ravinet<\/h2>\n\n<div style=\"padding-top:0;padding-bottom:0;margin-top:0;margin-bottom:0;\" class=\"wp-block-post-excerpt has-x-small-font-size\"><p class=\"wp-block-post-excerpt__excerpt\">Associate <\/p><\/div>\n<\/li><li class=\"wp-block-post post-9325 person type-person status-publish has-post-thumbnail hentry expertise-arquitectura expertise-sostenibilidad location-belgica location-francia location-paris-es location-suiza people-type-main sector-centros-de-datos-y-tecnologia sector-hosteleria sector-logistica-es sector-oficina sector-residencial-y-de-uso-mixto sector-venta-al-por-menor\">\n<div class=\"is-display-block is-acf-field second-image wp-block-mfb-meta-field-block\"><div class=\"value\"><img decoding=\"async\" width=\"300\" height=\"300\" src=\"https:\/\/hyphen.archi\/app\/uploads\/2023\/12\/Remi-Doodles-2-300x300.jpg\" class=\"attachment-medium size-medium\" alt=\"R\u00e9mi Pascal\" \/><\/div><\/div>\n\n<figure style=\"aspect-ratio:1;\" class=\"featured-image wp-block-post-featured-image\"><a href=\"https:\/\/hyphen.archi\/es\/person\/remi-pascal\/\" target=\"_self\"  ><img decoding=\"async\" width=\"1667\" height=\"1667\" src=\"https:\/\/hyphen.archi\/app\/uploads\/2023\/12\/Remi.jpg\" class=\"attachment-post-thumbnail size-post-thumbnail wp-post-image\" alt=\"R\u00e9mi Pascal\" style=\"width:100%;height:100%;object-fit:cover;\" srcset=\"https:\/\/hyphen.archi\/app\/uploads\/2023\/12\/Remi.jpg 1667w, https:\/\/hyphen.archi\/app\/uploads\/2023\/12\/Remi-300x300.jpg 300w, https:\/\/hyphen.archi\/app\/uploads\/2023\/12\/Remi-1024x1024.jpg 1024w, https:\/\/hyphen.archi\/app\/uploads\/2023\/12\/Remi-150x150.jpg 150w, https:\/\/hyphen.archi\/app\/uploads\/2023\/12\/Remi-768x768.jpg 768w, https:\/\/hyphen.archi\/app\/uploads\/2023\/12\/Remi-1536x1536.jpg 1536w\" sizes=\"(max-width: 1667px) 100vw, 1667px\" \/><\/a><\/figure>\n\n<h2 style=\"font-style:normal;font-weight:500; padding-top:0;padding-bottom:0;margin-top:0;margin-bottom:0;\" class=\"wp-block-post-title has-x-small-font-size\">R\u00e9mi Pascal<\/h2>\n\n<div style=\"padding-top:0;padding-bottom:0;margin-top:0;margin-bottom:0;\" class=\"wp-block-post-excerpt has-x-small-font-size\"><p class=\"wp-block-post-excerpt__excerpt\">Director <\/p><\/div>\n<\/li><li class=\"wp-block-post post-9300 person type-person status-publish has-post-thumbnail hentry expertise-arquitectura location-adelaide-es location-australia-es location-belgica location-escocia location-gales location-inglaterra location-irlanda-del-norte location-londres-es location-reino-unido location-suiza people-type-main sector-centros-de-datos-y-tecnologia sector-hosteleria sector-logistica-es sector-oficina sector-residencial-y-de-uso-mixto sector-venta-al-por-menor\">\n<div class=\"is-display-block is-acf-field second-image wp-block-mfb-meta-field-block\"><div class=\"value\"><img decoding=\"async\" width=\"300\" height=\"300\" src=\"https:\/\/hyphen.archi\/app\/uploads\/2024\/02\/Wayne-Doodles-300x300.jpg\" class=\"attachment-medium size-medium\" alt=\"Wayne Taylor\" \/><\/div><\/div>\n\n<figure style=\"aspect-ratio:1;\" class=\"featured-image wp-block-post-featured-image\"><a href=\"https:\/\/hyphen.archi\/es\/person\/wayne-taylor\/\" target=\"_self\"  ><img decoding=\"async\" width=\"1667\" height=\"1667\" src=\"https:\/\/hyphen.archi\/app\/uploads\/2023\/12\/Wayne.jpg\" class=\"attachment-post-thumbnail size-post-thumbnail wp-post-image\" alt=\"Wayne Taylor\" style=\"width:100%;height:100%;object-fit:cover;\" srcset=\"https:\/\/hyphen.archi\/app\/uploads\/2023\/12\/Wayne.jpg 1667w, https:\/\/hyphen.archi\/app\/uploads\/2023\/12\/Wayne-300x300.jpg 300w, https:\/\/hyphen.archi\/app\/uploads\/2023\/12\/Wayne-1024x1024.jpg 1024w, https:\/\/hyphen.archi\/app\/uploads\/2023\/12\/Wayne-150x150.jpg 150w, https:\/\/hyphen.archi\/app\/uploads\/2023\/12\/Wayne-768x768.jpg 768w, https:\/\/hyphen.archi\/app\/uploads\/2023\/12\/Wayne-1536x1536.jpg 1536w\" sizes=\"(max-width: 1667px) 100vw, 1667px\" \/><\/a><\/figure>\n\n<h2 style=\"font-style:normal;font-weight:500; padding-top:0;padding-bottom:0;margin-top:0;margin-bottom:0;\" class=\"wp-block-post-title has-x-small-font-size\">Wayne Taylor<\/h2>\n\n<div style=\"padding-top:0;padding-bottom:0;margin-top:0;margin-bottom:0;\" class=\"wp-block-post-excerpt has-x-small-font-size\"><p class=\"wp-block-post-excerpt__excerpt\">Director <\/p><\/div>\n<\/li><li class=\"wp-block-post post-9301 person type-person status-publish has-post-thumbnail hentry expertise-arquitectura location-belgica location-francia location-paris-es location-suiza people-type-main sector-centros-de-datos-y-tecnologia sector-hosteleria sector-logistica-es sector-oficina sector-residencial-y-de-uso-mixto sector-venta-al-por-menor\">\n<div class=\"is-display-block is-acf-field second-image wp-block-mfb-meta-field-block\"><div class=\"value\"><img decoding=\"async\" width=\"300\" height=\"300\" src=\"https:\/\/hyphen.archi\/app\/uploads\/2024\/02\/Xavier-Doodles-300x300.jpg\" class=\"attachment-medium size-medium\" alt=\"Xavier Manera\" \/><\/div><\/div>\n\n<figure style=\"aspect-ratio:1;\" class=\"featured-image wp-block-post-featured-image\"><a href=\"https:\/\/hyphen.archi\/es\/person\/xavier-manera\/\" target=\"_self\"  ><img decoding=\"async\" width=\"1667\" height=\"1667\" src=\"https:\/\/hyphen.archi\/app\/uploads\/2023\/12\/Xavier.jpg\" class=\"attachment-post-thumbnail size-post-thumbnail wp-post-image\" alt=\"Xavier Manera\" style=\"width:100%;height:100%;object-fit:cover;\" srcset=\"https:\/\/hyphen.archi\/app\/uploads\/2023\/12\/Xavier.jpg 1667w, https:\/\/hyphen.archi\/app\/uploads\/2023\/12\/Xavier-300x300.jpg 300w, https:\/\/hyphen.archi\/app\/uploads\/2023\/12\/Xavier-1024x1024.jpg 1024w, https:\/\/hyphen.archi\/app\/uploads\/2023\/12\/Xavier-150x150.jpg 150w, https:\/\/hyphen.archi\/app\/uploads\/2023\/12\/Xavier-768x768.jpg 768w, https:\/\/hyphen.archi\/app\/uploads\/2023\/12\/Xavier-1536x1536.jpg 1536w\" sizes=\"(max-width: 1667px) 100vw, 1667px\" \/><\/a><\/figure>\n\n<h2 style=\"font-style:normal;font-weight:500; padding-top:0;padding-bottom:0;margin-top:0;margin-bottom:0;\" class=\"wp-block-post-title has-x-small-font-size\">Xavier Manera<\/h2>\n\n<div style=\"padding-top:0;padding-bottom:0;margin-top:0;margin-bottom:0;\" class=\"wp-block-post-excerpt has-x-small-font-size\"><p class=\"wp-block-post-excerpt__excerpt\">Director <\/p><\/div>\n<\/li><\/ul>\n\n\n<p><a href=\"https:\/\/hyphen.archi\/person\/massimiliano-rubin\/\">Ponte en contacto <\/a><\/p>\n<\/div>\n<\/div>\n\n\n\n<div class=\"wp-block-column is-layout-flow wp-block-column-is-layout-flow\" style=\"flex-basis:25%\"><\/div>\n\n\n\n<div class=\"wp-block-column is-layout-flow wp-block-column-is-layout-flow\" style=\"padding-right:0;padding-left:0%;flex-basis:25%\"><ul class=\"post-side-nav wp-block-page-list has-small-font-size\"><li class=\"wp-block-pages-list__item\"><a class=\"wp-block-pages-list__item__link\" href=\"https:\/\/hyphen.archi\/es\/sectores\/centros-de-datos-y-tecnologia\/\">Data center y tecnolog\u00eda<\/a><\/li><li class=\"wp-block-pages-list__item\"><a class=\"wp-block-pages-list__item__link\" href=\"https:\/\/hyphen.archi\/es\/sectores\/venta-al-por-menor\/\">Venta al por menor<\/a><\/li><li class=\"wp-block-pages-list__item\"><a class=\"wp-block-pages-list__item__link\" href=\"https:\/\/hyphen.archi\/es\/sectores\/logistica\/\">Log\u00edstica<\/a><\/li><li class=\"wp-block-pages-list__item\"><a class=\"wp-block-pages-list__item__link\" href=\"https:\/\/hyphen.archi\/es\/sectores\/oficinas\/\">Oficinas<\/a><\/li><li class=\"wp-block-pages-list__item\"><a class=\"wp-block-pages-list__item__link\" href=\"https:\/\/hyphen.archi\/es\/sectores\/hosteleria\/\">Hosteler\u00eda<\/a><\/li><li class=\"wp-block-pages-list__item\"><a class=\"wp-block-pages-list__item__link\" href=\"https:\/\/hyphen.archi\/es\/sectores\/residencial-y-de-uso-mixto\/\">Residencial y de uso mixto<\/a><\/li><\/ul><\/div>\n<\/div>\n\n\n\n<div class=\"wp-block-group has-tertiary-background-color has-background is-layout-flow wp-block-group-is-layout-flow\" style=\"margin-top:var(--wp--preset--spacing--40);padding-top:var(--wp--preset--spacing--40);padding-right:var(--wp--preset--spacing--40);padding-bottom:var(--wp--preset--spacing--40);padding-left:var(--wp--preset--spacing--40)\">\n<h2 class=\"wp-block-heading has-large-font-size\" style=\"margin-bottom:var(--wp--preset--spacing--40)\">Contenido relacionado<\/h2>\n\n\n\n<div id=\"related\" class=\"wp-block-group is-layout-flow wp-block-group-is-layout-flow\" style=\"padding-top:0;padding-right:0;padding-bottom:var(--wp--preset--spacing--30);padding-left:0\">\n<div class=\"wp-block-query ghub-query-id-14 is-layout-flow ghub-query-id-14-is-layout-flow cbb-query-1-1\"><ul id=\"14\" class=\"wp-block-post-template is-layout-flow wp-block-post-template-is-layout-flow\"><li class=\"wp-block-post post-8872 portfolio type-portfolio status-publish has-post-thumbnail hentry expertise-arquitecto-ejecutivo expertise-arquitectura expertise-gestion-de-proyectos expertise-interiorismo expertise-mep-es location-alemania location-belfast-es location-belgica location-berlin-es location-escocia location-espana location-francia location-inglaterra location-irlanda-es location-irlanda-del-norte location-italia-es location-londres-es location-madrid-es location-milan-es location-paises-bajos location-paris-es location-reino-unido sector-oficina sector-venta-al-por-menor\">\n\n<div class=\"wp-block-boldblocks-group cbb-block is-layout-flow wp-block-boldblocks-group-is-layout-flow cbb-1-1 sm-cbb-aspect-ratio cbb-layout-grid sm-cbb-v-align bb:has-overlay bb:has-background bb:has-background--image\" style=\"padding-top:0;padding-right:var(--wp--preset--spacing--30);padding-bottom:0;padding-left:var(--wp--preset--spacing--30)\"><div class=\"bb:block-background bb:block-background--image cbb-bg-image\" style=\"background-image:url(https:\/\/hyphen.archi\/app\/uploads\/2024\/01\/image003-1-e1704372161101.jpg);background-position:50% 50%;background-repeat:no-repeat;background-size:cover;\"   data-src=\"https:\/\/hyphen.archi\/app\/uploads\/2024\/01\/image003-1-e1704372161101.jpg\" data-width=\"1440\" data-height=\"719\"><\/div><div aria-hidden=\"true\" class=\"bb:block-overlay\" style=\"background:var(--wp--preset--color--contrast, #000000);opacity:0.3;\"><\/div><a class=\"bb:link-to-post\" href=\"https:\/\/hyphen.archi\/es\/portfolio\/abercrombie-fitch\/\" aria-label=\"Abercrombie &#038; Fitch\" rel=\"permalink\"><\/a><h2 style=\"font-style:normal;font-weight:500;line-height:1; padding-top:0;padding-bottom:0;margin-bottom:var(--wp--preset--spacing--30);\" class=\"has-link-color with-arrow wp-elements-cddc8c8c55571caa1892de1356394a9d wp-block-post-title has-text-color has-base-color has-medium-font-size\">Abercrombie &#038; Fitch<\/h2><\/div>\n\n<\/li><li class=\"wp-block-post post-8993 portfolio type-portfolio status-publish has-post-thumbnail hentry expertise-arquitecto-ejecutivo expertise-arquitectura location-inglaterra location-londres-es sector-oficina\">\n\n<div class=\"wp-block-boldblocks-group cbb-block is-layout-flow wp-block-boldblocks-group-is-layout-flow cbb-1-1 sm-cbb-aspect-ratio cbb-layout-grid sm-cbb-v-align bb:has-overlay bb:has-background bb:has-background--image\" style=\"padding-top:0;padding-right:var(--wp--preset--spacing--30);padding-bottom:0;padding-left:var(--wp--preset--spacing--30)\"><div class=\"bb:block-background bb:block-background--image cbb-bg-image\" style=\"background-image:url(https:\/\/hyphen.archi\/app\/uploads\/2024\/02\/Alexander-McQueen_23012019.jpg);background-position:50% 50%;background-repeat:no-repeat;background-size:cover;\"   data-src=\"https:\/\/hyphen.archi\/app\/uploads\/2024\/02\/Alexander-McQueen_23012019.jpg\" data-width=\"1477\" data-height=\"997\"><\/div><div aria-hidden=\"true\" class=\"bb:block-overlay\" style=\"background:var(--wp--preset--color--contrast, #000000);opacity:0.3;\"><\/div><a class=\"bb:link-to-post\" href=\"https:\/\/hyphen.archi\/es\/portfolio\/alexander-mcqueen-hq\/\" aria-label=\"Alexander McQueen HQ\" rel=\"permalink\"><\/a><h2 style=\"font-style:normal;font-weight:500;line-height:1; padding-top:0;padding-bottom:0;margin-bottom:var(--wp--preset--spacing--30);\" class=\"has-link-color with-arrow wp-elements-cddc8c8c55571caa1892de1356394a9d wp-block-post-title has-text-color has-base-color has-medium-font-size\">Alexander McQueen HQ<\/h2><\/div>\n\n<\/li><li class=\"wp-block-post post-9014 portfolio type-portfolio status-publish has-post-thumbnail hentry expertise-arquitecto-ejecutivo expertise-arquitectura location-francia sector-oficina sector-residencial-y-de-uso-mixto\">\n\n<div class=\"wp-block-boldblocks-group cbb-block is-layout-flow wp-block-boldblocks-group-is-layout-flow cbb-1-1 sm-cbb-aspect-ratio cbb-layout-grid sm-cbb-v-align bb:has-overlay bb:has-background bb:has-background--image\" style=\"padding-top:0;padding-right:var(--wp--preset--spacing--30);padding-bottom:0;padding-left:var(--wp--preset--spacing--30)\"><div class=\"bb:block-background bb:block-background--image cbb-bg-image\" style=\"background-image:url(https:\/\/hyphen.archi\/app\/uploads\/2024\/02\/Antareal_07062018.jpg);background-position:50% 50%;background-repeat:no-repeat;background-size:cover;\"   data-src=\"https:\/\/hyphen.archi\/app\/uploads\/2024\/02\/Antareal_07062018.jpg\" data-width=\"1485\" data-height=\"1013\"><\/div><div aria-hidden=\"true\" class=\"bb:block-overlay\" style=\"background:var(--wp--preset--color--contrast, #000000);opacity:0.3;\"><\/div><a class=\"bb:link-to-post\" href=\"https:\/\/hyphen.archi\/es\/portfolio\/antareal\/\" aria-label=\"Antareal\" rel=\"permalink\"><\/a><h2 style=\"font-style:normal;font-weight:500;line-height:1; padding-top:0;padding-bottom:0;margin-bottom:var(--wp--preset--spacing--30);\" class=\"has-link-color with-arrow wp-elements-cddc8c8c55571caa1892de1356394a9d wp-block-post-title has-text-color has-base-color has-medium-font-size\">Antareal<\/h2><\/div>\n\n<\/li><\/ul>\n\n<\/div>\n\n\n\n<p><a href=\"https:\/\/hyphen.archi\/es\/cartera\/?sector=office&amp;qid=1\" data-type=\"link\" data-id=\"http:\/\/hyphen.archi\/architect-portfolio\/?sector=office&amp;qid=1\" target=\"_blank\" rel=\"noreferrer noopener\">Ver todo<\/a><\/p>\n<\/div>\n\n\n<\/div>\n<\/div>\n","protected":false},"excerpt":{"rendered":"<p>Trabajamos en estrecha colaboraci\u00f3n con clientes comerciales para crear espacios de trabajo flexibles con personalidad y prop\u00f3sito. Tanto si necesitas un despliegue regional de espacios de co-working, como una sede mundial, estamos aqu\u00ed para ayudarte.<\/p>\n","protected":false},"author":1,"featured_media":3116,"parent":7254,"menu_order":3,"comment_status":"closed","ping_status":"closed","template":"page-epic","meta":{"_acf_changed":false,"CBBTypography":[],"footnotes":""},"expertise":[],"location":[],"sector":[],"class_list":["post-7233","page","type-page","status-publish","has-post-thumbnail","hentry"],"acf":[],"mb":[],"yoast_head":"<!-- This site is optimized with the Yoast SEO Premium plugin v25.9 (Yoast SEO v27.4) - https:\/\/yoast.com\/product\/yoast-seo-premium-wordpress\/ -->\n<title>Oficinas - Hyphen<\/title>\n<meta name=\"robots\" content=\"index, follow, max-snippet:-1, max-image-preview:large, max-video-preview:-1\" \/>\n<link rel=\"canonical\" href=\"https:\/\/hyphen.archi\/es\/sectores\/oficinas\/\" \/>\n<meta property=\"og:locale\" content=\"es_ES\" \/>\n<meta property=\"og:type\" content=\"article\" \/>\n<meta property=\"og:title\" content=\"Oficinas\" \/>\n<meta property=\"og:description\" content=\"Trabajamos en estrecha colaboraci\u00f3n con clientes comerciales para crear espacios de trabajo flexibles con personalidad y prop\u00f3sito. Tanto si necesitas un despliegue regional de espacios de co-working, como una sede mundial, estamos aqu\u00ed para ayudarte.\" \/>\n<meta property=\"og:url\" content=\"https:\/\/hyphen.archi\/es\/sectores\/oficinas\/\" \/>\n<meta property=\"og:site_name\" content=\"Hyphen\" \/>\n<meta property=\"article:modified_time\" content=\"2024-07-24T09:55:53+00:00\" \/>\n<meta property=\"og:image\" content=\"http:\/\/hyphen.archi\/app\/uploads\/2023\/12\/Offices.jpg\" \/>\n\t<meta property=\"og:image:width\" content=\"1920\" \/>\n\t<meta property=\"og:image:height\" content=\"1240\" \/>\n\t<meta property=\"og:image:type\" content=\"image\/jpeg\" \/>\n<meta name=\"twitter:card\" content=\"summary_large_image\" \/>\n<meta name=\"twitter:label1\" content=\"Est. reading time\" \/>\n\t<meta name=\"twitter:data1\" content=\"1 minute\" \/>\n<script type=\"application\/ld+json\" class=\"yoast-schema-graph\">{\"@context\":\"https:\\\/\\\/schema.org\",\"@graph\":[{\"@type\":\"WebPage\",\"@id\":\"https:\\\/\\\/hyphen.archi\\\/es\\\/sectores\\\/oficinas\\\/\",\"url\":\"https:\\\/\\\/hyphen.archi\\\/es\\\/sectores\\\/oficinas\\\/\",\"name\":\"Oficinas - Hyphen\",\"isPartOf\":{\"@id\":\"https:\\\/\\\/hyphen.archi\\\/es\\\/#website\"},\"primaryImageOfPage\":{\"@id\":\"https:\\\/\\\/hyphen.archi\\\/es\\\/sectores\\\/oficinas\\\/#primaryimage\"},\"image\":{\"@id\":\"https:\\\/\\\/hyphen.archi\\\/es\\\/sectores\\\/oficinas\\\/#primaryimage\"},\"thumbnailUrl\":\"https:\\\/\\\/hyphen.archi\\\/app\\\/uploads\\\/2023\\\/12\\\/Offices.jpg\",\"datePublished\":\"2023-11-08T15:54:04+00:00\",\"dateModified\":\"2024-07-24T09:55:53+00:00\",\"breadcrumb\":{\"@id\":\"https:\\\/\\\/hyphen.archi\\\/es\\\/sectores\\\/oficinas\\\/#breadcrumb\"},\"inLanguage\":\"es-ES\",\"potentialAction\":[{\"@type\":\"ReadAction\",\"target\":[\"https:\\\/\\\/hyphen.archi\\\/es\\\/sectores\\\/oficinas\\\/\"]}]},{\"@type\":\"ImageObject\",\"inLanguage\":\"es-ES\",\"@id\":\"https:\\\/\\\/hyphen.archi\\\/es\\\/sectores\\\/oficinas\\\/#primaryimage\",\"url\":\"https:\\\/\\\/hyphen.archi\\\/app\\\/uploads\\\/2023\\\/12\\\/Offices.jpg\",\"contentUrl\":\"https:\\\/\\\/hyphen.archi\\\/app\\\/uploads\\\/2023\\\/12\\\/Offices.jpg\",\"width\":1920,\"height\":1240,\"caption\":\"modern office area with open plan desks, exposed pipework and people working\"},{\"@type\":\"BreadcrumbList\",\"@id\":\"https:\\\/\\\/hyphen.archi\\\/es\\\/sectores\\\/oficinas\\\/#breadcrumb\",\"itemListElement\":[{\"@type\":\"ListItem\",\"position\":1,\"name\":\"Home\",\"item\":\"https:\\\/\\\/hyphen.archi\\\/es\\\/\"},{\"@type\":\"ListItem\",\"position\":2,\"name\":\"Sectores\",\"item\":\"https:\\\/\\\/hyphen.archi\\\/es\\\/sectores\\\/\"},{\"@type\":\"ListItem\",\"position\":3,\"name\":\"Oficinas\"}]},{\"@type\":\"WebSite\",\"@id\":\"https:\\\/\\\/hyphen.archi\\\/es\\\/#website\",\"url\":\"https:\\\/\\\/hyphen.archi\\\/es\\\/\",\"name\":\"Hyphen\",\"description\":\"International Architecture Firm\",\"publisher\":{\"@id\":\"https:\\\/\\\/hyphen.archi\\\/es\\\/#organization\"},\"potentialAction\":[{\"@type\":\"SearchAction\",\"target\":{\"@type\":\"EntryPoint\",\"urlTemplate\":\"https:\\\/\\\/hyphen.archi\\\/es\\\/?s={search_term_string}\"},\"query-input\":{\"@type\":\"PropertyValueSpecification\",\"valueRequired\":true,\"valueName\":\"search_term_string\"}}],\"inLanguage\":\"es-ES\"},{\"@type\":\"Organization\",\"@id\":\"https:\\\/\\\/hyphen.archi\\\/es\\\/#organization\",\"name\":\"Hyphen\",\"url\":\"https:\\\/\\\/hyphen.archi\\\/es\\\/\",\"logo\":{\"@type\":\"ImageObject\",\"inLanguage\":\"es-ES\",\"@id\":\"https:\\\/\\\/hyphen.archi\\\/es\\\/#\\\/schema\\\/logo\\\/image\\\/\",\"url\":\"https:\\\/\\\/hyphen.archi\\\/app\\\/uploads\\\/2024\\\/03\\\/Favicon-no_BG.png\",\"contentUrl\":\"https:\\\/\\\/hyphen.archi\\\/app\\\/uploads\\\/2024\\\/03\\\/Favicon-no_BG.png\",\"width\":792,\"height\":793,\"caption\":\"Hyphen\"},\"image\":{\"@id\":\"https:\\\/\\\/hyphen.archi\\\/es\\\/#\\\/schema\\\/logo\\\/image\\\/\"},\"sameAs\":[\"https:\\\/\\\/www.linkedin.com\\\/company\\\/hyphen.archi\\\/\",\"https:\\\/\\\/www.instagram.com\\\/hyphen_archi\\\/\"]}]}<\/script>\n<!-- \/ Yoast SEO Premium plugin. -->","yoast_head_json":{"title":"Oficinas - Hyphen","robots":{"index":"index","follow":"follow","max-snippet":"max-snippet:-1","max-image-preview":"max-image-preview:large","max-video-preview":"max-video-preview:-1"},"canonical":"https:\/\/hyphen.archi\/es\/sectores\/oficinas\/","og_locale":"es_ES","og_type":"article","og_title":"Oficinas","og_description":"Trabajamos en estrecha colaboraci\u00f3n con clientes comerciales para crear espacios de trabajo flexibles con personalidad y prop\u00f3sito. Tanto si necesitas un despliegue regional de espacios de co-working, como una sede mundial, estamos aqu\u00ed para ayudarte.","og_url":"https:\/\/hyphen.archi\/es\/sectores\/oficinas\/","og_site_name":"Hyphen","article_modified_time":"2024-07-24T09:55:53+00:00","og_image":[{"width":1920,"height":1240,"url":"http:\/\/hyphen.archi\/app\/uploads\/2023\/12\/Offices.jpg","type":"image\/jpeg"}],"twitter_card":"summary_large_image","twitter_misc":{"Est. reading time":"1 minute"},"schema":{"@context":"https:\/\/schema.org","@graph":[{"@type":"WebPage","@id":"https:\/\/hyphen.archi\/es\/sectores\/oficinas\/","url":"https:\/\/hyphen.archi\/es\/sectores\/oficinas\/","name":"Oficinas - Hyphen","isPartOf":{"@id":"https:\/\/hyphen.archi\/es\/#website"},"primaryImageOfPage":{"@id":"https:\/\/hyphen.archi\/es\/sectores\/oficinas\/#primaryimage"},"image":{"@id":"https:\/\/hyphen.archi\/es\/sectores\/oficinas\/#primaryimage"},"thumbnailUrl":"https:\/\/hyphen.archi\/app\/uploads\/2023\/12\/Offices.jpg","datePublished":"2023-11-08T15:54:04+00:00","dateModified":"2024-07-24T09:55:53+00:00","breadcrumb":{"@id":"https:\/\/hyphen.archi\/es\/sectores\/oficinas\/#breadcrumb"},"inLanguage":"es-ES","potentialAction":[{"@type":"ReadAction","target":["https:\/\/hyphen.archi\/es\/sectores\/oficinas\/"]}]},{"@type":"ImageObject","inLanguage":"es-ES","@id":"https:\/\/hyphen.archi\/es\/sectores\/oficinas\/#primaryimage","url":"https:\/\/hyphen.archi\/app\/uploads\/2023\/12\/Offices.jpg","contentUrl":"https:\/\/hyphen.archi\/app\/uploads\/2023\/12\/Offices.jpg","width":1920,"height":1240,"caption":"modern office area with open plan desks, exposed pipework and people working"},{"@type":"BreadcrumbList","@id":"https:\/\/hyphen.archi\/es\/sectores\/oficinas\/#breadcrumb","itemListElement":[{"@type":"ListItem","position":1,"name":"Home","item":"https:\/\/hyphen.archi\/es\/"},{"@type":"ListItem","position":2,"name":"Sectores","item":"https:\/\/hyphen.archi\/es\/sectores\/"},{"@type":"ListItem","position":3,"name":"Oficinas"}]},{"@type":"WebSite","@id":"https:\/\/hyphen.archi\/es\/#website","url":"https:\/\/hyphen.archi\/es\/","name":"Hyphen","description":"International Architecture Firm","publisher":{"@id":"https:\/\/hyphen.archi\/es\/#organization"},"potentialAction":[{"@type":"SearchAction","target":{"@type":"EntryPoint","urlTemplate":"https:\/\/hyphen.archi\/es\/?s={search_term_string}"},"query-input":{"@type":"PropertyValueSpecification","valueRequired":true,"valueName":"search_term_string"}}],"inLanguage":"es-ES"},{"@type":"Organization","@id":"https:\/\/hyphen.archi\/es\/#organization","name":"Hyphen","url":"https:\/\/hyphen.archi\/es\/","logo":{"@type":"ImageObject","inLanguage":"es-ES","@id":"https:\/\/hyphen.archi\/es\/#\/schema\/logo\/image\/","url":"https:\/\/hyphen.archi\/app\/uploads\/2024\/03\/Favicon-no_BG.png","contentUrl":"https:\/\/hyphen.archi\/app\/uploads\/2024\/03\/Favicon-no_BG.png","width":792,"height":793,"caption":"Hyphen"},"image":{"@id":"https:\/\/hyphen.archi\/es\/#\/schema\/logo\/image\/"},"sameAs":["https:\/\/www.linkedin.com\/company\/hyphen.archi\/","https:\/\/www.instagram.com\/hyphen_archi\/"]}]}},"mfb_rest_fields":["title","yoast_head","yoast_head_json"],"_links":{"self":[{"href":"https:\/\/hyphen.archi\/es\/wp-json\/wp\/v2\/pages\/7233","targetHints":{"allow":["GET"]}}],"collection":[{"href":"https:\/\/hyphen.archi\/es\/wp-json\/wp\/v2\/pages"}],"about":[{"href":"https:\/\/hyphen.archi\/es\/wp-json\/wp\/v2\/types\/page"}],"author":[{"embeddable":true,"href":"https:\/\/hyphen.archi\/es\/wp-json\/wp\/v2\/users\/1"}],"replies":[{"embeddable":true,"href":"https:\/\/hyphen.archi\/es\/wp-json\/wp\/v2\/comments?post=7233"}],"version-history":[{"count":9,"href":"https:\/\/hyphen.archi\/es\/wp-json\/wp\/v2\/pages\/7233\/revisions"}],"predecessor-version":[{"id":12573,"href":"https:\/\/hyphen.archi\/es\/wp-json\/wp\/v2\/pages\/7233\/revisions\/12573"}],"up":[{"embeddable":true,"href":"https:\/\/hyphen.archi\/es\/wp-json\/wp\/v2\/pages\/7254"}],"wp:featuredmedia":[{"embeddable":true,"href":"https:\/\/hyphen.archi\/es\/wp-json\/wp\/v2\/media\/3116"}],"wp:attachment":[{"href":"https:\/\/hyphen.archi\/es\/wp-json\/wp\/v2\/media?parent=7233"}],"wp:term":[{"taxonomy":"expertise","embeddable":true,"href":"https:\/\/hyphen.archi\/es\/wp-json\/wp\/v2\/expertise?post=7233"},{"taxonomy":"location","embeddable":true,"href":"https:\/\/hyphen.archi\/es\/wp-json\/wp\/v2\/location?post=7233"},{"taxonomy":"sector","embeddable":true,"href":"https:\/\/hyphen.archi\/es\/wp-json\/wp\/v2\/sector?post=7233"}],"curies":[{"name":"wp","href":"https:\/\/api.w.org\/{rel}","templated":true}]}}