
{"id":8365,"date":"2024-02-06T15:43:02","date_gmt":"2024-02-06T15:43:02","guid":{"rendered":"http:\/\/hyphen.archi\/berlin\/"},"modified":"2024-04-30T10:05:17","modified_gmt":"2024-04-30T10:05:17","slug":"berlin","status":"publish","type":"page","link":"https:\/\/hyphen.archi\/es\/carreras-profesionales\/berlin\/","title":{"rendered":"Berl\u00edn"},"content":{"rendered":"\n<div class=\"wp-block-group is-layout-flow wp-block-group-is-layout-flow\" style=\"padding-top:var(--wp--preset--spacing--40);padding-right:var(--wp--preset--spacing--40);padding-bottom:var(--wp--preset--spacing--40);padding-left:var(--wp--preset--spacing--40)\">\n<div class=\"wp-block-columns is-layout-flex wp-container-core-columns-is-layout-658170e2 wp-block-columns-is-layout-flex\">\n<div class=\"wp-block-column is-layout-flow wp-block-column-is-layout-flow\" style=\"flex-basis:40%\">\n<p class=\"has-large-font-size\">Abrimos nuestra oficina de Berl\u00edn en 1992. Nuestra oficina se encuentra en una f\u00e1brica de cerveza reconvertida, en el barrio de moda de Mitte, el m\u00e1s c\u00e9ntrico de Berl\u00edn.<\/p>\n<\/div>\n\n\n\n<div class=\"wp-block-column is-layout-flow wp-block-column-is-layout-flow\"><\/div>\n<\/div>\n<\/div>\n\n<!--more-->\n\n<div class=\"wp-block-group has-global-padding is-layout-constrained wp-container-core-group-is-layout-33c2c85a wp-block-group-is-layout-constrained\" style=\"padding-top:var(--wp--preset--spacing--50);padding-bottom:var(--wp--preset--spacing--50)\">\n<p>En la actualidad, el equipo est\u00e1 dirigido por los directores <a href=\"https:\/\/hyphen.archi\/es\/person\/leo-faoro\/\" data-type=\"person\" data-id=\"1248\" target=\"_blank\" rel=\"noreferrer noopener\">Leo Faoro<\/a> y <a href=\"https:\/\/hyphen.archi\/es\/person\/olaf-groger\/\" data-type=\"person\" data-id=\"1828\" target=\"_blank\" rel=\"noreferrer noopener\">Olaf Gr\u00f6ger<\/a>, y los asociados <a href=\"https:\/\/hyphen.archi\/es\/person\/arlin-tragler\/\" data-type=\"person\" data-id=\"1812\" target=\"_blank\" rel=\"noreferrer noopener\">Arlin Tr\u00e4gler<\/a>, <a href=\"https:\/\/hyphen.archi\/es\/person\/doreen-homann\/\" data-type=\"person\" data-id=\"1820\" target=\"_blank\" rel=\"noreferrer noopener\">Doreen Homann<\/a> y <a href=\"https:\/\/hyphen.archi\/es\/person\/franziska-gensichen\/\" data-type=\"person\" data-id=\"1822\">Franziska Gensichen<\/a>. Nuestro amable equipo berlin\u00e9s est\u00e1 formado por personas de diversos or\u00edgenes, incluidas muchas nacionalidades distintas y conocimientos especializados en tecnolog\u00edas arquitect\u00f3nicas, desarrollo empresarial, administraci\u00f3n y dise\u00f1o.<\/p>\n\n\n\n<p><br\/>Desde Berl\u00edn trabajamos en toda Alemania, as\u00ed como en Austria y la Suiza de habla alemana (pa\u00edses DACH). Tambi\u00e9n colaboramos con otros equipos de Hyphen en las implantaciones en EMEA para nuestros clientes del sector minorista y hostelero, con proyectos en todo el mundo.<\/p>\n\n\n\n<p><br\/>El equipo tambi\u00e9n tiene una gran experiencia en log\u00edstica, con proyectos a hiperescala gestionados mediante BIM.<br\/>El equipo disfruta de un activo calendario social, que incluy\u00f3 una fiesta en barco para el equipo en 2021 y un paseo en bicicleta por relevos en 2017 desde Winchester hasta Berl\u00edn, con motivo del 25 aniversario de la oficina.<\/p>\n\n\n\n<p>Mira la historia de Guillermo para saber m\u00e1s sobre el trabajo de arquitecto en nuestra oficina de Berl\u00edn:<\/p>\n\n\n\n<figure class=\"wp-block-video\"><\/figure>\n<\/div>\n\n<div class=\"wp-block-group has-global-padding is-layout-constrained wp-container-core-group-is-layout-e6bcf03e wp-block-group-is-layout-constrained\" style=\"padding-top:var(--wp--preset--spacing--40);padding-right:var(--wp--preset--spacing--40);padding-bottom:var(--wp--preset--spacing--40);padding-left:var(--wp--preset--spacing--40)\">\n<h2 class=\"wp-block-heading has-text-align-center has-x-large-font-size\" style=\"font-style:normal;font-weight:500\">Oportunidades actuales<\/h2>\n\n\n\n<div id=\"careers\" class=\"wp-block-group is-layout-flow wp-block-group-is-layout-flow\">\n<div class=\"wp-block-query ghub-query-id-6 is-layout-flow ghub-query-id-6-is-layout-flow cbb-query-0-1\"><ul id=\"6\" class=\"wp-block-post-template is-layout-flow wp-container-core-post-template-is-layout-3ee800f6 wp-block-post-template-is-layout-flow\"><li class=\"wp-block-post post-11767 job type-job status-publish has-post-thumbnail hentry location-alemania location-berlin-es\">\n\n<div class=\"wp-block-group has-base-color has-contrast-background-color has-text-color has-background is-vertical is-content-justification-stretch is-layout-flex wp-container-core-group-is-layout-e4cb8d06 wp-block-group-is-layout-flex\" style=\"min-height:100%;padding-top:var(--wp--preset--spacing--30);padding-right:var(--wp--preset--spacing--30);padding-bottom:var(--wp--preset--spacing--30);padding-left:var(--wp--preset--spacing--30)\"><h2 class=\"has-link-color wp-elements-fe73515fc65ac52225c93fadad67438d wp-block-post-title has-large-font-size\"><a href=\"https:\/\/hyphen.archi\/es\/job\/architektin-projektleiterin\/\" target=\"_self\" >Architekt*in \/ projektleiter*in<\/a><\/h2>\n\n<div style=\"font-style:normal;font-weight:500;margin-top:var(--wp--preset--spacing--40)\" class=\"taxonomy-location has-link-color disabled-link wp-elements-93256dfad749bcc9e32fe77a965ed87e wp-block-post-terms has-x-small-font-size\"><a href=\"https:\/\/hyphen.archi\/es\/location\/alemania\/\" rel=\"tag\">Alemania<\/a><span class=\"wp-block-post-terms__separator\">, <\/span><a href=\"https:\/\/hyphen.archi\/es\/location\/berlin-es\/\" rel=\"tag\">Berl\u00edn<\/a><\/div><\/div>\n\n<\/li><\/ul>\n\n<\/div>\n<\/div>\n<\/div>\n","protected":false},"excerpt":{"rendered":"<p>Abrimos nuestra oficina de Berl\u00edn en 1992. Nuestra oficina se encuentra en una f\u00e1brica de cerveza reconvertida, en el barrio de moda de Mitte, el m\u00e1s c\u00e9ntrico de Berl\u00edn.<\/p>\n","protected":false},"author":1,"featured_media":7886,"parent":8530,"menu_order":0,"comment_status":"closed","ping_status":"closed","template":"template-location","meta":{"_acf_changed":false,"CBBTypography":[],"footnotes":""},"expertise":[],"location":[],"sector":[],"class_list":["post-8365","page","type-page","status-publish","has-post-thumbnail","hentry"],"acf":[],"mb":[],"yoast_head":"<!-- This site is optimized with the Yoast SEO Premium plugin v25.9 (Yoast SEO v27.4) - https:\/\/yoast.com\/product\/yoast-seo-premium-wordpress\/ -->\n<title>Berl\u00edn - Hyphen<\/title>\n<meta name=\"robots\" content=\"index, follow, max-snippet:-1, max-image-preview:large, max-video-preview:-1\" \/>\n<link rel=\"canonical\" href=\"https:\/\/hyphen.archi\/es\/carreras-profesionales\/berlin\/\" \/>\n<meta property=\"og:locale\" content=\"es_ES\" \/>\n<meta property=\"og:type\" content=\"article\" \/>\n<meta property=\"og:title\" content=\"Berl\u00edn\" \/>\n<meta property=\"og:description\" content=\"Abrimos nuestra oficina de Berl\u00edn en 1992. Nuestra oficina se encuentra en una f\u00e1brica de cerveza reconvertida, en el barrio de moda de Mitte, el m\u00e1s c\u00e9ntrico de Berl\u00edn.\" \/>\n<meta property=\"og:url\" content=\"https:\/\/hyphen.archi\/es\/carreras-profesionales\/berlin\/\" \/>\n<meta property=\"og:site_name\" content=\"Hyphen\" \/>\n<meta property=\"article:modified_time\" content=\"2024-04-30T10:05:17+00:00\" \/>\n<meta property=\"og:image\" content=\"https:\/\/hyphen.archi\/app\/uploads\/2023\/12\/Berlin-800x800px-1024x1024.png\" \/>\n\t<meta property=\"og:image:width\" content=\"1024\" \/>\n\t<meta property=\"og:image:height\" content=\"1024\" \/>\n\t<meta property=\"og:image:type\" content=\"image\/png\" \/>\n<meta name=\"twitter:card\" content=\"summary_large_image\" \/>\n<meta name=\"twitter:label1\" content=\"Est. reading time\" \/>\n\t<meta name=\"twitter:data1\" content=\"1 minute\" \/>\n<script type=\"application\/ld+json\" class=\"yoast-schema-graph\">{\"@context\":\"https:\\\/\\\/schema.org\",\"@graph\":[{\"@type\":\"WebPage\",\"@id\":\"https:\\\/\\\/hyphen.archi\\\/es\\\/carreras-profesionales\\\/berlin\\\/\",\"url\":\"https:\\\/\\\/hyphen.archi\\\/es\\\/carreras-profesionales\\\/berlin\\\/\",\"name\":\"Berl\u00edn - Hyphen\",\"isPartOf\":{\"@id\":\"https:\\\/\\\/hyphen.archi\\\/es\\\/#website\"},\"primaryImageOfPage\":{\"@id\":\"https:\\\/\\\/hyphen.archi\\\/es\\\/carreras-profesionales\\\/berlin\\\/#primaryimage\"},\"image\":{\"@id\":\"https:\\\/\\\/hyphen.archi\\\/es\\\/carreras-profesionales\\\/berlin\\\/#primaryimage\"},\"thumbnailUrl\":\"https:\\\/\\\/hyphen.archi\\\/app\\\/uploads\\\/2023\\\/12\\\/Berlin-800x800px.png\",\"datePublished\":\"2024-02-06T15:43:02+00:00\",\"dateModified\":\"2024-04-30T10:05:17+00:00\",\"breadcrumb\":{\"@id\":\"https:\\\/\\\/hyphen.archi\\\/es\\\/carreras-profesionales\\\/berlin\\\/#breadcrumb\"},\"inLanguage\":\"es-ES\",\"potentialAction\":[{\"@type\":\"ReadAction\",\"target\":[\"https:\\\/\\\/hyphen.archi\\\/es\\\/carreras-profesionales\\\/berlin\\\/\"]}]},{\"@type\":\"ImageObject\",\"inLanguage\":\"es-ES\",\"@id\":\"https:\\\/\\\/hyphen.archi\\\/es\\\/carreras-profesionales\\\/berlin\\\/#primaryimage\",\"url\":\"https:\\\/\\\/hyphen.archi\\\/app\\\/uploads\\\/2023\\\/12\\\/Berlin-800x800px.png\",\"contentUrl\":\"https:\\\/\\\/hyphen.archi\\\/app\\\/uploads\\\/2023\\\/12\\\/Berlin-800x800px.png\",\"width\":1920,\"height\":1920,\"caption\":\"Collage of architecture, cityscapes, and people arranged in the shape of Berlin.\"},{\"@type\":\"BreadcrumbList\",\"@id\":\"https:\\\/\\\/hyphen.archi\\\/es\\\/carreras-profesionales\\\/berlin\\\/#breadcrumb\",\"itemListElement\":[{\"@type\":\"ListItem\",\"position\":1,\"name\":\"Home\",\"item\":\"https:\\\/\\\/hyphen.archi\\\/es\\\/\"},{\"@type\":\"ListItem\",\"position\":2,\"name\":\"Empleo\",\"item\":\"https:\\\/\\\/hyphen.archi\\\/es\\\/carreras-profesionales\\\/\"},{\"@type\":\"ListItem\",\"position\":3,\"name\":\"Berl\u00edn\"}]},{\"@type\":\"WebSite\",\"@id\":\"https:\\\/\\\/hyphen.archi\\\/es\\\/#website\",\"url\":\"https:\\\/\\\/hyphen.archi\\\/es\\\/\",\"name\":\"Hyphen\",\"description\":\"International Architecture Firm\",\"publisher\":{\"@id\":\"https:\\\/\\\/hyphen.archi\\\/es\\\/#organization\"},\"potentialAction\":[{\"@type\":\"SearchAction\",\"target\":{\"@type\":\"EntryPoint\",\"urlTemplate\":\"https:\\\/\\\/hyphen.archi\\\/es\\\/?s={search_term_string}\"},\"query-input\":{\"@type\":\"PropertyValueSpecification\",\"valueRequired\":true,\"valueName\":\"search_term_string\"}}],\"inLanguage\":\"es-ES\"},{\"@type\":\"Organization\",\"@id\":\"https:\\\/\\\/hyphen.archi\\\/es\\\/#organization\",\"name\":\"Hyphen\",\"url\":\"https:\\\/\\\/hyphen.archi\\\/es\\\/\",\"logo\":{\"@type\":\"ImageObject\",\"inLanguage\":\"es-ES\",\"@id\":\"https:\\\/\\\/hyphen.archi\\\/es\\\/#\\\/schema\\\/logo\\\/image\\\/\",\"url\":\"https:\\\/\\\/hyphen.archi\\\/app\\\/uploads\\\/2024\\\/03\\\/Favicon-no_BG.png\",\"contentUrl\":\"https:\\\/\\\/hyphen.archi\\\/app\\\/uploads\\\/2024\\\/03\\\/Favicon-no_BG.png\",\"width\":792,\"height\":793,\"caption\":\"Hyphen\"},\"image\":{\"@id\":\"https:\\\/\\\/hyphen.archi\\\/es\\\/#\\\/schema\\\/logo\\\/image\\\/\"},\"sameAs\":[\"https:\\\/\\\/www.linkedin.com\\\/company\\\/hyphen.archi\\\/\",\"https:\\\/\\\/www.instagram.com\\\/hyphen_archi\\\/\"]}]}<\/script>\n<!-- \/ Yoast SEO Premium plugin. -->","yoast_head_json":{"title":"Berl\u00edn - Hyphen","robots":{"index":"index","follow":"follow","max-snippet":"max-snippet:-1","max-image-preview":"max-image-preview:large","max-video-preview":"max-video-preview:-1"},"canonical":"https:\/\/hyphen.archi\/es\/carreras-profesionales\/berlin\/","og_locale":"es_ES","og_type":"article","og_title":"Berl\u00edn","og_description":"Abrimos nuestra oficina de Berl\u00edn en 1992. Nuestra oficina se encuentra en una f\u00e1brica de cerveza reconvertida, en el barrio de moda de Mitte, el m\u00e1s c\u00e9ntrico de Berl\u00edn.","og_url":"https:\/\/hyphen.archi\/es\/carreras-profesionales\/berlin\/","og_site_name":"Hyphen","article_modified_time":"2024-04-30T10:05:17+00:00","og_image":[{"width":1024,"height":1024,"url":"https:\/\/hyphen.archi\/app\/uploads\/2023\/12\/Berlin-800x800px-1024x1024.png","type":"image\/png"}],"twitter_card":"summary_large_image","twitter_misc":{"Est. reading time":"1 minute"},"schema":{"@context":"https:\/\/schema.org","@graph":[{"@type":"WebPage","@id":"https:\/\/hyphen.archi\/es\/carreras-profesionales\/berlin\/","url":"https:\/\/hyphen.archi\/es\/carreras-profesionales\/berlin\/","name":"Berl\u00edn - Hyphen","isPartOf":{"@id":"https:\/\/hyphen.archi\/es\/#website"},"primaryImageOfPage":{"@id":"https:\/\/hyphen.archi\/es\/carreras-profesionales\/berlin\/#primaryimage"},"image":{"@id":"https:\/\/hyphen.archi\/es\/carreras-profesionales\/berlin\/#primaryimage"},"thumbnailUrl":"https:\/\/hyphen.archi\/app\/uploads\/2023\/12\/Berlin-800x800px.png","datePublished":"2024-02-06T15:43:02+00:00","dateModified":"2024-04-30T10:05:17+00:00","breadcrumb":{"@id":"https:\/\/hyphen.archi\/es\/carreras-profesionales\/berlin\/#breadcrumb"},"inLanguage":"es-ES","potentialAction":[{"@type":"ReadAction","target":["https:\/\/hyphen.archi\/es\/carreras-profesionales\/berlin\/"]}]},{"@type":"ImageObject","inLanguage":"es-ES","@id":"https:\/\/hyphen.archi\/es\/carreras-profesionales\/berlin\/#primaryimage","url":"https:\/\/hyphen.archi\/app\/uploads\/2023\/12\/Berlin-800x800px.png","contentUrl":"https:\/\/hyphen.archi\/app\/uploads\/2023\/12\/Berlin-800x800px.png","width":1920,"height":1920,"caption":"Collage of architecture, cityscapes, and people arranged in the shape of Berlin."},{"@type":"BreadcrumbList","@id":"https:\/\/hyphen.archi\/es\/carreras-profesionales\/berlin\/#breadcrumb","itemListElement":[{"@type":"ListItem","position":1,"name":"Home","item":"https:\/\/hyphen.archi\/es\/"},{"@type":"ListItem","position":2,"name":"Empleo","item":"https:\/\/hyphen.archi\/es\/carreras-profesionales\/"},{"@type":"ListItem","position":3,"name":"Berl\u00edn"}]},{"@type":"WebSite","@id":"https:\/\/hyphen.archi\/es\/#website","url":"https:\/\/hyphen.archi\/es\/","name":"Hyphen","description":"International Architecture Firm","publisher":{"@id":"https:\/\/hyphen.archi\/es\/#organization"},"potentialAction":[{"@type":"SearchAction","target":{"@type":"EntryPoint","urlTemplate":"https:\/\/hyphen.archi\/es\/?s={search_term_string}"},"query-input":{"@type":"PropertyValueSpecification","valueRequired":true,"valueName":"search_term_string"}}],"inLanguage":"es-ES"},{"@type":"Organization","@id":"https:\/\/hyphen.archi\/es\/#organization","name":"Hyphen","url":"https:\/\/hyphen.archi\/es\/","logo":{"@type":"ImageObject","inLanguage":"es-ES","@id":"https:\/\/hyphen.archi\/es\/#\/schema\/logo\/image\/","url":"https:\/\/hyphen.archi\/app\/uploads\/2024\/03\/Favicon-no_BG.png","contentUrl":"https:\/\/hyphen.archi\/app\/uploads\/2024\/03\/Favicon-no_BG.png","width":792,"height":793,"caption":"Hyphen"},"image":{"@id":"https:\/\/hyphen.archi\/es\/#\/schema\/logo\/image\/"},"sameAs":["https:\/\/www.linkedin.com\/company\/hyphen.archi\/","https:\/\/www.instagram.com\/hyphen_archi\/"]}]}},"mfb_rest_fields":["title","yoast_head","yoast_head_json"],"_links":{"self":[{"href":"https:\/\/hyphen.archi\/es\/wp-json\/wp\/v2\/pages\/8365","targetHints":{"allow":["GET"]}}],"collection":[{"href":"https:\/\/hyphen.archi\/es\/wp-json\/wp\/v2\/pages"}],"about":[{"href":"https:\/\/hyphen.archi\/es\/wp-json\/wp\/v2\/types\/page"}],"author":[{"embeddable":true,"href":"https:\/\/hyphen.archi\/es\/wp-json\/wp\/v2\/users\/1"}],"replies":[{"embeddable":true,"href":"https:\/\/hyphen.archi\/es\/wp-json\/wp\/v2\/comments?post=8365"}],"version-history":[{"count":3,"href":"https:\/\/hyphen.archi\/es\/wp-json\/wp\/v2\/pages\/8365\/revisions"}],"predecessor-version":[{"id":10405,"href":"https:\/\/hyphen.archi\/es\/wp-json\/wp\/v2\/pages\/8365\/revisions\/10405"}],"up":[{"embeddable":true,"href":"https:\/\/hyphen.archi\/es\/wp-json\/wp\/v2\/pages\/8530"}],"wp:featuredmedia":[{"embeddable":true,"href":"https:\/\/hyphen.archi\/es\/wp-json\/wp\/v2\/media\/7886"}],"wp:attachment":[{"href":"https:\/\/hyphen.archi\/es\/wp-json\/wp\/v2\/media?parent=8365"}],"wp:term":[{"taxonomy":"expertise","embeddable":true,"href":"https:\/\/hyphen.archi\/es\/wp-json\/wp\/v2\/expertise?post=8365"},{"taxonomy":"location","embeddable":true,"href":"https:\/\/hyphen.archi\/es\/wp-json\/wp\/v2\/location?post=8365"},{"taxonomy":"sector","embeddable":true,"href":"https:\/\/hyphen.archi\/es\/wp-json\/wp\/v2\/sector?post=8365"}],"curies":[{"name":"wp","href":"https:\/\/api.w.org\/{rel}","templated":true}]}}