
{"id":8398,"date":"2024-02-06T15:27:12","date_gmt":"2024-02-06T15:27:12","guid":{"rendered":"http:\/\/hyphen.archi\/paris\/"},"modified":"2024-04-30T10:05:17","modified_gmt":"2024-04-30T10:05:17","slug":"paris","status":"publish","type":"page","link":"https:\/\/hyphen.archi\/es\/carreras-profesionales\/paris\/","title":{"rendered":"Par\u00eds"},"content":{"rendered":"\n<div class=\"wp-block-group is-layout-flow wp-block-group-is-layout-flow\" style=\"padding-top:var(--wp--preset--spacing--40);padding-right:var(--wp--preset--spacing--40);padding-bottom:var(--wp--preset--spacing--40);padding-left:var(--wp--preset--spacing--40)\">\n<div class=\"wp-block-columns is-layout-flex wp-container-core-columns-is-layout-658170e2 wp-block-columns-is-layout-flex\">\n<div class=\"wp-block-column is-layout-flow wp-block-column-is-layout-flow\" style=\"flex-basis:40%\">\n<p class=\"has-large-font-size\">Nuestra oficina de Par\u00eds se cre\u00f3 en 2000 y est\u00e1 situada en un lugar estrat\u00e9gico y c\u00e9ntrico, en uno de los distritos m\u00e1s din\u00e1micos de la ciudad.<\/p>\n<\/div>\n\n\n\n<div class=\"wp-block-column is-layout-flow wp-block-column-is-layout-flow\"><\/div>\n<\/div>\n<\/div>\n\n<!--more-->\n\n<div class=\"wp-block-group has-global-padding is-layout-constrained wp-container-core-group-is-layout-33c2c85a wp-block-group-is-layout-constrained\" style=\"padding-top:var(--wp--preset--spacing--50);padding-bottom:var(--wp--preset--spacing--50)\">\n<p>El equipo dirigido por los directores, <a href=\"https:\/\/hyphen.archi\/es\/person\/carole-netzer\/\" data-type=\"person\" data-id=\"1229\" target=\"_blank\" rel=\"noreferrer noopener\">Carole Netzer<\/a> y <a href=\"https:\/\/hyphen.archi\/es\/person\/xavier-manera\/\" data-type=\"person\" data-id=\"1836\" target=\"_blank\" rel=\"noreferrer noopener\">Xavier Manera<\/a>, y los asociados, <a href=\"https:\/\/hyphen.archi\/es\/person\/remi-pascal\/\" data-type=\"person\" data-id=\"1832\" target=\"_blank\" rel=\"noreferrer noopener\">R\u00e9mi Pascal <\/a>y <a href=\"https:\/\/hyphen.archi\/es\/person\/denis-charpentier\/\" data-type=\"person\" data-id=\"1819\" target=\"_blank\" rel=\"noreferrer noopener\">Denis Charpentier<\/a>, tiene una s\u00f3lida trayectoria en proyectos de comercio minorista y hosteler\u00eda, pero m\u00e1s recientemente se ha expandido a otros sectores comerciales, como la log\u00edstica, los centros de datos y los espacios de trabajo. Aportamos altos niveles de creatividad y experiencia a los clientes m\u00e1s renombrados del mundo.<\/p>\n\n\n\n<p><br\/>Quienes se incorporen al equipo de Par\u00eds tendr\u00e1n la oportunidad de trabajar estrechamente con el equipo directivo en un equipo cordial, abierto y multicultural, con una gran variedad de conocimientos, como arquitectura, dise\u00f1o de interiores y administraci\u00f3n. Tambi\u00e9n tienes la oportunidad de desarrollar tu carrera en Hyphen y colaborar en proyectos internacionales con nuestros otros equipos en Europa y Am\u00e9rica Latina.<\/p>\n\n\n\n<p><br\/>Nuestro equipo de arquitectos tiene la oportunidad de realizar proyectos en algunos de los edificios m\u00e1s emblem\u00e1ticos de Par\u00eds, como nuestro trabajo en los grandes almacenes La Samaritaine.<\/p>\n<\/div>\n\n<div class=\"wp-block-group has-global-padding is-layout-constrained wp-container-core-group-is-layout-e6bcf03e wp-block-group-is-layout-constrained\" style=\"padding-top:var(--wp--preset--spacing--40);padding-right:var(--wp--preset--spacing--40);padding-bottom:var(--wp--preset--spacing--40);padding-left:var(--wp--preset--spacing--40)\">\n<h2 class=\"wp-block-heading has-text-align-center has-x-large-font-size\" style=\"font-style:normal;font-weight:500\">Oportunidades actuales<\/h2>\n\n\n\n<div id=\"careers\" class=\"wp-block-group is-layout-flow wp-block-group-is-layout-flow\">\n<div class=\"wp-block-query ghub-query-id-6 is-layout-flow ghub-query-id-6-is-layout-flow cbb-query-0-1\"><ul id=\"6\" class=\"wp-block-post-template is-layout-flow wp-container-core-post-template-is-layout-3ee800f6 wp-block-post-template-is-layout-flow\"><li class=\"wp-block-post post-11760 job type-job status-publish has-post-thumbnail hentry location-paris-es\">\n\n<div class=\"wp-block-group has-border-color has-dark-grey-border-color has-contrast-color has-text-color has-link-color wp-elements-81e04cbb35e579b4801df94fadcbf293 is-vertical is-layout-flex wp-container-core-group-is-layout-79d58207 wp-block-group-is-layout-flex\" style=\"border-width:1px;min-height:100%;padding-top:var(--wp--preset--spacing--30);padding-right:var(--wp--preset--spacing--30);padding-bottom:var(--wp--preset--spacing--30);padding-left:var(--wp--preset--spacing--30)\"><h2 class=\"wp-block-post-title has-medium-font-size\"><a href=\"https:\/\/hyphen.archi\/es\/job\/chef-de-projet-architecture-data-center\/\" target=\"_self\" >Chef de Projet Architecture \u2013 Data Center<\/a><\/h2>\n\n<\/div>\n\n<\/li><\/ul>\n\n<\/div>\n<\/div>\n<\/div>\n","protected":false},"excerpt":{"rendered":"<p>Nuestra oficina de Par\u00eds se cre\u00f3 en 2000 y est\u00e1 situada en un lugar estrat\u00e9gico y c\u00e9ntrico, en uno de los distritos m\u00e1s din\u00e1micos de la ciudad.<\/p>\n","protected":false},"author":1,"featured_media":7916,"parent":8530,"menu_order":0,"comment_status":"closed","ping_status":"closed","template":"template-location","meta":{"_acf_changed":false,"CBBTypography":[],"footnotes":""},"expertise":[],"location":[],"sector":[],"class_list":["post-8398","page","type-page","status-publish","has-post-thumbnail","hentry"],"acf":[],"mb":[],"yoast_head":"<!-- This site is optimized with the Yoast SEO Premium plugin v25.9 (Yoast SEO v27.4) - https:\/\/yoast.com\/product\/yoast-seo-premium-wordpress\/ -->\n<title>Par\u00eds - Hyphen<\/title>\n<meta name=\"robots\" content=\"index, follow, max-snippet:-1, max-image-preview:large, max-video-preview:-1\" \/>\n<link rel=\"canonical\" href=\"https:\/\/hyphen.archi\/es\/carreras-profesionales\/paris\/\" \/>\n<meta property=\"og:locale\" content=\"es_ES\" \/>\n<meta property=\"og:type\" content=\"article\" \/>\n<meta property=\"og:title\" content=\"Par\u00eds\" \/>\n<meta property=\"og:description\" content=\"Nuestra oficina de Par\u00eds se cre\u00f3 en 2000 y est\u00e1 situada en un lugar estrat\u00e9gico y c\u00e9ntrico, en uno de los distritos m\u00e1s din\u00e1micos de la ciudad.\" \/>\n<meta property=\"og:url\" content=\"https:\/\/hyphen.archi\/es\/carreras-profesionales\/paris\/\" \/>\n<meta property=\"og:site_name\" content=\"Hyphen\" \/>\n<meta property=\"article:modified_time\" content=\"2024-04-30T10:05:17+00:00\" \/>\n<meta property=\"og:image\" content=\"https:\/\/hyphen.archi\/app\/uploads\/2023\/12\/Paris-800x800px-1024x1024.png\" \/>\n\t<meta property=\"og:image:width\" content=\"1024\" \/>\n\t<meta property=\"og:image:height\" content=\"1024\" \/>\n\t<meta property=\"og:image:type\" content=\"image\/png\" \/>\n<meta name=\"twitter:card\" content=\"summary_large_image\" \/>\n<meta name=\"twitter:label1\" content=\"Est. reading time\" \/>\n\t<meta name=\"twitter:data1\" content=\"1 minute\" \/>\n<script type=\"application\/ld+json\" class=\"yoast-schema-graph\">{\"@context\":\"https:\\\/\\\/schema.org\",\"@graph\":[{\"@type\":\"WebPage\",\"@id\":\"https:\\\/\\\/hyphen.archi\\\/es\\\/carreras-profesionales\\\/paris\\\/\",\"url\":\"https:\\\/\\\/hyphen.archi\\\/es\\\/carreras-profesionales\\\/paris\\\/\",\"name\":\"Par\u00eds - Hyphen\",\"isPartOf\":{\"@id\":\"https:\\\/\\\/hyphen.archi\\\/es\\\/#website\"},\"primaryImageOfPage\":{\"@id\":\"https:\\\/\\\/hyphen.archi\\\/es\\\/carreras-profesionales\\\/paris\\\/#primaryimage\"},\"image\":{\"@id\":\"https:\\\/\\\/hyphen.archi\\\/es\\\/carreras-profesionales\\\/paris\\\/#primaryimage\"},\"thumbnailUrl\":\"https:\\\/\\\/hyphen.archi\\\/app\\\/uploads\\\/2023\\\/12\\\/Paris-800x800px.png\",\"datePublished\":\"2024-02-06T15:27:12+00:00\",\"dateModified\":\"2024-04-30T10:05:17+00:00\",\"breadcrumb\":{\"@id\":\"https:\\\/\\\/hyphen.archi\\\/es\\\/carreras-profesionales\\\/paris\\\/#breadcrumb\"},\"inLanguage\":\"es-ES\",\"potentialAction\":[{\"@type\":\"ReadAction\",\"target\":[\"https:\\\/\\\/hyphen.archi\\\/es\\\/carreras-profesionales\\\/paris\\\/\"]}]},{\"@type\":\"ImageObject\",\"inLanguage\":\"es-ES\",\"@id\":\"https:\\\/\\\/hyphen.archi\\\/es\\\/carreras-profesionales\\\/paris\\\/#primaryimage\",\"url\":\"https:\\\/\\\/hyphen.archi\\\/app\\\/uploads\\\/2023\\\/12\\\/Paris-800x800px.png\",\"contentUrl\":\"https:\\\/\\\/hyphen.archi\\\/app\\\/uploads\\\/2023\\\/12\\\/Paris-800x800px.png\",\"width\":1920,\"height\":1920,\"caption\":\"Collage of architecture, cityscapes, and people arranged in the shape of Paris.\"},{\"@type\":\"BreadcrumbList\",\"@id\":\"https:\\\/\\\/hyphen.archi\\\/es\\\/carreras-profesionales\\\/paris\\\/#breadcrumb\",\"itemListElement\":[{\"@type\":\"ListItem\",\"position\":1,\"name\":\"Home\",\"item\":\"https:\\\/\\\/hyphen.archi\\\/es\\\/\"},{\"@type\":\"ListItem\",\"position\":2,\"name\":\"Empleo\",\"item\":\"https:\\\/\\\/hyphen.archi\\\/es\\\/carreras-profesionales\\\/\"},{\"@type\":\"ListItem\",\"position\":3,\"name\":\"Par\u00eds\"}]},{\"@type\":\"WebSite\",\"@id\":\"https:\\\/\\\/hyphen.archi\\\/es\\\/#website\",\"url\":\"https:\\\/\\\/hyphen.archi\\\/es\\\/\",\"name\":\"Hyphen\",\"description\":\"International Architecture Firm\",\"publisher\":{\"@id\":\"https:\\\/\\\/hyphen.archi\\\/es\\\/#organization\"},\"potentialAction\":[{\"@type\":\"SearchAction\",\"target\":{\"@type\":\"EntryPoint\",\"urlTemplate\":\"https:\\\/\\\/hyphen.archi\\\/es\\\/?s={search_term_string}\"},\"query-input\":{\"@type\":\"PropertyValueSpecification\",\"valueRequired\":true,\"valueName\":\"search_term_string\"}}],\"inLanguage\":\"es-ES\"},{\"@type\":\"Organization\",\"@id\":\"https:\\\/\\\/hyphen.archi\\\/es\\\/#organization\",\"name\":\"Hyphen\",\"url\":\"https:\\\/\\\/hyphen.archi\\\/es\\\/\",\"logo\":{\"@type\":\"ImageObject\",\"inLanguage\":\"es-ES\",\"@id\":\"https:\\\/\\\/hyphen.archi\\\/es\\\/#\\\/schema\\\/logo\\\/image\\\/\",\"url\":\"https:\\\/\\\/hyphen.archi\\\/app\\\/uploads\\\/2024\\\/03\\\/Favicon-no_BG.png\",\"contentUrl\":\"https:\\\/\\\/hyphen.archi\\\/app\\\/uploads\\\/2024\\\/03\\\/Favicon-no_BG.png\",\"width\":792,\"height\":793,\"caption\":\"Hyphen\"},\"image\":{\"@id\":\"https:\\\/\\\/hyphen.archi\\\/es\\\/#\\\/schema\\\/logo\\\/image\\\/\"},\"sameAs\":[\"https:\\\/\\\/www.linkedin.com\\\/company\\\/hyphen.archi\\\/\",\"https:\\\/\\\/www.instagram.com\\\/hyphen_archi\\\/\"]}]}<\/script>\n<!-- \/ Yoast SEO Premium plugin. -->","yoast_head_json":{"title":"Par\u00eds - Hyphen","robots":{"index":"index","follow":"follow","max-snippet":"max-snippet:-1","max-image-preview":"max-image-preview:large","max-video-preview":"max-video-preview:-1"},"canonical":"https:\/\/hyphen.archi\/es\/carreras-profesionales\/paris\/","og_locale":"es_ES","og_type":"article","og_title":"Par\u00eds","og_description":"Nuestra oficina de Par\u00eds se cre\u00f3 en 2000 y est\u00e1 situada en un lugar estrat\u00e9gico y c\u00e9ntrico, en uno de los distritos m\u00e1s din\u00e1micos de la ciudad.","og_url":"https:\/\/hyphen.archi\/es\/carreras-profesionales\/paris\/","og_site_name":"Hyphen","article_modified_time":"2024-04-30T10:05:17+00:00","og_image":[{"width":1024,"height":1024,"url":"https:\/\/hyphen.archi\/app\/uploads\/2023\/12\/Paris-800x800px-1024x1024.png","type":"image\/png"}],"twitter_card":"summary_large_image","twitter_misc":{"Est. reading time":"1 minute"},"schema":{"@context":"https:\/\/schema.org","@graph":[{"@type":"WebPage","@id":"https:\/\/hyphen.archi\/es\/carreras-profesionales\/paris\/","url":"https:\/\/hyphen.archi\/es\/carreras-profesionales\/paris\/","name":"Par\u00eds - Hyphen","isPartOf":{"@id":"https:\/\/hyphen.archi\/es\/#website"},"primaryImageOfPage":{"@id":"https:\/\/hyphen.archi\/es\/carreras-profesionales\/paris\/#primaryimage"},"image":{"@id":"https:\/\/hyphen.archi\/es\/carreras-profesionales\/paris\/#primaryimage"},"thumbnailUrl":"https:\/\/hyphen.archi\/app\/uploads\/2023\/12\/Paris-800x800px.png","datePublished":"2024-02-06T15:27:12+00:00","dateModified":"2024-04-30T10:05:17+00:00","breadcrumb":{"@id":"https:\/\/hyphen.archi\/es\/carreras-profesionales\/paris\/#breadcrumb"},"inLanguage":"es-ES","potentialAction":[{"@type":"ReadAction","target":["https:\/\/hyphen.archi\/es\/carreras-profesionales\/paris\/"]}]},{"@type":"ImageObject","inLanguage":"es-ES","@id":"https:\/\/hyphen.archi\/es\/carreras-profesionales\/paris\/#primaryimage","url":"https:\/\/hyphen.archi\/app\/uploads\/2023\/12\/Paris-800x800px.png","contentUrl":"https:\/\/hyphen.archi\/app\/uploads\/2023\/12\/Paris-800x800px.png","width":1920,"height":1920,"caption":"Collage of architecture, cityscapes, and people arranged in the shape of Paris."},{"@type":"BreadcrumbList","@id":"https:\/\/hyphen.archi\/es\/carreras-profesionales\/paris\/#breadcrumb","itemListElement":[{"@type":"ListItem","position":1,"name":"Home","item":"https:\/\/hyphen.archi\/es\/"},{"@type":"ListItem","position":2,"name":"Empleo","item":"https:\/\/hyphen.archi\/es\/carreras-profesionales\/"},{"@type":"ListItem","position":3,"name":"Par\u00eds"}]},{"@type":"WebSite","@id":"https:\/\/hyphen.archi\/es\/#website","url":"https:\/\/hyphen.archi\/es\/","name":"Hyphen","description":"International Architecture Firm","publisher":{"@id":"https:\/\/hyphen.archi\/es\/#organization"},"potentialAction":[{"@type":"SearchAction","target":{"@type":"EntryPoint","urlTemplate":"https:\/\/hyphen.archi\/es\/?s={search_term_string}"},"query-input":{"@type":"PropertyValueSpecification","valueRequired":true,"valueName":"search_term_string"}}],"inLanguage":"es-ES"},{"@type":"Organization","@id":"https:\/\/hyphen.archi\/es\/#organization","name":"Hyphen","url":"https:\/\/hyphen.archi\/es\/","logo":{"@type":"ImageObject","inLanguage":"es-ES","@id":"https:\/\/hyphen.archi\/es\/#\/schema\/logo\/image\/","url":"https:\/\/hyphen.archi\/app\/uploads\/2024\/03\/Favicon-no_BG.png","contentUrl":"https:\/\/hyphen.archi\/app\/uploads\/2024\/03\/Favicon-no_BG.png","width":792,"height":793,"caption":"Hyphen"},"image":{"@id":"https:\/\/hyphen.archi\/es\/#\/schema\/logo\/image\/"},"sameAs":["https:\/\/www.linkedin.com\/company\/hyphen.archi\/","https:\/\/www.instagram.com\/hyphen_archi\/"]}]}},"mfb_rest_fields":["title","yoast_head","yoast_head_json"],"_links":{"self":[{"href":"https:\/\/hyphen.archi\/es\/wp-json\/wp\/v2\/pages\/8398","targetHints":{"allow":["GET"]}}],"collection":[{"href":"https:\/\/hyphen.archi\/es\/wp-json\/wp\/v2\/pages"}],"about":[{"href":"https:\/\/hyphen.archi\/es\/wp-json\/wp\/v2\/types\/page"}],"author":[{"embeddable":true,"href":"https:\/\/hyphen.archi\/es\/wp-json\/wp\/v2\/users\/1"}],"replies":[{"embeddable":true,"href":"https:\/\/hyphen.archi\/es\/wp-json\/wp\/v2\/comments?post=8398"}],"version-history":[{"count":3,"href":"https:\/\/hyphen.archi\/es\/wp-json\/wp\/v2\/pages\/8398\/revisions"}],"predecessor-version":[{"id":10394,"href":"https:\/\/hyphen.archi\/es\/wp-json\/wp\/v2\/pages\/8398\/revisions\/10394"}],"up":[{"embeddable":true,"href":"https:\/\/hyphen.archi\/es\/wp-json\/wp\/v2\/pages\/8530"}],"wp:featuredmedia":[{"embeddable":true,"href":"https:\/\/hyphen.archi\/es\/wp-json\/wp\/v2\/media\/7916"}],"wp:attachment":[{"href":"https:\/\/hyphen.archi\/es\/wp-json\/wp\/v2\/media?parent=8398"}],"wp:term":[{"taxonomy":"expertise","embeddable":true,"href":"https:\/\/hyphen.archi\/es\/wp-json\/wp\/v2\/expertise?post=8398"},{"taxonomy":"location","embeddable":true,"href":"https:\/\/hyphen.archi\/es\/wp-json\/wp\/v2\/location?post=8398"},{"taxonomy":"sector","embeddable":true,"href":"https:\/\/hyphen.archi\/es\/wp-json\/wp\/v2\/sector?post=8398"}],"curies":[{"name":"wp","href":"https:\/\/api.w.org\/{rel}","templated":true}]}}