
{"id":7279,"date":"2023-11-08T15:50:45","date_gmt":"2023-11-08T15:50:45","guid":{"rendered":"http:\/\/hyphen.archi\/secteurs\/logistique\/"},"modified":"2024-07-24T09:49:40","modified_gmt":"2024-07-24T09:49:40","slug":"logistique","status":"publish","type":"page","link":"https:\/\/hyphen.archi\/fr\/secteurs\/logistique\/","title":{"rendered":"Logistique"},"content":{"rendered":"\n<div class=\"wp-block-boldblocks-group cbb-block background-image-animation is-layout-flow wp-block-boldblocks-group-is-layout-flow cbb-g-1 cbb-layout-grid sm-cbb-v-align bb:has-overlay bb:has-background bb:has-background--image js-animation-bg-parallax\" style=\"min-height:80vh;margin-bottom:var(--wp--preset--spacing--40);padding-top:0;padding-right:var(--wp--preset--spacing--40);padding-bottom:0;padding-left:var(--wp--preset--spacing--40)\"><div class=\"bb:block-background bb:block-background--image cbb-bg-image bg-parallax\" style=\"background-image:url(https:\/\/hyphen.archi\/app\/uploads\/2023\/12\/Logistics.jpg);background-position:50% 50%;background-repeat:no-repeat;background-size:cover;\"   data-speed=\"0.5\" data-src=\"https:\/\/hyphen.archi\/app\/uploads\/2023\/12\/Logistics.jpg\" data-width=\"1920\" data-height=\"1240\"><\/div><div aria-hidden=\"true\" class=\"bb:block-overlay\" style=\"background:var(--wp--preset--color--contrast, #000000);opacity:0.3;\"><\/div>\n<h1 class=\"wp-block-heading has-base-color has-text-color\" style=\"margin-top:0;margin-right:0;margin-bottom:var(--wp--preset--spacing--40);margin-left:0\">Logistique<\/h1>\n<\/div>\n\n\n\n<div class=\"wp-block-group is-layout-flow wp-block-group-is-layout-flow\" style=\"padding-right:var(--wp--preset--spacing--40);padding-left:var(--wp--preset--spacing--40)\">\n<div class=\"wp-block-buttons is-layout-flex wp-block-buttons-is-layout-flex\" style=\"margin-bottom:var(--wp--preset--spacing--30)\">\n<div class=\"wp-block-button has-custom-font-size arrow-before has-small-font-size\"><a class=\"wp-block-button__link has-contrast-color has-base-background-color has-text-color has-background wp-element-button\" href=\"https:\/\/hyphen.archi\/fr\/secteurs\/\" style=\"padding-top:0;padding-right:0;padding-bottom:0;padding-left:0\">Tous les secteurs<\/a><\/div>\n<\/div>\n\n\n\n<div class=\"wp-block-columns is-style-reverse-mobile is-layout-flex wp-container-core-columns-is-layout-7fc3d43a wp-block-columns-is-layout-flex\">\n<div class=\"wp-block-column is-layout-flow wp-block-column-is-layout-flow\">\n<p class=\"has-large-font-size\">Alors que le secteur de la logistique conna\u00eet une p\u00e9riode de transformation et de croissance rapides, la demande de centres de distribution n&#8217;a jamais \u00e9t\u00e9 aussi forte.<\/p>\n\n\n\n<p class=\"has-medium-font-size\">En raison de notre rapidit\u00e9 de mise sur le march\u00e9, de notre attention aux d\u00e9tails et de la qualit\u00e9 de nos r\u00e9sultats, les clients se tournent vers nous pour optimiser l&#8217;efficacit\u00e9 de leurs parcs logistiques europ\u00e9ens.<\/p>\n\n\n\n<p class=\"has-medium-font-size\">Beaucoup de nos projets sont en cours de d\u00e9veloppement et comme nous respectons les accords de confidentialit\u00e9 de nos clients, nous sommes limit\u00e9s dans ce que nous pouvons partager en ligne. <a href=\"https:\/\/hyphen.archi\/fr\/les-personnes\/\">Contactez notre \u00e9quipe<\/a> pour savoir comment nous pouvons vous aider dans votre prochain projet de logistique.<\/p>\n\n\n\n<p class=\"has-medium-font-size\"><\/p>\n\n\n\n<p><strong>Nos experts<\/strong> :<\/p>\n\n\n\n<div class=\"wp-block-query is-layout-flow wp-block-query-is-layout-flow cbb-query-9-1\"><ul id=\"\" class=\"wp-block-post-template is-layout-flow wp-block-post-template-is-layout-flow\"><li class=\"wp-block-post post-12413 person type-person status-publish has-post-thumbnail hentry expertise-larchitecture location-espagne location-madrid-fr location-pays-bas location-portugal location-suede location-suisse people-type-main sector-centres-de-donnees-et-technologie sector-logistique sector-vente-au-detail\">\n<div class=\"is-display-block is-acf-field second-image wp-block-mfb-meta-field-block\"><div class=\"value\"><img decoding=\"async\" width=\"300\" height=\"300\" src=\"https:\/\/hyphen.archi\/app\/uploads\/2024\/07\/Beatriz-B-Doodle-300x300.jpg\" class=\"attachment-medium size-medium\" alt=\"Beatriz Brieva de la Orden\u200b\u200b\u200b\u200b\" \/><\/div><\/div>\n\n<figure style=\"aspect-ratio:1;\" class=\"featured-image wp-block-post-featured-image\"><a href=\"https:\/\/hyphen.archi\/fr\/person\/beatriz-brieva-de-la-orden\/\" target=\"_self\"  ><img decoding=\"async\" width=\"1667\" height=\"1667\" src=\"https:\/\/hyphen.archi\/app\/uploads\/2024\/07\/Beatriz-B.jpg\" class=\"attachment-post-thumbnail size-post-thumbnail wp-post-image\" alt=\"Beatriz Brieva de la Orden\u200b\u200b\u200b\u200b\" style=\"width:100%;height:100%;object-fit:cover;\" srcset=\"https:\/\/hyphen.archi\/app\/uploads\/2024\/07\/Beatriz-B.jpg 1667w, https:\/\/hyphen.archi\/app\/uploads\/2024\/07\/Beatriz-B-300x300.jpg 300w, https:\/\/hyphen.archi\/app\/uploads\/2024\/07\/Beatriz-B-1024x1024.jpg 1024w, https:\/\/hyphen.archi\/app\/uploads\/2024\/07\/Beatriz-B-150x150.jpg 150w, https:\/\/hyphen.archi\/app\/uploads\/2024\/07\/Beatriz-B-768x768.jpg 768w, https:\/\/hyphen.archi\/app\/uploads\/2024\/07\/Beatriz-B-1536x1536.jpg 1536w\" sizes=\"(max-width: 1667px) 100vw, 1667px\" \/><\/a><\/figure>\n\n<h2 style=\"font-style:normal;font-weight:500; padding-top:0;padding-bottom:0;margin-top:0;margin-bottom:0;\" class=\"wp-block-post-title has-x-small-font-size\">Beatriz Brieva de la Orden\u200b\u200b\u200b\u200b<\/h2>\n\n<div style=\"padding-top:0;padding-bottom:0;margin-top:0;margin-bottom:0;\" class=\"wp-block-post-excerpt has-x-small-font-size\"><p class=\"wp-block-post-excerpt__excerpt\">Associate <\/p><\/div>\n<\/li><li class=\"wp-block-post post-9481 person type-person status-publish has-post-thumbnail hentry expertise-larchitecture location-belgique location-espagne location-madrid-fr location-pays-bas location-portugal people-type-main sector-bureau sector-logistique sector-vente-au-detail\">\n<div class=\"is-display-block is-acf-field second-image wp-block-mfb-meta-field-block\"><div class=\"value\"><img decoding=\"async\" width=\"300\" height=\"300\" src=\"https:\/\/hyphen.archi\/app\/uploads\/2023\/12\/Beatriz-Doodle-300x300.jpg\" class=\"attachment-medium size-medium\" alt=\"Beatriz Mor\u00e1n Mu\u00f1oz\" \/><\/div><\/div>\n\n<figure style=\"aspect-ratio:1;\" class=\"featured-image wp-block-post-featured-image\"><a href=\"https:\/\/hyphen.archi\/fr\/person\/beatriz-moran-munoz\/\" target=\"_self\"  ><img decoding=\"async\" width=\"1667\" height=\"1667\" src=\"https:\/\/hyphen.archi\/app\/uploads\/2023\/12\/Beatriz.jpg\" class=\"attachment-post-thumbnail size-post-thumbnail wp-post-image\" alt=\"Beatriz Mor\u00e1n Mu\u00f1oz\" style=\"width:100%;height:100%;object-fit:cover;\" srcset=\"https:\/\/hyphen.archi\/app\/uploads\/2023\/12\/Beatriz.jpg 1667w, https:\/\/hyphen.archi\/app\/uploads\/2023\/12\/Beatriz-300x300.jpg 300w, https:\/\/hyphen.archi\/app\/uploads\/2023\/12\/Beatriz-1024x1024.jpg 1024w, https:\/\/hyphen.archi\/app\/uploads\/2023\/12\/Beatriz-150x150.jpg 150w, https:\/\/hyphen.archi\/app\/uploads\/2023\/12\/Beatriz-768x768.jpg 768w, https:\/\/hyphen.archi\/app\/uploads\/2023\/12\/Beatriz-1536x1536.jpg 1536w\" sizes=\"(max-width: 1667px) 100vw, 1667px\" \/><\/a><\/figure>\n\n<h2 style=\"font-style:normal;font-weight:500; padding-top:0;padding-bottom:0;margin-top:0;margin-bottom:0;\" class=\"wp-block-post-title has-x-small-font-size\">Beatriz Mor\u00e1n Mu\u00f1oz<\/h2>\n\n<div style=\"padding-top:0;padding-bottom:0;margin-top:0;margin-bottom:0;\" class=\"wp-block-post-excerpt has-x-small-font-size\"><p class=\"wp-block-post-excerpt__excerpt\">Associate <\/p><\/div>\n<\/li><li class=\"wp-block-post post-9426 person type-person status-publish has-post-thumbnail hentry expertise-durabilite expertise-larchitecture location-allemagne location-autriche location-berlin-fr location-danemark location-pays-bas location-republique-tcheque location-suisse people-type-main sector-centres-de-donnees-et-technologie sector-logistique sector-vente-au-detail\">\n<div class=\"is-display-block is-acf-field second-image wp-block-mfb-meta-field-block\"><div class=\"value\"><img decoding=\"async\" width=\"300\" height=\"300\" src=\"https:\/\/hyphen.archi\/app\/uploads\/2024\/02\/Dorin-Doodles-300x300.jpg\" class=\"attachment-medium size-medium\" alt=\"Doreen Homann\" \/><\/div><\/div>\n\n<figure style=\"aspect-ratio:1;\" class=\"featured-image wp-block-post-featured-image\"><a href=\"https:\/\/hyphen.archi\/fr\/person\/doreen-homann\/\" target=\"_self\"  ><img decoding=\"async\" width=\"1667\" height=\"1667\" src=\"https:\/\/hyphen.archi\/app\/uploads\/2023\/12\/Doreen.jpg\" class=\"attachment-post-thumbnail size-post-thumbnail wp-post-image\" alt=\"Doreen Homann\" style=\"width:100%;height:100%;object-fit:cover;\" srcset=\"https:\/\/hyphen.archi\/app\/uploads\/2023\/12\/Doreen.jpg 1667w, https:\/\/hyphen.archi\/app\/uploads\/2023\/12\/Doreen-300x300.jpg 300w, https:\/\/hyphen.archi\/app\/uploads\/2023\/12\/Doreen-1024x1024.jpg 1024w, https:\/\/hyphen.archi\/app\/uploads\/2023\/12\/Doreen-150x150.jpg 150w, https:\/\/hyphen.archi\/app\/uploads\/2023\/12\/Doreen-768x768.jpg 768w, https:\/\/hyphen.archi\/app\/uploads\/2023\/12\/Doreen-1536x1536.jpg 1536w\" sizes=\"(max-width: 1667px) 100vw, 1667px\" \/><\/a><\/figure>\n\n<h2 style=\"font-style:normal;font-weight:500; padding-top:0;padding-bottom:0;margin-top:0;margin-bottom:0;\" class=\"wp-block-post-title has-x-small-font-size\">Doreen Homann<\/h2>\n\n<div style=\"padding-top:0;padding-bottom:0;margin-top:0;margin-bottom:0;\" class=\"wp-block-post-excerpt has-x-small-font-size\"><p class=\"wp-block-post-excerpt__excerpt\">Associate <\/p><\/div>\n<\/li><li class=\"wp-block-post post-9665 person type-person status-publish has-post-thumbnail hentry expertise-larchitecture location-argentine location-bresil location-chili location-colombie location-espagne location-lamerique-latine location-madrid-fr location-mexique location-portugal location-santiago-fr location-ville-de-mexico people-type-main sector-bureau sector-centres-de-donnees-et-technologie sector-lhospitalite sector-logistique sector-residentiel-et-polyvalent sector-vente-au-detail\">\n<div class=\"is-display-block is-acf-field second-image wp-block-mfb-meta-field-block\"><div class=\"value\"><img decoding=\"async\" width=\"300\" height=\"300\" src=\"https:\/\/hyphen.archi\/app\/uploads\/2023\/11\/Eva-Doodles-2-300x300.jpg\" class=\"attachment-medium size-medium\" alt=\"Eva Diego\" \/><\/div><\/div>\n\n<figure style=\"aspect-ratio:1;\" class=\"featured-image wp-block-post-featured-image\"><a href=\"https:\/\/hyphen.archi\/fr\/person\/eva-diego\/\" target=\"_self\"  ><img decoding=\"async\" width=\"1667\" height=\"1667\" src=\"https:\/\/hyphen.archi\/app\/uploads\/2023\/11\/Eva-2.jpg\" class=\"attachment-post-thumbnail size-post-thumbnail wp-post-image\" alt=\"Eva Diego\" style=\"width:100%;height:100%;object-fit:cover;\" srcset=\"https:\/\/hyphen.archi\/app\/uploads\/2023\/11\/Eva-2.jpg 1667w, https:\/\/hyphen.archi\/app\/uploads\/2023\/11\/Eva-2-300x300.jpg 300w, https:\/\/hyphen.archi\/app\/uploads\/2023\/11\/Eva-2-1024x1024.jpg 1024w, https:\/\/hyphen.archi\/app\/uploads\/2023\/11\/Eva-2-150x150.jpg 150w, https:\/\/hyphen.archi\/app\/uploads\/2023\/11\/Eva-2-768x768.jpg 768w, https:\/\/hyphen.archi\/app\/uploads\/2023\/11\/Eva-2-1536x1536.jpg 1536w\" sizes=\"(max-width: 1667px) 100vw, 1667px\" \/><\/a><\/figure>\n\n<h2 style=\"font-style:normal;font-weight:500; padding-top:0;padding-bottom:0;margin-top:0;margin-bottom:0;\" class=\"wp-block-post-title has-x-small-font-size\">Eva Diego<\/h2>\n\n<div style=\"padding-top:0;padding-bottom:0;margin-top:0;margin-bottom:0;\" class=\"wp-block-post-excerpt has-x-small-font-size\"><p class=\"wp-block-post-excerpt__excerpt\">CEO <\/p><\/div>\n<\/li><li class=\"wp-block-post post-9425 person type-person status-publish has-post-thumbnail hentry expertise-larchitecture location-argentine location-bresil location-chili location-colombie location-lamerique-latine location-mexique location-perou location-santiago-fr location-ville-de-mexico people-type-main sector-centres-de-donnees-et-technologie sector-logistique\">\n<div class=\"is-display-block is-acf-field second-image wp-block-mfb-meta-field-block\"><div class=\"value\"><img decoding=\"async\" width=\"300\" height=\"300\" src=\"https:\/\/hyphen.archi\/app\/uploads\/2024\/02\/Felipe-Doodles-300x300.jpg\" class=\"attachment-medium size-medium\" alt=\"Felipe Barrera\" \/><\/div><\/div>\n\n<figure style=\"aspect-ratio:1;\" class=\"featured-image wp-block-post-featured-image\"><a href=\"https:\/\/hyphen.archi\/fr\/person\/felipe-barrera\/\" target=\"_self\"  ><img decoding=\"async\" width=\"1667\" height=\"1667\" src=\"https:\/\/hyphen.archi\/app\/uploads\/2023\/12\/Felipe.jpg\" class=\"attachment-post-thumbnail size-post-thumbnail wp-post-image\" alt=\"Felipe Barrera\" style=\"width:100%;height:100%;object-fit:cover;\" srcset=\"https:\/\/hyphen.archi\/app\/uploads\/2023\/12\/Felipe.jpg 1667w, https:\/\/hyphen.archi\/app\/uploads\/2023\/12\/Felipe-300x300.jpg 300w, https:\/\/hyphen.archi\/app\/uploads\/2023\/12\/Felipe-1024x1024.jpg 1024w, https:\/\/hyphen.archi\/app\/uploads\/2023\/12\/Felipe-150x150.jpg 150w, https:\/\/hyphen.archi\/app\/uploads\/2023\/12\/Felipe-768x768.jpg 768w, https:\/\/hyphen.archi\/app\/uploads\/2023\/12\/Felipe-1536x1536.jpg 1536w\" sizes=\"(max-width: 1667px) 100vw, 1667px\" \/><\/a><\/figure>\n\n<h2 style=\"font-style:normal;font-weight:500; padding-top:0;padding-bottom:0;margin-top:0;margin-bottom:0;\" class=\"wp-block-post-title has-x-small-font-size\">Felipe Barrera<\/h2>\n\n<div style=\"padding-top:0;padding-bottom:0;margin-top:0;margin-bottom:0;\" class=\"wp-block-post-excerpt has-x-small-font-size\"><p class=\"wp-block-post-excerpt__excerpt\">Senior associate <\/p><\/div>\n<\/li><li class=\"wp-block-post post-9397 person type-person status-publish has-post-thumbnail hentry expertise-larchitecture location-angleterre location-belfast-fr location-ecosse location-irlande location-irlande-du-nord location-monaghan-fr location-pays-de-galles people-type-main sector-bureau sector-centres-de-donnees-et-technologie sector-lhospitalite sector-logistique sector-residentiel-et-polyvalent sector-vente-au-detail\">\n<div class=\"is-display-block is-acf-field second-image wp-block-mfb-meta-field-block\"><div class=\"value\"><img decoding=\"async\" width=\"300\" height=\"300\" src=\"https:\/\/hyphen.archi\/app\/uploads\/2024\/02\/Georgina-Doodles-300x300.jpg\" class=\"attachment-medium size-medium\" alt=\"Georgina Mullen\" \/><\/div><\/div>\n\n<figure style=\"aspect-ratio:1;\" class=\"featured-image wp-block-post-featured-image\"><a href=\"https:\/\/hyphen.archi\/fr\/person\/georgina-mullen\/\" target=\"_self\"  ><img decoding=\"async\" width=\"1667\" height=\"1667\" src=\"https:\/\/hyphen.archi\/app\/uploads\/2023\/12\/Georgina.jpg\" class=\"attachment-post-thumbnail size-post-thumbnail wp-post-image\" alt=\"Georgina Mullen\" style=\"width:100%;height:100%;object-fit:cover;\" srcset=\"https:\/\/hyphen.archi\/app\/uploads\/2023\/12\/Georgina.jpg 1667w, https:\/\/hyphen.archi\/app\/uploads\/2023\/12\/Georgina-300x300.jpg 300w, https:\/\/hyphen.archi\/app\/uploads\/2023\/12\/Georgina-1024x1024.jpg 1024w, https:\/\/hyphen.archi\/app\/uploads\/2023\/12\/Georgina-150x150.jpg 150w, https:\/\/hyphen.archi\/app\/uploads\/2023\/12\/Georgina-768x768.jpg 768w, https:\/\/hyphen.archi\/app\/uploads\/2023\/12\/Georgina-1536x1536.jpg 1536w\" sizes=\"(max-width: 1667px) 100vw, 1667px\" \/><\/a><\/figure>\n\n<h2 style=\"font-style:normal;font-weight:500; padding-top:0;padding-bottom:0;margin-top:0;margin-bottom:0;\" class=\"wp-block-post-title has-x-small-font-size\">Georgina Mullen<\/h2>\n\n<div style=\"padding-top:0;padding-bottom:0;margin-top:0;margin-bottom:0;\" class=\"wp-block-post-excerpt has-x-small-font-size\"><p class=\"wp-block-post-excerpt__excerpt\">Director <\/p><\/div>\n<\/li><li class=\"wp-block-post post-9597 person type-person status-publish has-post-thumbnail hentry expertise-larchitecture location-italie location-milan-fr people-type-main sector-bureau sector-centres-de-donnees-et-technologie sector-lhospitalite sector-logistique sector-residentiel-et-polyvalent sector-vente-au-detail\">\n<div class=\"is-display-block is-acf-field second-image wp-block-mfb-meta-field-block\"><div class=\"value\"><img decoding=\"async\" width=\"300\" height=\"300\" src=\"https:\/\/hyphen.archi\/app\/uploads\/2024\/02\/Giacomo-Doodles-300x300.jpg\" class=\"attachment-medium size-medium\" alt=\"Giacomo Spinelli\" \/><\/div><\/div>\n\n<figure style=\"aspect-ratio:1;\" class=\"featured-image wp-block-post-featured-image\"><a href=\"https:\/\/hyphen.archi\/fr\/person\/giacomo-spinelli\/\" target=\"_self\"  ><img decoding=\"async\" width=\"1667\" height=\"1667\" src=\"https:\/\/hyphen.archi\/app\/uploads\/2023\/11\/Giacomo.jpg\" class=\"attachment-post-thumbnail size-post-thumbnail wp-post-image\" alt=\"Giacomo Spinelli\" style=\"width:100%;height:100%;object-fit:cover;\" srcset=\"https:\/\/hyphen.archi\/app\/uploads\/2023\/11\/Giacomo.jpg 1667w, https:\/\/hyphen.archi\/app\/uploads\/2023\/11\/Giacomo-300x300.jpg 300w, https:\/\/hyphen.archi\/app\/uploads\/2023\/11\/Giacomo-1024x1024.jpg 1024w, https:\/\/hyphen.archi\/app\/uploads\/2023\/11\/Giacomo-150x150.jpg 150w, https:\/\/hyphen.archi\/app\/uploads\/2023\/11\/Giacomo-768x768.jpg 768w, https:\/\/hyphen.archi\/app\/uploads\/2023\/11\/Giacomo-1536x1536.jpg 1536w\" sizes=\"(max-width: 1667px) 100vw, 1667px\" \/><\/a><\/figure>\n\n<h2 style=\"font-style:normal;font-weight:500; padding-top:0;padding-bottom:0;margin-top:0;margin-bottom:0;\" class=\"wp-block-post-title has-x-small-font-size\">Giacomo Spinelli<\/h2>\n\n<div style=\"padding-top:0;padding-bottom:0;margin-top:0;margin-bottom:0;\" class=\"wp-block-post-excerpt has-x-small-font-size\"><p class=\"wp-block-post-excerpt__excerpt\">Director <\/p><\/div>\n<\/li><li class=\"wp-block-post post-9538 person type-person status-publish has-post-thumbnail hentry expertise-larchitecture location-angleterre location-belgique location-italie location-londres location-milan-fr location-norvege location-pays-bas location-suisse people-type-main sector-centres-de-donnees-et-technologie sector-vente-au-detail\">\n<div class=\"is-display-block is-acf-field second-image wp-block-mfb-meta-field-block\"><div class=\"value\"><img decoding=\"async\" width=\"300\" height=\"300\" src=\"https:\/\/hyphen.archi\/app\/uploads\/2024\/02\/Laura-Doodles-300x300.jpg\" class=\"attachment-medium size-medium\" alt=\"Laura Vatteroni\" \/><\/div><\/div>\n\n<figure style=\"aspect-ratio:1;\" class=\"featured-image wp-block-post-featured-image\"><a href=\"https:\/\/hyphen.archi\/fr\/person\/laura-vatteroni\/\" target=\"_self\"  ><img decoding=\"async\" width=\"1667\" height=\"1667\" src=\"https:\/\/hyphen.archi\/app\/uploads\/2023\/11\/Laura.jpg\" class=\"attachment-post-thumbnail size-post-thumbnail wp-post-image\" alt=\"Laura Vatteroni\" style=\"width:100%;height:100%;object-fit:cover;\" srcset=\"https:\/\/hyphen.archi\/app\/uploads\/2023\/11\/Laura.jpg 1667w, https:\/\/hyphen.archi\/app\/uploads\/2023\/11\/Laura-300x300.jpg 300w, https:\/\/hyphen.archi\/app\/uploads\/2023\/11\/Laura-1024x1024.jpg 1024w, https:\/\/hyphen.archi\/app\/uploads\/2023\/11\/Laura-150x150.jpg 150w, https:\/\/hyphen.archi\/app\/uploads\/2023\/11\/Laura-768x768.jpg 768w, https:\/\/hyphen.archi\/app\/uploads\/2023\/11\/Laura-1536x1536.jpg 1536w\" sizes=\"(max-width: 1667px) 100vw, 1667px\" \/><\/a><\/figure>\n\n<h2 style=\"font-style:normal;font-weight:500; padding-top:0;padding-bottom:0;margin-top:0;margin-bottom:0;\" class=\"wp-block-post-title has-x-small-font-size\">Laura Vatteroni<\/h2>\n\n<div style=\"padding-top:0;padding-bottom:0;margin-top:0;margin-bottom:0;\" class=\"wp-block-post-excerpt has-x-small-font-size\"><p class=\"wp-block-post-excerpt__excerpt\">Associate <\/p><\/div>\n<\/li><li class=\"wp-block-post post-9546 person type-person status-publish has-post-thumbnail hentry expertise-larchitecture location-allemagne location-autriche location-belgique location-berlin-fr location-danemark location-finlande location-pays-bas location-pologne location-suisse people-type-main sector-bureau sector-centres-de-donnees-et-technologie sector-lhospitalite sector-logistique sector-residentiel-et-polyvalent sector-vente-au-detail\">\n<div class=\"is-display-block is-acf-field second-image wp-block-mfb-meta-field-block\"><div class=\"value\"><img decoding=\"async\" width=\"300\" height=\"300\" src=\"https:\/\/hyphen.archi\/app\/uploads\/2024\/02\/Leo-Doodles-300x300.jpg\" class=\"attachment-medium size-medium\" alt=\"Leo Faoro\" \/><\/div><\/div>\n\n<figure style=\"aspect-ratio:1;\" class=\"featured-image wp-block-post-featured-image\"><a href=\"https:\/\/hyphen.archi\/fr\/person\/leo-faoro\/\" target=\"_self\"  ><img decoding=\"async\" width=\"1667\" height=\"1667\" src=\"https:\/\/hyphen.archi\/app\/uploads\/2023\/11\/Leo.jpg\" class=\"attachment-post-thumbnail size-post-thumbnail wp-post-image\" alt=\"Leo Faoro\" style=\"width:100%;height:100%;object-fit:cover;\" srcset=\"https:\/\/hyphen.archi\/app\/uploads\/2023\/11\/Leo.jpg 1667w, https:\/\/hyphen.archi\/app\/uploads\/2023\/11\/Leo-300x300.jpg 300w, https:\/\/hyphen.archi\/app\/uploads\/2023\/11\/Leo-1024x1024.jpg 1024w, https:\/\/hyphen.archi\/app\/uploads\/2023\/11\/Leo-150x150.jpg 150w, https:\/\/hyphen.archi\/app\/uploads\/2023\/11\/Leo-768x768.jpg 768w, https:\/\/hyphen.archi\/app\/uploads\/2023\/11\/Leo-1536x1536.jpg 1536w\" sizes=\"(max-width: 1667px) 100vw, 1667px\" \/><\/a><\/figure>\n\n<h2 style=\"font-style:normal;font-weight:500; padding-top:0;padding-bottom:0;margin-top:0;margin-bottom:0;\" class=\"wp-block-post-title has-x-small-font-size\">Leo Faoro<\/h2>\n\n<div style=\"padding-top:0;padding-bottom:0;margin-top:0;margin-bottom:0;\" class=\"wp-block-post-excerpt has-x-small-font-size\"><p class=\"wp-block-post-excerpt__excerpt\">Director <\/p><\/div>\n<\/li><li class=\"wp-block-post post-12417 person type-person status-publish has-post-thumbnail hentry expertise-larchitecture location-autriche location-bresil location-danemark location-espagne location-madrid-fr location-norvege location-pologne location-portugal location-republique-tcheque location-suede people-type-main sector-centres-de-donnees-et-technologie sector-logistique sector-vente-au-detail\">\n<div class=\"is-display-block is-acf-field second-image wp-block-mfb-meta-field-block\"><div class=\"value\"><img decoding=\"async\" width=\"300\" height=\"300\" src=\"https:\/\/hyphen.archi\/app\/uploads\/2024\/07\/Manuel-Doodle-300x300.jpg\" class=\"attachment-medium size-medium\" alt=\"Manuel L\u00f3pez L\u00f3pez\" \/><\/div><\/div>\n\n<figure style=\"aspect-ratio:1;\" class=\"featured-image wp-block-post-featured-image\"><a href=\"https:\/\/hyphen.archi\/fr\/person\/manuel-lopez-lopez\/\" target=\"_self\"  ><img decoding=\"async\" width=\"1667\" height=\"1667\" src=\"https:\/\/hyphen.archi\/app\/uploads\/2024\/07\/Manuel.jpg\" class=\"attachment-post-thumbnail size-post-thumbnail wp-post-image\" alt=\"Manuel L\u00f3pez L\u00f3pez\" style=\"width:100%;height:100%;object-fit:cover;\" srcset=\"https:\/\/hyphen.archi\/app\/uploads\/2024\/07\/Manuel.jpg 1667w, https:\/\/hyphen.archi\/app\/uploads\/2024\/07\/Manuel-300x300.jpg 300w, https:\/\/hyphen.archi\/app\/uploads\/2024\/07\/Manuel-1024x1024.jpg 1024w, https:\/\/hyphen.archi\/app\/uploads\/2024\/07\/Manuel-150x150.jpg 150w, https:\/\/hyphen.archi\/app\/uploads\/2024\/07\/Manuel-768x768.jpg 768w, https:\/\/hyphen.archi\/app\/uploads\/2024\/07\/Manuel-1536x1536.jpg 1536w\" sizes=\"(max-width: 1667px) 100vw, 1667px\" \/><\/a><\/figure>\n\n<h2 style=\"font-style:normal;font-weight:500; padding-top:0;padding-bottom:0;margin-top:0;margin-bottom:0;\" class=\"wp-block-post-title has-x-small-font-size\">Manuel L\u00f3pez L\u00f3pez<\/h2>\n\n<div style=\"padding-top:0;padding-bottom:0;margin-top:0;margin-bottom:0;\" class=\"wp-block-post-excerpt has-x-small-font-size\"><p class=\"wp-block-post-excerpt__excerpt\">Associate <\/p><\/div>\n<\/li><li class=\"wp-block-post post-12421 person type-person status-publish has-post-thumbnail hentry expertise-larchitecture location-espagne location-madrid-fr location-portugal people-type-main sector-bureau sector-lhospitalite sector-logistique sector-vente-au-detail\">\n<div class=\"is-display-block is-acf-field second-image wp-block-mfb-meta-field-block\"><div class=\"value\"><img decoding=\"async\" width=\"300\" height=\"300\" src=\"https:\/\/hyphen.archi\/app\/uploads\/2024\/07\/Marta-Doodles-300x300.jpg\" class=\"attachment-medium size-medium\" alt=\"Marta Redondo Martinez\" \/><\/div><\/div>\n\n<figure style=\"aspect-ratio:1;\" class=\"featured-image wp-block-post-featured-image\"><a href=\"https:\/\/hyphen.archi\/fr\/person\/marta-redondo-martinez\/\" target=\"_self\"  ><img decoding=\"async\" width=\"1667\" height=\"1667\" src=\"https:\/\/hyphen.archi\/app\/uploads\/2024\/07\/Marta.jpg\" class=\"attachment-post-thumbnail size-post-thumbnail wp-post-image\" alt=\"Marta Redondo Martinez\" style=\"width:100%;height:100%;object-fit:cover;\" srcset=\"https:\/\/hyphen.archi\/app\/uploads\/2024\/07\/Marta.jpg 1667w, https:\/\/hyphen.archi\/app\/uploads\/2024\/07\/Marta-300x300.jpg 300w, https:\/\/hyphen.archi\/app\/uploads\/2024\/07\/Marta-1024x1024.jpg 1024w, https:\/\/hyphen.archi\/app\/uploads\/2024\/07\/Marta-150x150.jpg 150w, https:\/\/hyphen.archi\/app\/uploads\/2024\/07\/Marta-768x768.jpg 768w, https:\/\/hyphen.archi\/app\/uploads\/2024\/07\/Marta-1536x1536.jpg 1536w\" sizes=\"(max-width: 1667px) 100vw, 1667px\" \/><\/a><\/figure>\n\n<h2 style=\"font-style:normal;font-weight:500; padding-top:0;padding-bottom:0;margin-top:0;margin-bottom:0;\" class=\"wp-block-post-title has-x-small-font-size\">Marta Redondo Martinez<\/h2>\n\n<div style=\"padding-top:0;padding-bottom:0;margin-top:0;margin-bottom:0;\" class=\"wp-block-post-excerpt has-x-small-font-size\"><p class=\"wp-block-post-excerpt__excerpt\">Associate <\/p><\/div>\n<\/li><li class=\"wp-block-post post-9352 person type-person status-publish has-post-thumbnail hentry expertise-larchitecture location-allemagne location-autriche location-belgique location-berlin-fr location-danemark location-norvege location-pays-bas location-pologne location-suisse people-type-main sector-bureau sector-centres-de-donnees-et-technologie sector-lhospitalite sector-logistique sector-residentiel-et-polyvalent sector-vente-au-detail\">\n<div class=\"is-display-block is-acf-field second-image wp-block-mfb-meta-field-block\"><div class=\"value\"><img decoding=\"async\" width=\"300\" height=\"300\" src=\"https:\/\/hyphen.archi\/app\/uploads\/2024\/02\/Olaf-Doodles-300x300.jpg\" class=\"attachment-medium size-medium\" alt=\"Olaf Gr\u00f6ger\" \/><\/div><\/div>\n\n<figure style=\"aspect-ratio:1;\" class=\"featured-image wp-block-post-featured-image\"><a href=\"https:\/\/hyphen.archi\/fr\/person\/olaf-groger\/\" target=\"_self\"  ><img decoding=\"async\" width=\"1667\" height=\"1667\" src=\"https:\/\/hyphen.archi\/app\/uploads\/2023\/12\/Olaf.jpg\" class=\"attachment-post-thumbnail size-post-thumbnail wp-post-image\" alt=\"Olaf Gr\u00f6ger\" style=\"width:100%;height:100%;object-fit:cover;\" srcset=\"https:\/\/hyphen.archi\/app\/uploads\/2023\/12\/Olaf.jpg 1667w, https:\/\/hyphen.archi\/app\/uploads\/2023\/12\/Olaf-300x300.jpg 300w, https:\/\/hyphen.archi\/app\/uploads\/2023\/12\/Olaf-1024x1024.jpg 1024w, https:\/\/hyphen.archi\/app\/uploads\/2023\/12\/Olaf-150x150.jpg 150w, https:\/\/hyphen.archi\/app\/uploads\/2023\/12\/Olaf-768x768.jpg 768w, https:\/\/hyphen.archi\/app\/uploads\/2023\/12\/Olaf-1536x1536.jpg 1536w\" sizes=\"(max-width: 1667px) 100vw, 1667px\" \/><\/a><\/figure>\n\n<h2 style=\"font-style:normal;font-weight:500; padding-top:0;padding-bottom:0;margin-top:0;margin-bottom:0;\" class=\"wp-block-post-title has-x-small-font-size\">Olaf Gr\u00f6ger<\/h2>\n\n<div style=\"padding-top:0;padding-bottom:0;margin-top:0;margin-bottom:0;\" class=\"wp-block-post-excerpt has-x-small-font-size\"><p class=\"wp-block-post-excerpt__excerpt\">Director <\/p><\/div>\n<\/li><li class=\"wp-block-post post-9360 person type-person status-publish has-post-thumbnail hentry expertise-durabilite expertise-larchitecture location-espagne location-madrid-fr location-perou location-portugal people-type-main sector-centres-de-donnees-et-technologie sector-logistique sector-vente-au-detail\">\n<div class=\"is-display-block is-acf-field second-image wp-block-mfb-meta-field-block\"><div class=\"value\"><img decoding=\"async\" width=\"300\" height=\"300\" src=\"https:\/\/hyphen.archi\/app\/uploads\/2024\/02\/Pablo-H-Doodles-300x300.jpg\" class=\"attachment-medium size-medium\" alt=\"Pablo Herr\u00e1iz de la Fuente\" \/><\/div><\/div>\n\n<figure style=\"aspect-ratio:1;\" class=\"featured-image wp-block-post-featured-image\"><a href=\"https:\/\/hyphen.archi\/fr\/person\/pablo-herraiz-de-la-fuente\/\" target=\"_self\"  ><img decoding=\"async\" width=\"1667\" height=\"1667\" src=\"https:\/\/hyphen.archi\/app\/uploads\/2023\/12\/Pablo-H.jpg\" class=\"attachment-post-thumbnail size-post-thumbnail wp-post-image\" alt=\"Pablo Herr\u00e1iz de la Fuente\" style=\"width:100%;height:100%;object-fit:cover;\" srcset=\"https:\/\/hyphen.archi\/app\/uploads\/2023\/12\/Pablo-H.jpg 1667w, https:\/\/hyphen.archi\/app\/uploads\/2023\/12\/Pablo-H-300x300.jpg 300w, https:\/\/hyphen.archi\/app\/uploads\/2023\/12\/Pablo-H-1024x1024.jpg 1024w, https:\/\/hyphen.archi\/app\/uploads\/2023\/12\/Pablo-H-150x150.jpg 150w, https:\/\/hyphen.archi\/app\/uploads\/2023\/12\/Pablo-H-768x768.jpg 768w, https:\/\/hyphen.archi\/app\/uploads\/2023\/12\/Pablo-H-1536x1536.jpg 1536w\" sizes=\"(max-width: 1667px) 100vw, 1667px\" \/><\/a><\/figure>\n\n<h2 style=\"font-style:normal;font-weight:500; padding-top:0;padding-bottom:0;margin-top:0;margin-bottom:0;\" class=\"wp-block-post-title has-x-small-font-size\">Pablo Herr\u00e1iz de la Fuente<\/h2>\n\n<div style=\"padding-top:0;padding-bottom:0;margin-top:0;margin-bottom:0;\" class=\"wp-block-post-excerpt has-x-small-font-size\"><p class=\"wp-block-post-excerpt__excerpt\">Associate <\/p><\/div>\n<\/li><li class=\"wp-block-post post-9304 person type-person status-publish has-post-thumbnail hentry expertise-durabilite expertise-larchitecture location-belgique location-france location-paris-fr location-suisse people-type-main sector-bureau sector-centres-de-donnees-et-technologie sector-lhospitalite sector-logistique sector-residentiel-et-polyvalent sector-vente-au-detail\">\n<div class=\"is-display-block is-acf-field second-image wp-block-mfb-meta-field-block\"><div class=\"value\"><img decoding=\"async\" width=\"300\" height=\"300\" src=\"https:\/\/hyphen.archi\/app\/uploads\/2023\/12\/Remi-Doodles-2-300x300.jpg\" class=\"attachment-medium size-medium\" alt=\"R\u00e9mi Pascal\" \/><\/div><\/div>\n\n<figure style=\"aspect-ratio:1;\" class=\"featured-image wp-block-post-featured-image\"><a href=\"https:\/\/hyphen.archi\/fr\/person\/remi-pascal\/\" target=\"_self\"  ><img decoding=\"async\" width=\"1667\" height=\"1667\" src=\"https:\/\/hyphen.archi\/app\/uploads\/2023\/12\/Remi.jpg\" class=\"attachment-post-thumbnail size-post-thumbnail wp-post-image\" alt=\"R\u00e9mi Pascal\" style=\"width:100%;height:100%;object-fit:cover;\" srcset=\"https:\/\/hyphen.archi\/app\/uploads\/2023\/12\/Remi.jpg 1667w, https:\/\/hyphen.archi\/app\/uploads\/2023\/12\/Remi-300x300.jpg 300w, https:\/\/hyphen.archi\/app\/uploads\/2023\/12\/Remi-1024x1024.jpg 1024w, https:\/\/hyphen.archi\/app\/uploads\/2023\/12\/Remi-150x150.jpg 150w, https:\/\/hyphen.archi\/app\/uploads\/2023\/12\/Remi-768x768.jpg 768w, https:\/\/hyphen.archi\/app\/uploads\/2023\/12\/Remi-1536x1536.jpg 1536w\" sizes=\"(max-width: 1667px) 100vw, 1667px\" \/><\/a><\/figure>\n\n<h2 style=\"font-style:normal;font-weight:500; padding-top:0;padding-bottom:0;margin-top:0;margin-bottom:0;\" class=\"wp-block-post-title has-x-small-font-size\">R\u00e9mi Pascal<\/h2>\n\n<div style=\"padding-top:0;padding-bottom:0;margin-top:0;margin-bottom:0;\" class=\"wp-block-post-excerpt has-x-small-font-size\"><p class=\"wp-block-post-excerpt__excerpt\">Director <\/p><\/div>\n<\/li><\/ul>\n\n\n<p><a href=\"https:\/\/hyphen.archi\/person\/anne-thurmann\/\" target=\"_blank\" rel=\"noreferrer noopener\">Prenez contact avec nous<\/a><\/p>\n<\/div>\n<\/div>\n\n\n\n<div class=\"wp-block-column is-layout-flow wp-block-column-is-layout-flow\" style=\"flex-basis:25%\"><\/div>\n\n\n\n<div class=\"wp-block-column is-layout-flow wp-block-column-is-layout-flow\" style=\"padding-right:0;padding-left:0%;flex-basis:25%\"><ul class=\"post-side-nav wp-block-page-list has-small-font-size\"><li class=\"wp-block-pages-list__item\"><a class=\"wp-block-pages-list__item__link\" href=\"https:\/\/hyphen.archi\/fr\/secteurs\/centres-de-donnees-et-technologie\/\">Datacenters et technologie<\/a><\/li><li class=\"wp-block-pages-list__item\"><a class=\"wp-block-pages-list__item__link\" href=\"https:\/\/hyphen.archi\/fr\/secteurs\/vente-au-detail\/\">Vente au d\u00e9tail<\/a><\/li><li class=\"wp-block-pages-list__item\"><a class=\"wp-block-pages-list__item__link\" href=\"https:\/\/hyphen.archi\/fr\/secteurs\/logistique\/\">Logistique<\/a><\/li><li class=\"wp-block-pages-list__item\"><a class=\"wp-block-pages-list__item__link\" href=\"https:\/\/hyphen.archi\/fr\/secteurs\/bureaux\/\">Bureaux<\/a><\/li><li class=\"wp-block-pages-list__item\"><a class=\"wp-block-pages-list__item__link\" href=\"https:\/\/hyphen.archi\/fr\/secteurs\/lhospitalite\/\">L&#8217;hospitalit\u00e9<\/a><\/li><li class=\"wp-block-pages-list__item\"><a class=\"wp-block-pages-list__item__link\" href=\"https:\/\/hyphen.archi\/fr\/secteurs\/residentiel-et-polyvalent\/\">R\u00e9sidentiel et usage mixte<\/a><\/li><\/ul><\/div>\n<\/div>\n<\/div>\n\n\n\n<div class=\"wp-block-group has-tertiary-background-color has-background is-layout-flow wp-block-group-is-layout-flow\" style=\"margin-top:var(--wp--preset--spacing--40);padding-top:var(--wp--preset--spacing--40);padding-right:var(--wp--preset--spacing--40);padding-bottom:var(--wp--preset--spacing--40);padding-left:var(--wp--preset--spacing--40)\">\n<h2 class=\"wp-block-heading has-large-font-size\" style=\"margin-bottom:var(--wp--preset--spacing--40)\">Contenu associ\u00e9<\/h2>\n\n\n\n<div id=\"related\" class=\"wp-block-group is-layout-flow wp-block-group-is-layout-flow\" style=\"padding-top:0;padding-right:0;padding-bottom:var(--wp--preset--spacing--30);padding-left:0\">\n<div class=\"wp-block-query ghub-query-id-14 is-layout-flow ghub-query-id-14-is-layout-flow cbb-query-1-1\"><ul id=\"14\" class=\"wp-block-post-template is-layout-flow wp-block-post-template-is-layout-flow\"><li class=\"wp-block-post post-7720 post type-post status-publish format-standard has-post-thumbnail hentry category-perspective-fr expertise-larchitecture location-allemagne location-berlin-fr sector-logistique\">\n\n<div class=\"wp-block-boldblocks-group cbb-block is-layout-flow wp-block-boldblocks-group-is-layout-flow cbb-1-1 sm-cbb-aspect-ratio cbb-layout-grid sm-cbb-v-align bb:has-overlay bb:has-background bb:has-background--image\" style=\"padding-top:0;padding-right:var(--wp--preset--spacing--30);padding-bottom:0;padding-left:var(--wp--preset--spacing--30)\"><div class=\"bb:block-background bb:block-background--image cbb-bg-image\" style=\"background-image:url(https:\/\/hyphen.archi\/app\/uploads\/2022\/11\/Guillermo-Yanguez.jpg);background-position:50% 50%;background-repeat:no-repeat;background-size:cover;\"   data-src=\"https:\/\/hyphen.archi\/app\/uploads\/2022\/11\/Guillermo-Yanguez.jpg\" data-width=\"1920\" data-height=\"1440\"><\/div><div aria-hidden=\"true\" class=\"bb:block-overlay\" style=\"background:var(--wp--preset--color--contrast, #000000);opacity:0.3;\"><\/div><a class=\"bb:link-to-post\" href=\"https:\/\/hyphen.archi\/fr\/why-should-architects-work-in-the-logistics-sector\/\" aria-label=\"Why should architects work in the logistics sector?\" rel=\"permalink\"><\/a><h2 style=\"font-style:normal;font-weight:500;line-height:1; padding-top:0;padding-bottom:0;margin-bottom:var(--wp--preset--spacing--30);\" class=\"has-link-color with-arrow wp-elements-cddc8c8c55571caa1892de1356394a9d wp-block-post-title has-text-color has-base-color has-medium-font-size\">Why should architects work in the logistics sector?<\/h2><\/div>\n\n<\/li><li class=\"wp-block-post post-7506 post type-post status-publish format-standard has-post-thumbnail hentry category-perspective-fr expertise-design-dinterieur expertise-larchitecture location-france location-paris-fr sector-logistique\">\n\n<div class=\"wp-block-boldblocks-group cbb-block is-layout-flow wp-block-boldblocks-group-is-layout-flow cbb-1-1 sm-cbb-aspect-ratio cbb-layout-grid sm-cbb-v-align bb:has-overlay bb:has-background bb:has-background--image\" style=\"padding-top:0;padding-right:var(--wp--preset--spacing--30);padding-bottom:0;padding-left:var(--wp--preset--spacing--30)\"><div class=\"bb:block-background bb:block-background--image cbb-bg-image\" style=\"background-image:url(https:\/\/hyphen.archi\/app\/uploads\/2023\/12\/Carole_and_Xavier_2021-e1702644502181.jpg);background-position:50% 50%;background-repeat:no-repeat;background-size:cover;\"   data-src=\"https:\/\/hyphen.archi\/app\/uploads\/2023\/12\/Carole_and_Xavier_2021-e1702644502181.jpg\" data-width=\"1282\" data-height=\"717\"><\/div><div aria-hidden=\"true\" class=\"bb:block-overlay\" style=\"background:var(--wp--preset--color--contrast, #000000);opacity:0.3;\"><\/div><a class=\"bb:link-to-post\" href=\"https:\/\/hyphen.archi\/fr\/new-opportunities-in-new-locations-for-paris-team\/\" aria-label=\"New opportunities in new locations for Paris team\" rel=\"permalink\"><\/a><h2 style=\"font-style:normal;font-weight:500;line-height:1; padding-top:0;padding-bottom:0;margin-bottom:var(--wp--preset--spacing--30);\" class=\"has-link-color with-arrow wp-elements-cddc8c8c55571caa1892de1356394a9d wp-block-post-title has-text-color has-base-color has-medium-font-size\">New opportunities in new locations for Paris team<\/h2><\/div>\n\n<\/li><li class=\"wp-block-post post-7417 post type-post status-publish format-standard has-post-thumbnail hentry category-actualites tag-wa100-fr expertise-larchitecture sector-logistique sector-vente-au-detail\">\n\n<div class=\"wp-block-boldblocks-group cbb-block is-layout-flow wp-block-boldblocks-group-is-layout-flow cbb-1-1 sm-cbb-aspect-ratio cbb-layout-grid sm-cbb-v-align bb:has-overlay bb:has-background bb:has-background--image\" style=\"padding-top:0;padding-right:var(--wp--preset--spacing--30);padding-bottom:0;padding-left:var(--wp--preset--spacing--30)\"><div class=\"bb:block-background bb:block-background--image cbb-bg-image\" style=\"background-image:url(https:\/\/hyphen.archi\/app\/uploads\/2024\/01\/WA100-2024-Linkedin.jpg);background-position:50% 50%;background-repeat:no-repeat;background-size:cover;\"   data-src=\"https:\/\/hyphen.archi\/app\/uploads\/2024\/01\/WA100-2024-Linkedin.jpg\" data-width=\"1200\" data-height=\"630\"><\/div><div aria-hidden=\"true\" class=\"bb:block-overlay\" style=\"background:var(--wp--preset--color--contrast, #000000);opacity:0.3;\"><\/div><a class=\"bb:link-to-post\" href=\"https:\/\/hyphen.archi\/fr\/hyphen-listed-in-wa100-ranking-for-third-time\/\" aria-label=\"Hyphen listed in WA100 ranking for third time\" rel=\"permalink\"><\/a><h2 style=\"font-style:normal;font-weight:500;line-height:1; padding-top:0;padding-bottom:0;margin-bottom:var(--wp--preset--spacing--30);\" class=\"has-link-color with-arrow wp-elements-cddc8c8c55571caa1892de1356394a9d wp-block-post-title has-text-color has-base-color has-medium-font-size\">Hyphen listed in WA100 ranking for third time<\/h2><\/div>\n\n<\/li><\/ul>\n\n<\/div>\n<\/div>\n\n\n<\/div>\n","protected":false},"excerpt":{"rendered":"<p>Vous \u00eates un op\u00e9rateur et un d\u00e9veloppeur logistique mondial et vous avez besoin d&#8217;une gamme compl\u00e8te de services d&#8217;architecture et de gestion ? Nous avons une connaissance approfondie des besoins des locataires et avons r\u00e9alis\u00e9 des projets dans plus de 40 villes europ\u00e9ennes rien qu&#8217;au cours des deux derni\u00e8res ann\u00e9es.<\/p>\n","protected":false},"author":1,"featured_media":3109,"parent":7261,"menu_order":2,"comment_status":"closed","ping_status":"closed","template":"page-epic","meta":{"_acf_changed":false,"CBBTypography":[],"footnotes":""},"expertise":[],"location":[],"sector":[],"class_list":["post-7279","page","type-page","status-publish","has-post-thumbnail","hentry"],"acf":[],"mb":[],"yoast_head":"<!-- This site is optimized with the Yoast SEO Premium plugin v25.9 (Yoast SEO v27.4) - https:\/\/yoast.com\/product\/yoast-seo-premium-wordpress\/ -->\n<title>Logistique - Hyphen<\/title>\n<meta name=\"robots\" content=\"index, follow, max-snippet:-1, max-image-preview:large, max-video-preview:-1\" \/>\n<link rel=\"canonical\" href=\"https:\/\/hyphen.archi\/fr\/secteurs\/logistique\/\" \/>\n<meta property=\"og:locale\" content=\"fr_FR\" \/>\n<meta property=\"og:type\" content=\"article\" \/>\n<meta property=\"og:title\" content=\"Logistique\" \/>\n<meta property=\"og:description\" content=\"Vous \u00eates un op\u00e9rateur et un d\u00e9veloppeur logistique mondial et vous avez besoin d&#039;une gamme compl\u00e8te de services d&#039;architecture et de gestion ? Nous avons une connaissance approfondie des besoins des locataires et avons r\u00e9alis\u00e9 des projets dans plus de 40 villes europ\u00e9ennes rien qu&#039;au cours des deux derni\u00e8res ann\u00e9es.\" \/>\n<meta property=\"og:url\" content=\"https:\/\/hyphen.archi\/fr\/secteurs\/logistique\/\" \/>\n<meta property=\"og:site_name\" content=\"Hyphen\" \/>\n<meta property=\"article:modified_time\" content=\"2024-07-24T09:49:40+00:00\" \/>\n<meta property=\"og:image\" content=\"http:\/\/hyphen.archi\/app\/uploads\/2023\/12\/Logistics.jpg\" \/>\n\t<meta property=\"og:image:width\" content=\"1920\" \/>\n\t<meta property=\"og:image:height\" content=\"1240\" \/>\n\t<meta property=\"og:image:type\" content=\"image\/jpeg\" \/>\n<meta name=\"twitter:card\" content=\"summary_large_image\" \/>\n<meta name=\"twitter:label1\" content=\"Est. reading time\" \/>\n\t<meta name=\"twitter:data1\" content=\"1 minute\" \/>\n<script type=\"application\/ld+json\" class=\"yoast-schema-graph\">{\"@context\":\"https:\\\/\\\/schema.org\",\"@graph\":[{\"@type\":\"WebPage\",\"@id\":\"https:\\\/\\\/hyphen.archi\\\/fr\\\/secteurs\\\/logistique\\\/\",\"url\":\"https:\\\/\\\/hyphen.archi\\\/fr\\\/secteurs\\\/logistique\\\/\",\"name\":\"Logistique - Hyphen\",\"isPartOf\":{\"@id\":\"https:\\\/\\\/hyphen.archi\\\/fr\\\/#website\"},\"primaryImageOfPage\":{\"@id\":\"https:\\\/\\\/hyphen.archi\\\/fr\\\/secteurs\\\/logistique\\\/#primaryimage\"},\"image\":{\"@id\":\"https:\\\/\\\/hyphen.archi\\\/fr\\\/secteurs\\\/logistique\\\/#primaryimage\"},\"thumbnailUrl\":\"https:\\\/\\\/hyphen.archi\\\/app\\\/uploads\\\/2023\\\/12\\\/Logistics.jpg\",\"datePublished\":\"2023-11-08T15:50:45+00:00\",\"dateModified\":\"2024-07-24T09:49:40+00:00\",\"breadcrumb\":{\"@id\":\"https:\\\/\\\/hyphen.archi\\\/fr\\\/secteurs\\\/logistique\\\/#breadcrumb\"},\"inLanguage\":\"fr-FR\",\"potentialAction\":[{\"@type\":\"ReadAction\",\"target\":[\"https:\\\/\\\/hyphen.archi\\\/fr\\\/secteurs\\\/logistique\\\/\"]}]},{\"@type\":\"ImageObject\",\"inLanguage\":\"fr-FR\",\"@id\":\"https:\\\/\\\/hyphen.archi\\\/fr\\\/secteurs\\\/logistique\\\/#primaryimage\",\"url\":\"https:\\\/\\\/hyphen.archi\\\/app\\\/uploads\\\/2023\\\/12\\\/Logistics.jpg\",\"contentUrl\":\"https:\\\/\\\/hyphen.archi\\\/app\\\/uploads\\\/2023\\\/12\\\/Logistics.jpg\",\"width\":1920,\"height\":1240,\"caption\":\"Steel framework of large building under construction in snowy landscape.\"},{\"@type\":\"BreadcrumbList\",\"@id\":\"https:\\\/\\\/hyphen.archi\\\/fr\\\/secteurs\\\/logistique\\\/#breadcrumb\",\"itemListElement\":[{\"@type\":\"ListItem\",\"position\":1,\"name\":\"Home\",\"item\":\"https:\\\/\\\/hyphen.archi\\\/fr\\\/\"},{\"@type\":\"ListItem\",\"position\":2,\"name\":\"Secteurs\",\"item\":\"https:\\\/\\\/hyphen.archi\\\/fr\\\/secteurs\\\/\"},{\"@type\":\"ListItem\",\"position\":3,\"name\":\"Logistique\"}]},{\"@type\":\"WebSite\",\"@id\":\"https:\\\/\\\/hyphen.archi\\\/fr\\\/#website\",\"url\":\"https:\\\/\\\/hyphen.archi\\\/fr\\\/\",\"name\":\"Hyphen\",\"description\":\"International Architecture Firm\",\"publisher\":{\"@id\":\"https:\\\/\\\/hyphen.archi\\\/fr\\\/#organization\"},\"potentialAction\":[{\"@type\":\"SearchAction\",\"target\":{\"@type\":\"EntryPoint\",\"urlTemplate\":\"https:\\\/\\\/hyphen.archi\\\/fr\\\/?s={search_term_string}\"},\"query-input\":{\"@type\":\"PropertyValueSpecification\",\"valueRequired\":true,\"valueName\":\"search_term_string\"}}],\"inLanguage\":\"fr-FR\"},{\"@type\":\"Organization\",\"@id\":\"https:\\\/\\\/hyphen.archi\\\/fr\\\/#organization\",\"name\":\"Hyphen\",\"url\":\"https:\\\/\\\/hyphen.archi\\\/fr\\\/\",\"logo\":{\"@type\":\"ImageObject\",\"inLanguage\":\"fr-FR\",\"@id\":\"https:\\\/\\\/hyphen.archi\\\/fr\\\/#\\\/schema\\\/logo\\\/image\\\/\",\"url\":\"https:\\\/\\\/hyphen.archi\\\/app\\\/uploads\\\/2024\\\/03\\\/Favicon-no_BG.png\",\"contentUrl\":\"https:\\\/\\\/hyphen.archi\\\/app\\\/uploads\\\/2024\\\/03\\\/Favicon-no_BG.png\",\"width\":792,\"height\":793,\"caption\":\"Hyphen\"},\"image\":{\"@id\":\"https:\\\/\\\/hyphen.archi\\\/fr\\\/#\\\/schema\\\/logo\\\/image\\\/\"},\"sameAs\":[\"https:\\\/\\\/www.linkedin.com\\\/company\\\/hyphen.archi\\\/\",\"https:\\\/\\\/www.instagram.com\\\/hyphen_archi\\\/\"]}]}<\/script>\n<!-- \/ Yoast SEO Premium plugin. -->","yoast_head_json":{"title":"Logistique - Hyphen","robots":{"index":"index","follow":"follow","max-snippet":"max-snippet:-1","max-image-preview":"max-image-preview:large","max-video-preview":"max-video-preview:-1"},"canonical":"https:\/\/hyphen.archi\/fr\/secteurs\/logistique\/","og_locale":"fr_FR","og_type":"article","og_title":"Logistique","og_description":"Vous \u00eates un op\u00e9rateur et un d\u00e9veloppeur logistique mondial et vous avez besoin d'une gamme compl\u00e8te de services d'architecture et de gestion ? Nous avons une connaissance approfondie des besoins des locataires et avons r\u00e9alis\u00e9 des projets dans plus de 40 villes europ\u00e9ennes rien qu'au cours des deux derni\u00e8res ann\u00e9es.","og_url":"https:\/\/hyphen.archi\/fr\/secteurs\/logistique\/","og_site_name":"Hyphen","article_modified_time":"2024-07-24T09:49:40+00:00","og_image":[{"width":1920,"height":1240,"url":"http:\/\/hyphen.archi\/app\/uploads\/2023\/12\/Logistics.jpg","type":"image\/jpeg"}],"twitter_card":"summary_large_image","twitter_misc":{"Est. reading time":"1 minute"},"schema":{"@context":"https:\/\/schema.org","@graph":[{"@type":"WebPage","@id":"https:\/\/hyphen.archi\/fr\/secteurs\/logistique\/","url":"https:\/\/hyphen.archi\/fr\/secteurs\/logistique\/","name":"Logistique - Hyphen","isPartOf":{"@id":"https:\/\/hyphen.archi\/fr\/#website"},"primaryImageOfPage":{"@id":"https:\/\/hyphen.archi\/fr\/secteurs\/logistique\/#primaryimage"},"image":{"@id":"https:\/\/hyphen.archi\/fr\/secteurs\/logistique\/#primaryimage"},"thumbnailUrl":"https:\/\/hyphen.archi\/app\/uploads\/2023\/12\/Logistics.jpg","datePublished":"2023-11-08T15:50:45+00:00","dateModified":"2024-07-24T09:49:40+00:00","breadcrumb":{"@id":"https:\/\/hyphen.archi\/fr\/secteurs\/logistique\/#breadcrumb"},"inLanguage":"fr-FR","potentialAction":[{"@type":"ReadAction","target":["https:\/\/hyphen.archi\/fr\/secteurs\/logistique\/"]}]},{"@type":"ImageObject","inLanguage":"fr-FR","@id":"https:\/\/hyphen.archi\/fr\/secteurs\/logistique\/#primaryimage","url":"https:\/\/hyphen.archi\/app\/uploads\/2023\/12\/Logistics.jpg","contentUrl":"https:\/\/hyphen.archi\/app\/uploads\/2023\/12\/Logistics.jpg","width":1920,"height":1240,"caption":"Steel framework of large building under construction in snowy landscape."},{"@type":"BreadcrumbList","@id":"https:\/\/hyphen.archi\/fr\/secteurs\/logistique\/#breadcrumb","itemListElement":[{"@type":"ListItem","position":1,"name":"Home","item":"https:\/\/hyphen.archi\/fr\/"},{"@type":"ListItem","position":2,"name":"Secteurs","item":"https:\/\/hyphen.archi\/fr\/secteurs\/"},{"@type":"ListItem","position":3,"name":"Logistique"}]},{"@type":"WebSite","@id":"https:\/\/hyphen.archi\/fr\/#website","url":"https:\/\/hyphen.archi\/fr\/","name":"Hyphen","description":"International Architecture Firm","publisher":{"@id":"https:\/\/hyphen.archi\/fr\/#organization"},"potentialAction":[{"@type":"SearchAction","target":{"@type":"EntryPoint","urlTemplate":"https:\/\/hyphen.archi\/fr\/?s={search_term_string}"},"query-input":{"@type":"PropertyValueSpecification","valueRequired":true,"valueName":"search_term_string"}}],"inLanguage":"fr-FR"},{"@type":"Organization","@id":"https:\/\/hyphen.archi\/fr\/#organization","name":"Hyphen","url":"https:\/\/hyphen.archi\/fr\/","logo":{"@type":"ImageObject","inLanguage":"fr-FR","@id":"https:\/\/hyphen.archi\/fr\/#\/schema\/logo\/image\/","url":"https:\/\/hyphen.archi\/app\/uploads\/2024\/03\/Favicon-no_BG.png","contentUrl":"https:\/\/hyphen.archi\/app\/uploads\/2024\/03\/Favicon-no_BG.png","width":792,"height":793,"caption":"Hyphen"},"image":{"@id":"https:\/\/hyphen.archi\/fr\/#\/schema\/logo\/image\/"},"sameAs":["https:\/\/www.linkedin.com\/company\/hyphen.archi\/","https:\/\/www.instagram.com\/hyphen_archi\/"]}]}},"mfb_rest_fields":["title","yoast_head","yoast_head_json"],"_links":{"self":[{"href":"https:\/\/hyphen.archi\/fr\/wp-json\/wp\/v2\/pages\/7279","targetHints":{"allow":["GET"]}}],"collection":[{"href":"https:\/\/hyphen.archi\/fr\/wp-json\/wp\/v2\/pages"}],"about":[{"href":"https:\/\/hyphen.archi\/fr\/wp-json\/wp\/v2\/types\/page"}],"author":[{"embeddable":true,"href":"https:\/\/hyphen.archi\/fr\/wp-json\/wp\/v2\/users\/1"}],"replies":[{"embeddable":true,"href":"https:\/\/hyphen.archi\/fr\/wp-json\/wp\/v2\/comments?post=7279"}],"version-history":[{"count":16,"href":"https:\/\/hyphen.archi\/fr\/wp-json\/wp\/v2\/pages\/7279\/revisions"}],"predecessor-version":[{"id":12559,"href":"https:\/\/hyphen.archi\/fr\/wp-json\/wp\/v2\/pages\/7279\/revisions\/12559"}],"up":[{"embeddable":true,"href":"https:\/\/hyphen.archi\/fr\/wp-json\/wp\/v2\/pages\/7261"}],"wp:featuredmedia":[{"embeddable":true,"href":"https:\/\/hyphen.archi\/fr\/wp-json\/wp\/v2\/media\/3109"}],"wp:attachment":[{"href":"https:\/\/hyphen.archi\/fr\/wp-json\/wp\/v2\/media?parent=7279"}],"wp:term":[{"taxonomy":"expertise","embeddable":true,"href":"https:\/\/hyphen.archi\/fr\/wp-json\/wp\/v2\/expertise?post=7279"},{"taxonomy":"location","embeddable":true,"href":"https:\/\/hyphen.archi\/fr\/wp-json\/wp\/v2\/location?post=7279"},{"taxonomy":"sector","embeddable":true,"href":"https:\/\/hyphen.archi\/fr\/wp-json\/wp\/v2\/sector?post=7279"}],"curies":[{"name":"wp","href":"https:\/\/api.w.org\/{rel}","templated":true}]}}