
{"id":7301,"date":"2023-11-08T15:47:48","date_gmt":"2023-11-08T15:47:48","guid":{"rendered":"http:\/\/hyphen.archi\/secteurs\/vente-au-detail\/"},"modified":"2024-10-18T12:12:19","modified_gmt":"2024-10-18T12:12:19","slug":"vente-au-detail","status":"publish","type":"page","link":"https:\/\/hyphen.archi\/fr\/secteurs\/vente-au-detail\/","title":{"rendered":"Vente au d\u00e9tail"},"content":{"rendered":"\n<div class=\"wp-block-boldblocks-group cbb-block background-image-animation is-layout-flow wp-block-boldblocks-group-is-layout-flow cbb-g-1 cbb-layout-grid sm-cbb-v-align bb:has-overlay bb:has-background bb:has-background--image js-animation-bg-parallax\" style=\"min-height:80vh;margin-bottom:var(--wp--preset--spacing--40);padding-top:0;padding-right:var(--wp--preset--spacing--40);padding-bottom:0;padding-left:var(--wp--preset--spacing--40)\"><div class=\"bb:block-background bb:block-background--image cbb-bg-image bg-parallax\" style=\"background-image:url(https:\/\/hyphen.archi\/app\/uploads\/2024\/07\/GA367_Madrid_GFL_GreatRoom_Byron_LTOak_V2_002_MKGALLERY-1.jpg);background-position:50% 50%;background-repeat:no-repeat;background-size:cover;\"   data-speed=\"0.5\" data-src=\"https:\/\/hyphen.archi\/app\/uploads\/2024\/07\/GA367_Madrid_GFL_GreatRoom_Byron_LTOak_V2_002_MKGALLERY-1.jpg\" data-width=\"1920\" data-height=\"1213\"><\/div><div aria-hidden=\"true\" class=\"bb:block-overlay\" style=\"background:var(--wp--preset--color--contrast, #000000);opacity:0.3;\"><\/div>\n<h1 class=\"wp-block-heading has-base-color has-text-color\" style=\"margin-top:0;margin-right:0;margin-bottom:var(--wp--preset--spacing--40);margin-left:0\">Vente au d\u00e9tail<\/h1>\n<\/div>\n\n<div class=\"wp-block-group is-layout-flow wp-block-group-is-layout-flow\" style=\"padding-right:var(--wp--preset--spacing--40);padding-left:var(--wp--preset--spacing--40)\">\n<div class=\"wp-block-buttons is-layout-flex wp-block-buttons-is-layout-flex\" style=\"margin-bottom:var(--wp--preset--spacing--30)\">\n<div class=\"wp-block-button has-custom-font-size arrow-before has-small-font-size\"><a class=\"wp-block-button__link has-contrast-color has-base-background-color has-text-color has-background wp-element-button\" href=\"https:\/\/hyphen.archi\/fr\/secteurs\/\" style=\"padding-top:0;padding-right:0;padding-bottom:0;padding-left:0\">Tous les secteurs<\/a><\/div>\n<\/div>\n\n\n\n<div class=\"wp-block-columns is-style-reverse-mobile is-layout-flex wp-container-core-columns-is-layout-7fc3d43a wp-block-columns-is-layout-flex\">\n<div class=\"wp-block-column is-layout-flow wp-block-column-is-layout-flow\">\n<p class=\"has-large-font-size\">La vente au public ne se limite plus uniquement aux produits, mais englobe \u00e9galement la relation entre une marque et ses utilisateurs. Nous sommes fiers d&#8217;avoir r\u00e9alis\u00e9 des projets pour de nombreuses marques parmi les plus luxueuses au monde.<\/p>\n\n\n\n<p class=\"has-medium-font-size\">Nous adaptons nos comp\u00e9tences pour r\u00e9pondre aux diff\u00e9rentes sp\u00e9cifications des projets, qu&#8217;il s&#8217;agisse d&#8217;un magasin phare haut de gamme, d&#8217;une concession a\u00e9roportuaire de luxe ou d&#8217;un grand magasin renomm\u00e9.  <\/p>\n\n\n\n<p class=\"has-medium-font-size\">Avec plus de 30 ans d&#8217;exp\u00e9rience dans le secteur de la vente au d\u00e9tail, Hyphen a travaill\u00e9 dans certains des lieux de vente les plus prestigieux d&#8217;Europe et d&#8217;Am\u00e9rique latine &#8211; du Palacio de Hierro \u00e0 Mexico \u00e0 Bond Street \u00e0 Londres, en passant par La Samaritaine \u00e0 Paris et le Kurf\u00fcrstendamm \u00e0 Berlin.<\/p>\n\n\n\n<div class=\"wp-block-group is-layout-flow wp-block-group-is-layout-flow\">\n<h2 class=\"wp-block-heading has-small-font-size\" style=\"margin-top:var(--wp--preset--spacing--40);margin-bottom:1rem;font-style:normal;font-weight:500\">Our experts:<\/h2>\n\n\n\n<div class=\"wp-block-query is-layout-flow wp-block-query-is-layout-flow cbb-query-9-1\"><ul id=\"\" class=\"wp-block-post-template is-layout-flow wp-block-post-template-is-layout-flow\"><li class=\"wp-block-post post-9678 person type-person status-publish has-post-thumbnail hentry expertise-larchitecture location-allemagne location-angleterre location-autriche location-belgique location-berlin-fr location-ecosse location-france location-londres location-paris-fr location-pays-de-galles location-royaume-uni people-type-main sector-vente-au-detail\">\n<div class=\"is-display-block is-acf-field second-image wp-block-mfb-meta-field-block\"><div class=\"value\"><img decoding=\"async\" width=\"300\" height=\"300\" src=\"https:\/\/hyphen.archi\/app\/uploads\/2024\/02\/Eddie-Doodles-300x300.jpg\" class=\"attachment-medium size-medium\" alt=\"Eddie Miles\" \/><\/div><\/div>\n\n<figure style=\"aspect-ratio:1;\" class=\"featured-image wp-block-post-featured-image\"><a href=\"https:\/\/hyphen.archi\/fr\/person\/eddie-miles\/\" target=\"_self\"  ><img decoding=\"async\" width=\"1667\" height=\"1667\" src=\"https:\/\/hyphen.archi\/app\/uploads\/2023\/11\/Eddie.jpg\" class=\"attachment-post-thumbnail size-post-thumbnail wp-post-image\" alt=\"Eddie Miles\" style=\"width:100%;height:100%;object-fit:cover;\" srcset=\"https:\/\/hyphen.archi\/app\/uploads\/2023\/11\/Eddie.jpg 1667w, https:\/\/hyphen.archi\/app\/uploads\/2023\/11\/Eddie-300x300.jpg 300w, https:\/\/hyphen.archi\/app\/uploads\/2023\/11\/Eddie-1024x1024.jpg 1024w, https:\/\/hyphen.archi\/app\/uploads\/2023\/11\/Eddie-150x150.jpg 150w, https:\/\/hyphen.archi\/app\/uploads\/2023\/11\/Eddie-768x768.jpg 768w, https:\/\/hyphen.archi\/app\/uploads\/2023\/11\/Eddie-1536x1536.jpg 1536w\" sizes=\"(max-width: 1667px) 100vw, 1667px\" \/><\/a><\/figure>\n\n<h2 style=\"font-style:normal;font-weight:500; padding-top:0;padding-bottom:0;margin-top:0;margin-bottom:0;\" class=\"wp-block-post-title has-x-small-font-size\">Eddie Miles<\/h2>\n\n<div style=\"padding-top:0;padding-bottom:0;margin-top:0;margin-bottom:0;\" class=\"wp-block-post-excerpt has-x-small-font-size\"><p class=\"wp-block-post-excerpt__excerpt\">Chair <\/p><\/div>\n<\/li><li class=\"wp-block-post post-9516 person type-person status-publish has-post-thumbnail hentry expertise-larchitecture location-angleterre location-ecosse location-londres location-pays-de-galles location-royaume-uni location-suede location-winchester-fr people-type-main sector-residentiel-et-polyvalent sector-vente-au-detail\">\n<div class=\"is-display-block is-acf-field second-image wp-block-mfb-meta-field-block\"><div class=\"value\"><img decoding=\"async\" width=\"300\" height=\"300\" src=\"https:\/\/hyphen.archi\/app\/uploads\/2023\/12\/Aimee-Doodles-2-300x300.jpg\" class=\"attachment-medium size-medium\" alt=\"Aimee Hooper\" \/><\/div><\/div>\n\n<figure style=\"aspect-ratio:1;\" class=\"featured-image wp-block-post-featured-image\"><a href=\"https:\/\/hyphen.archi\/fr\/person\/aimee-hooper\/\" target=\"_self\"  ><img decoding=\"async\" width=\"1667\" height=\"1667\" src=\"https:\/\/hyphen.archi\/app\/uploads\/2023\/12\/Aimee-2.jpg\" class=\"attachment-post-thumbnail size-post-thumbnail wp-post-image\" alt=\"Aimee Hooper\" style=\"width:100%;height:100%;object-fit:cover;\" srcset=\"https:\/\/hyphen.archi\/app\/uploads\/2023\/12\/Aimee-2.jpg 1667w, https:\/\/hyphen.archi\/app\/uploads\/2023\/12\/Aimee-2-300x300.jpg 300w, https:\/\/hyphen.archi\/app\/uploads\/2023\/12\/Aimee-2-1024x1024.jpg 1024w, https:\/\/hyphen.archi\/app\/uploads\/2023\/12\/Aimee-2-150x150.jpg 150w, https:\/\/hyphen.archi\/app\/uploads\/2023\/12\/Aimee-2-768x768.jpg 768w, https:\/\/hyphen.archi\/app\/uploads\/2023\/12\/Aimee-2-1536x1536.jpg 1536w\" sizes=\"(max-width: 1667px) 100vw, 1667px\" \/><\/a><\/figure>\n\n<h2 style=\"font-style:normal;font-weight:500; padding-top:0;padding-bottom:0;margin-top:0;margin-bottom:0;\" class=\"wp-block-post-title has-x-small-font-size\">Aimee Hooper<\/h2>\n\n<div style=\"padding-top:0;padding-bottom:0;margin-top:0;margin-bottom:0;\" class=\"wp-block-post-excerpt has-x-small-font-size\"><p class=\"wp-block-post-excerpt__excerpt\">Senior associate <\/p><\/div>\n<\/li><li class=\"wp-block-post post-9609 person type-person status-publish has-post-thumbnail hentry expertise-larchitecture location-angleterre location-belfast-fr location-belgique location-danemark location-ecosse location-irlande location-irlande-du-nord location-londres location-monaghan-fr location-norvege location-pays-de-galles location-pays-bas location-pologne location-republique-tcheque location-royaume-uni location-winchester-fr people-type-main sector-bureau sector-centres-de-donnees-et-technologie sector-lhospitalite sector-logistique sector-residentiel-et-polyvalent sector-vente-au-detail\">\n<div class=\"is-display-block is-acf-field second-image wp-block-mfb-meta-field-block\"><div class=\"value\"><img decoding=\"async\" width=\"300\" height=\"300\" src=\"https:\/\/hyphen.archi\/app\/uploads\/2023\/11\/Alan-Doodles-2-300x300.jpg\" class=\"attachment-medium size-medium\" alt=\"Alan Cheyne\" \/><\/div><\/div>\n\n<figure style=\"aspect-ratio:1;\" class=\"featured-image wp-block-post-featured-image\"><a href=\"https:\/\/hyphen.archi\/fr\/person\/alan-cheyne\/\" target=\"_self\"  ><img decoding=\"async\" width=\"1667\" height=\"1667\" src=\"https:\/\/hyphen.archi\/app\/uploads\/2023\/11\/Alan-2.png\" class=\"attachment-post-thumbnail size-post-thumbnail wp-post-image\" alt=\"Alan Cheyne\" style=\"width:100%;height:100%;object-fit:cover;\" srcset=\"https:\/\/hyphen.archi\/app\/uploads\/2023\/11\/Alan-2.png 1667w, https:\/\/hyphen.archi\/app\/uploads\/2023\/11\/Alan-2-300x300.png 300w, https:\/\/hyphen.archi\/app\/uploads\/2023\/11\/Alan-2-1024x1024.png 1024w, https:\/\/hyphen.archi\/app\/uploads\/2023\/11\/Alan-2-150x150.png 150w, https:\/\/hyphen.archi\/app\/uploads\/2023\/11\/Alan-2-768x768.png 768w, https:\/\/hyphen.archi\/app\/uploads\/2023\/11\/Alan-2-1536x1536.png 1536w\" sizes=\"(max-width: 1667px) 100vw, 1667px\" \/><\/a><\/figure>\n\n<h2 style=\"font-style:normal;font-weight:500; padding-top:0;padding-bottom:0;margin-top:0;margin-bottom:0;\" class=\"wp-block-post-title has-x-small-font-size\">Alan Cheyne<\/h2>\n\n<div style=\"padding-top:0;padding-bottom:0;margin-top:0;margin-bottom:0;\" class=\"wp-block-post-excerpt has-x-small-font-size\"><p class=\"wp-block-post-excerpt__excerpt\">Managing director, UK and Ireland <\/p><\/div>\n<\/li><li class=\"wp-block-post post-9481 person type-person status-publish has-post-thumbnail hentry expertise-larchitecture location-belgique location-espagne location-madrid-fr location-pays-bas location-portugal people-type-main sector-bureau sector-logistique sector-vente-au-detail\">\n<div class=\"is-display-block is-acf-field second-image wp-block-mfb-meta-field-block\"><div class=\"value\"><img decoding=\"async\" width=\"300\" height=\"300\" src=\"https:\/\/hyphen.archi\/app\/uploads\/2023\/12\/Beatriz-Doodle-300x300.jpg\" class=\"attachment-medium size-medium\" alt=\"Beatriz Mor\u00e1n Mu\u00f1oz\" \/><\/div><\/div>\n\n<figure style=\"aspect-ratio:1;\" class=\"featured-image wp-block-post-featured-image\"><a href=\"https:\/\/hyphen.archi\/fr\/person\/beatriz-moran-munoz\/\" target=\"_self\"  ><img decoding=\"async\" width=\"1667\" height=\"1667\" src=\"https:\/\/hyphen.archi\/app\/uploads\/2023\/12\/Beatriz.jpg\" class=\"attachment-post-thumbnail size-post-thumbnail wp-post-image\" alt=\"Beatriz Mor\u00e1n Mu\u00f1oz\" style=\"width:100%;height:100%;object-fit:cover;\" srcset=\"https:\/\/hyphen.archi\/app\/uploads\/2023\/12\/Beatriz.jpg 1667w, https:\/\/hyphen.archi\/app\/uploads\/2023\/12\/Beatriz-300x300.jpg 300w, https:\/\/hyphen.archi\/app\/uploads\/2023\/12\/Beatriz-1024x1024.jpg 1024w, https:\/\/hyphen.archi\/app\/uploads\/2023\/12\/Beatriz-150x150.jpg 150w, https:\/\/hyphen.archi\/app\/uploads\/2023\/12\/Beatriz-768x768.jpg 768w, https:\/\/hyphen.archi\/app\/uploads\/2023\/12\/Beatriz-1536x1536.jpg 1536w\" sizes=\"(max-width: 1667px) 100vw, 1667px\" \/><\/a><\/figure>\n\n<h2 style=\"font-style:normal;font-weight:500; padding-top:0;padding-bottom:0;margin-top:0;margin-bottom:0;\" class=\"wp-block-post-title has-x-small-font-size\">Beatriz Mor\u00e1n Mu\u00f1oz<\/h2>\n\n<div style=\"padding-top:0;padding-bottom:0;margin-top:0;margin-bottom:0;\" class=\"wp-block-post-excerpt has-x-small-font-size\"><p class=\"wp-block-post-excerpt__excerpt\">Associate <\/p><\/div>\n<\/li><li class=\"wp-block-post post-9616 person type-person status-publish has-post-thumbnail hentry expertise-larchitecture location-belgique location-france location-paris-fr location-suisse people-type-main sector-bureau sector-centres-de-donnees-et-technologie sector-lhospitalite sector-logistique sector-residentiel-et-polyvalent sector-vente-au-detail\">\n<div class=\"is-display-block is-acf-field second-image wp-block-mfb-meta-field-block\"><div class=\"value\"><img decoding=\"async\" width=\"300\" height=\"300\" src=\"https:\/\/hyphen.archi\/app\/uploads\/2023\/11\/Carole-Doodle-300x300.jpg\" class=\"attachment-medium size-medium\" alt=\"Carole Netzer\" \/><\/div><\/div>\n\n<figure style=\"aspect-ratio:1;\" class=\"featured-image wp-block-post-featured-image\"><a href=\"https:\/\/hyphen.archi\/fr\/person\/carole-netzer\/\" target=\"_self\"  ><img decoding=\"async\" width=\"1667\" height=\"1667\" src=\"https:\/\/hyphen.archi\/app\/uploads\/2023\/11\/Carole.jpg\" class=\"attachment-post-thumbnail size-post-thumbnail wp-post-image\" alt=\"Carole Netzer\" style=\"width:100%;height:100%;object-fit:cover;\" srcset=\"https:\/\/hyphen.archi\/app\/uploads\/2023\/11\/Carole.jpg 1667w, https:\/\/hyphen.archi\/app\/uploads\/2023\/11\/Carole-300x300.jpg 300w, https:\/\/hyphen.archi\/app\/uploads\/2023\/11\/Carole-1024x1024.jpg 1024w, https:\/\/hyphen.archi\/app\/uploads\/2023\/11\/Carole-150x150.jpg 150w, https:\/\/hyphen.archi\/app\/uploads\/2023\/11\/Carole-768x768.jpg 768w, https:\/\/hyphen.archi\/app\/uploads\/2023\/11\/Carole-1536x1536.jpg 1536w\" sizes=\"(max-width: 1667px) 100vw, 1667px\" \/><\/a><\/figure>\n\n<h2 style=\"font-style:normal;font-weight:500; padding-top:0;padding-bottom:0;margin-top:0;margin-bottom:0;\" class=\"wp-block-post-title has-x-small-font-size\">Carole Netzer<\/h2>\n\n<div style=\"padding-top:0;padding-bottom:0;margin-top:0;margin-bottom:0;\" class=\"wp-block-post-excerpt has-x-small-font-size\"><p class=\"wp-block-post-excerpt__excerpt\">Director <\/p><\/div>\n<\/li><li class=\"wp-block-post post-9437 person type-person status-publish has-post-thumbnail hentry expertise-larchitecture location-colombie location-espagne location-madrid-fr location-mexique location-portugal people-type-main sector-bureau sector-vente-au-detail\">\n<div class=\"is-display-block is-acf-field second-image wp-block-mfb-meta-field-block\"><div class=\"value\"><img decoding=\"async\" width=\"300\" height=\"300\" src=\"https:\/\/hyphen.archi\/app\/uploads\/2023\/12\/Cristina-Doodle-300x300.jpg\" class=\"attachment-medium size-medium\" alt=\"Cristina Mart\u00ednez Rodr\u00edguez\" \/><\/div><\/div>\n\n<figure style=\"aspect-ratio:1;\" class=\"featured-image wp-block-post-featured-image\"><a href=\"https:\/\/hyphen.archi\/fr\/person\/cristina-martinez-rodriguez\/\" target=\"_self\"  ><img decoding=\"async\" width=\"1667\" height=\"1667\" src=\"https:\/\/hyphen.archi\/app\/uploads\/2023\/12\/Cristina.jpg\" class=\"attachment-post-thumbnail size-post-thumbnail wp-post-image\" alt=\"Cristina Mart\u00ednez Rodr\u00edguez\" style=\"width:100%;height:100%;object-fit:cover;\" srcset=\"https:\/\/hyphen.archi\/app\/uploads\/2023\/12\/Cristina.jpg 1667w, https:\/\/hyphen.archi\/app\/uploads\/2023\/12\/Cristina-300x300.jpg 300w, https:\/\/hyphen.archi\/app\/uploads\/2023\/12\/Cristina-1024x1024.jpg 1024w, https:\/\/hyphen.archi\/app\/uploads\/2023\/12\/Cristina-150x150.jpg 150w, https:\/\/hyphen.archi\/app\/uploads\/2023\/12\/Cristina-768x768.jpg 768w, https:\/\/hyphen.archi\/app\/uploads\/2023\/12\/Cristina-1536x1536.jpg 1536w\" sizes=\"(max-width: 1667px) 100vw, 1667px\" \/><\/a><\/figure>\n\n<h2 style=\"font-style:normal;font-weight:500; padding-top:0;padding-bottom:0;margin-top:0;margin-bottom:0;\" class=\"wp-block-post-title has-x-small-font-size\">Cristina Mart\u00ednez Rodr\u00edguez<\/h2>\n\n<div style=\"padding-top:0;padding-bottom:0;margin-top:0;margin-bottom:0;\" class=\"wp-block-post-excerpt has-x-small-font-size\"><p class=\"wp-block-post-excerpt__excerpt\">Associate <\/p><\/div>\n<\/li><li class=\"wp-block-post post-9413 person type-person status-publish has-post-thumbnail hentry expertise-design-dinterieur location-belgique location-france location-paris-fr location-suisse people-type-main sector-centres-de-donnees-et-technologie sector-lhospitalite sector-logistique sector-residentiel-et-polyvalent sector-vente-au-detail\">\n<div class=\"is-display-block is-acf-field second-image wp-block-mfb-meta-field-block\"><div class=\"value\"><img decoding=\"async\" width=\"300\" height=\"300\" src=\"https:\/\/hyphen.archi\/app\/uploads\/2023\/12\/Denis-Doodles-2-300x300.jpg\" class=\"attachment-medium size-medium\" alt=\"R\u00e9mi Pascal\" \/><\/div><\/div>\n\n<figure style=\"aspect-ratio:1;\" class=\"featured-image wp-block-post-featured-image\"><a href=\"https:\/\/hyphen.archi\/fr\/person\/denis-charpentier\/\" target=\"_self\"  ><img decoding=\"async\" width=\"1667\" height=\"1667\" src=\"https:\/\/hyphen.archi\/app\/uploads\/2023\/12\/Denis.jpg\" class=\"attachment-post-thumbnail size-post-thumbnail wp-post-image\" alt=\"Denis Charpentier\" style=\"width:100%;height:100%;object-fit:cover;\" srcset=\"https:\/\/hyphen.archi\/app\/uploads\/2023\/12\/Denis.jpg 1667w, https:\/\/hyphen.archi\/app\/uploads\/2023\/12\/Denis-300x300.jpg 300w, https:\/\/hyphen.archi\/app\/uploads\/2023\/12\/Denis-1024x1024.jpg 1024w, https:\/\/hyphen.archi\/app\/uploads\/2023\/12\/Denis-150x150.jpg 150w, https:\/\/hyphen.archi\/app\/uploads\/2023\/12\/Denis-768x768.jpg 768w, https:\/\/hyphen.archi\/app\/uploads\/2023\/12\/Denis-1536x1536.jpg 1536w\" sizes=\"(max-width: 1667px) 100vw, 1667px\" \/><\/a><\/figure>\n\n<h2 style=\"font-style:normal;font-weight:500; padding-top:0;padding-bottom:0;margin-top:0;margin-bottom:0;\" class=\"wp-block-post-title has-x-small-font-size\">Denis Charpentier<\/h2>\n\n<div style=\"padding-top:0;padding-bottom:0;margin-top:0;margin-bottom:0;\" class=\"wp-block-post-excerpt has-x-small-font-size\"><p class=\"wp-block-post-excerpt__excerpt\">Associate <\/p><\/div>\n<\/li><li class=\"wp-block-post post-9584 person type-person status-publish has-post-thumbnail hentry expertise-larchitecture location-angleterre location-belgique location-ecosse location-italie location-londres location-pays-de-galles location-royaume-uni people-type-main sector-logistique sector-vente-au-detail\">\n<div class=\"is-display-block is-acf-field second-image wp-block-mfb-meta-field-block\"><div class=\"value\"><img decoding=\"async\" width=\"300\" height=\"300\" src=\"https:\/\/hyphen.archi\/app\/uploads\/2024\/02\/FrancescaDoodles-300x300.jpg\" class=\"attachment-medium size-medium\" alt=\"Francesca Tedesco\" \/><\/div><\/div>\n\n<figure style=\"aspect-ratio:1;\" class=\"featured-image wp-block-post-featured-image\"><a href=\"https:\/\/hyphen.archi\/fr\/person\/francesca-tedesco\/\" target=\"_self\"  ><img decoding=\"async\" width=\"1667\" height=\"1667\" src=\"https:\/\/hyphen.archi\/app\/uploads\/2023\/11\/Francesca.jpg\" class=\"attachment-post-thumbnail size-post-thumbnail wp-post-image\" alt=\"Francesca Tedesco\" style=\"width:100%;height:100%;object-fit:cover;\" srcset=\"https:\/\/hyphen.archi\/app\/uploads\/2023\/11\/Francesca.jpg 1667w, https:\/\/hyphen.archi\/app\/uploads\/2023\/11\/Francesca-300x300.jpg 300w, https:\/\/hyphen.archi\/app\/uploads\/2023\/11\/Francesca-1024x1024.jpg 1024w, https:\/\/hyphen.archi\/app\/uploads\/2023\/11\/Francesca-150x150.jpg 150w, https:\/\/hyphen.archi\/app\/uploads\/2023\/11\/Francesca-768x768.jpg 768w, https:\/\/hyphen.archi\/app\/uploads\/2023\/11\/Francesca-1536x1536.jpg 1536w\" sizes=\"(max-width: 1667px) 100vw, 1667px\" \/><\/a><\/figure>\n\n<h2 style=\"font-style:normal;font-weight:500; padding-top:0;padding-bottom:0;margin-top:0;margin-bottom:0;\" class=\"wp-block-post-title has-x-small-font-size\">Francesca Tedesco<\/h2>\n\n<div style=\"padding-top:0;padding-bottom:0;margin-top:0;margin-bottom:0;\" class=\"wp-block-post-excerpt has-x-small-font-size\"><p class=\"wp-block-post-excerpt__excerpt\">Associate <\/p><\/div>\n<\/li><li class=\"wp-block-post post-9391 person type-person status-publish has-post-thumbnail hentry expertise-larchitecture location-allemagne location-autriche location-berlin-fr location-danemark location-norvege location-pays-bas location-pologne location-republique-tcheque location-suede location-suisse people-type-main sector-bureau sector-centres-de-donnees-et-technologie sector-logistique sector-vente-au-detail\">\n<div class=\"is-display-block is-acf-field second-image wp-block-mfb-meta-field-block\"><div class=\"value\"><img decoding=\"async\" width=\"300\" height=\"300\" src=\"https:\/\/hyphen.archi\/app\/uploads\/2024\/02\/Franzisca-Doodles-300x300.jpg\" class=\"attachment-medium size-medium\" alt=\"Franziska Gensichen\" \/><\/div><\/div>\n\n<figure style=\"aspect-ratio:1;\" class=\"featured-image wp-block-post-featured-image\"><a href=\"https:\/\/hyphen.archi\/fr\/person\/franziska-gensichen\/\" target=\"_self\"  ><img decoding=\"async\" width=\"1667\" height=\"1667\" src=\"https:\/\/hyphen.archi\/app\/uploads\/2023\/12\/Franzisca.jpg\" class=\"attachment-post-thumbnail size-post-thumbnail wp-post-image\" alt=\"Franziska Gensichen\" style=\"width:100%;height:100%;object-fit:cover;\" srcset=\"https:\/\/hyphen.archi\/app\/uploads\/2023\/12\/Franzisca.jpg 1667w, https:\/\/hyphen.archi\/app\/uploads\/2023\/12\/Franzisca-300x300.jpg 300w, https:\/\/hyphen.archi\/app\/uploads\/2023\/12\/Franzisca-1024x1024.jpg 1024w, https:\/\/hyphen.archi\/app\/uploads\/2023\/12\/Franzisca-150x150.jpg 150w, https:\/\/hyphen.archi\/app\/uploads\/2023\/12\/Franzisca-768x768.jpg 768w, https:\/\/hyphen.archi\/app\/uploads\/2023\/12\/Franzisca-1536x1536.jpg 1536w\" sizes=\"(max-width: 1667px) 100vw, 1667px\" \/><\/a><\/figure>\n\n<h2 style=\"font-style:normal;font-weight:500; padding-top:0;padding-bottom:0;margin-top:0;margin-bottom:0;\" class=\"wp-block-post-title has-x-small-font-size\">Franziska Gensichen<\/h2>\n\n<div style=\"padding-top:0;padding-bottom:0;margin-top:0;margin-bottom:0;\" class=\"wp-block-post-excerpt has-x-small-font-size\"><p class=\"wp-block-post-excerpt__excerpt\">Senior associate <\/p><\/div>\n<\/li><li class=\"wp-block-post post-9397 person type-person status-publish has-post-thumbnail hentry expertise-larchitecture location-angleterre location-belfast-fr location-ecosse location-irlande location-irlande-du-nord location-monaghan-fr location-pays-de-galles people-type-main sector-bureau sector-centres-de-donnees-et-technologie sector-lhospitalite sector-logistique sector-residentiel-et-polyvalent sector-vente-au-detail\">\n<div class=\"is-display-block is-acf-field second-image wp-block-mfb-meta-field-block\"><div class=\"value\"><img decoding=\"async\" width=\"300\" height=\"300\" src=\"https:\/\/hyphen.archi\/app\/uploads\/2024\/02\/Georgina-Doodles-300x300.jpg\" class=\"attachment-medium size-medium\" alt=\"Georgina Mullen\" \/><\/div><\/div>\n\n<figure style=\"aspect-ratio:1;\" class=\"featured-image wp-block-post-featured-image\"><a href=\"https:\/\/hyphen.archi\/fr\/person\/georgina-mullen\/\" target=\"_self\"  ><img decoding=\"async\" width=\"1667\" height=\"1667\" src=\"https:\/\/hyphen.archi\/app\/uploads\/2023\/12\/Georgina.jpg\" class=\"attachment-post-thumbnail size-post-thumbnail wp-post-image\" alt=\"Georgina Mullen\" style=\"width:100%;height:100%;object-fit:cover;\" srcset=\"https:\/\/hyphen.archi\/app\/uploads\/2023\/12\/Georgina.jpg 1667w, https:\/\/hyphen.archi\/app\/uploads\/2023\/12\/Georgina-300x300.jpg 300w, https:\/\/hyphen.archi\/app\/uploads\/2023\/12\/Georgina-1024x1024.jpg 1024w, https:\/\/hyphen.archi\/app\/uploads\/2023\/12\/Georgina-150x150.jpg 150w, https:\/\/hyphen.archi\/app\/uploads\/2023\/12\/Georgina-768x768.jpg 768w, https:\/\/hyphen.archi\/app\/uploads\/2023\/12\/Georgina-1536x1536.jpg 1536w\" sizes=\"(max-width: 1667px) 100vw, 1667px\" \/><\/a><\/figure>\n\n<h2 style=\"font-style:normal;font-weight:500; padding-top:0;padding-bottom:0;margin-top:0;margin-bottom:0;\" class=\"wp-block-post-title has-x-small-font-size\">Georgina Mullen<\/h2>\n\n<div style=\"padding-top:0;padding-bottom:0;margin-top:0;margin-bottom:0;\" class=\"wp-block-post-excerpt has-x-small-font-size\"><p class=\"wp-block-post-excerpt__excerpt\">Director <\/p><\/div>\n<\/li><li class=\"wp-block-post post-9597 person type-person status-publish has-post-thumbnail hentry expertise-larchitecture location-italie location-milan-fr people-type-main sector-bureau sector-centres-de-donnees-et-technologie sector-lhospitalite sector-logistique sector-residentiel-et-polyvalent sector-vente-au-detail\">\n<div class=\"is-display-block is-acf-field second-image wp-block-mfb-meta-field-block\"><div class=\"value\"><img decoding=\"async\" width=\"300\" height=\"300\" src=\"https:\/\/hyphen.archi\/app\/uploads\/2024\/02\/Giacomo-Doodles-300x300.jpg\" class=\"attachment-medium size-medium\" alt=\"Giacomo Spinelli\" \/><\/div><\/div>\n\n<figure style=\"aspect-ratio:1;\" class=\"featured-image wp-block-post-featured-image\"><a href=\"https:\/\/hyphen.archi\/fr\/person\/giacomo-spinelli\/\" target=\"_self\"  ><img decoding=\"async\" width=\"1667\" height=\"1667\" src=\"https:\/\/hyphen.archi\/app\/uploads\/2023\/11\/Giacomo.jpg\" class=\"attachment-post-thumbnail size-post-thumbnail wp-post-image\" alt=\"Giacomo Spinelli\" style=\"width:100%;height:100%;object-fit:cover;\" srcset=\"https:\/\/hyphen.archi\/app\/uploads\/2023\/11\/Giacomo.jpg 1667w, https:\/\/hyphen.archi\/app\/uploads\/2023\/11\/Giacomo-300x300.jpg 300w, https:\/\/hyphen.archi\/app\/uploads\/2023\/11\/Giacomo-1024x1024.jpg 1024w, https:\/\/hyphen.archi\/app\/uploads\/2023\/11\/Giacomo-150x150.jpg 150w, https:\/\/hyphen.archi\/app\/uploads\/2023\/11\/Giacomo-768x768.jpg 768w, https:\/\/hyphen.archi\/app\/uploads\/2023\/11\/Giacomo-1536x1536.jpg 1536w\" sizes=\"(max-width: 1667px) 100vw, 1667px\" \/><\/a><\/figure>\n\n<h2 style=\"font-style:normal;font-weight:500; padding-top:0;padding-bottom:0;margin-top:0;margin-bottom:0;\" class=\"wp-block-post-title has-x-small-font-size\">Giacomo Spinelli<\/h2>\n\n<div style=\"padding-top:0;padding-bottom:0;margin-top:0;margin-bottom:0;\" class=\"wp-block-post-excerpt has-x-small-font-size\"><p class=\"wp-block-post-excerpt__excerpt\">Director <\/p><\/div>\n<\/li><li class=\"wp-block-post post-9572 person type-person status-publish has-post-thumbnail hentry expertise-durabilite expertise-larchitecture location-lamerique-latine location-mexique location-ville-de-mexico people-type-main sector-bureau sector-centres-de-donnees-et-technologie sector-lhospitalite sector-logistique sector-residentiel-et-polyvalent sector-vente-au-detail\">\n<div class=\"is-display-block is-acf-field second-image wp-block-mfb-meta-field-block\"><div class=\"value\"><img decoding=\"async\" width=\"300\" height=\"300\" src=\"https:\/\/hyphen.archi\/app\/uploads\/2024\/02\/Jimena-Doodles-300x300.jpg\" class=\"attachment-medium size-medium\" alt=\"Jimena Etchegaray\" \/><\/div><\/div>\n\n<figure style=\"aspect-ratio:1;\" class=\"featured-image wp-block-post-featured-image\"><a href=\"https:\/\/hyphen.archi\/fr\/person\/jimena-etchegaray\/\" target=\"_self\"  ><img decoding=\"async\" width=\"1667\" height=\"1667\" src=\"https:\/\/hyphen.archi\/app\/uploads\/2023\/11\/Jimena.jpg\" class=\"attachment-post-thumbnail size-post-thumbnail wp-post-image\" alt=\"Jimena Etchegaray\" style=\"width:100%;height:100%;object-fit:cover;\" srcset=\"https:\/\/hyphen.archi\/app\/uploads\/2023\/11\/Jimena.jpg 1667w, https:\/\/hyphen.archi\/app\/uploads\/2023\/11\/Jimena-300x300.jpg 300w, https:\/\/hyphen.archi\/app\/uploads\/2023\/11\/Jimena-1024x1024.jpg 1024w, https:\/\/hyphen.archi\/app\/uploads\/2023\/11\/Jimena-150x150.jpg 150w, https:\/\/hyphen.archi\/app\/uploads\/2023\/11\/Jimena-768x768.jpg 768w, https:\/\/hyphen.archi\/app\/uploads\/2023\/11\/Jimena-1536x1536.jpg 1536w\" sizes=\"(max-width: 1667px) 100vw, 1667px\" \/><\/a><\/figure>\n\n<h2 style=\"font-style:normal;font-weight:500; padding-top:0;padding-bottom:0;margin-top:0;margin-bottom:0;\" class=\"wp-block-post-title has-x-small-font-size\">Jimena Etchegaray<\/h2>\n\n<div style=\"padding-top:0;padding-bottom:0;margin-top:0;margin-bottom:0;\" class=\"wp-block-post-excerpt has-x-small-font-size\"><p class=\"wp-block-post-excerpt__excerpt\">Director <\/p><\/div>\n<\/li><li class=\"wp-block-post post-9546 person type-person status-publish has-post-thumbnail hentry expertise-larchitecture location-allemagne location-autriche location-belgique location-berlin-fr location-danemark location-finlande location-pays-bas location-pologne location-suisse people-type-main sector-bureau sector-centres-de-donnees-et-technologie sector-lhospitalite sector-logistique sector-residentiel-et-polyvalent sector-vente-au-detail\">\n<div class=\"is-display-block is-acf-field second-image wp-block-mfb-meta-field-block\"><div class=\"value\"><img decoding=\"async\" width=\"300\" height=\"300\" src=\"https:\/\/hyphen.archi\/app\/uploads\/2024\/02\/Leo-Doodles-300x300.jpg\" class=\"attachment-medium size-medium\" alt=\"Leo Faoro\" \/><\/div><\/div>\n\n<figure style=\"aspect-ratio:1;\" class=\"featured-image wp-block-post-featured-image\"><a href=\"https:\/\/hyphen.archi\/fr\/person\/leo-faoro\/\" target=\"_self\"  ><img decoding=\"async\" width=\"1667\" height=\"1667\" src=\"https:\/\/hyphen.archi\/app\/uploads\/2023\/11\/Leo.jpg\" class=\"attachment-post-thumbnail size-post-thumbnail wp-post-image\" alt=\"Leo Faoro\" style=\"width:100%;height:100%;object-fit:cover;\" srcset=\"https:\/\/hyphen.archi\/app\/uploads\/2023\/11\/Leo.jpg 1667w, https:\/\/hyphen.archi\/app\/uploads\/2023\/11\/Leo-300x300.jpg 300w, https:\/\/hyphen.archi\/app\/uploads\/2023\/11\/Leo-1024x1024.jpg 1024w, https:\/\/hyphen.archi\/app\/uploads\/2023\/11\/Leo-150x150.jpg 150w, https:\/\/hyphen.archi\/app\/uploads\/2023\/11\/Leo-768x768.jpg 768w, https:\/\/hyphen.archi\/app\/uploads\/2023\/11\/Leo-1536x1536.jpg 1536w\" sizes=\"(max-width: 1667px) 100vw, 1667px\" \/><\/a><\/figure>\n\n<h2 style=\"font-style:normal;font-weight:500; padding-top:0;padding-bottom:0;margin-top:0;margin-bottom:0;\" class=\"wp-block-post-title has-x-small-font-size\">Leo Faoro<\/h2>\n\n<div style=\"padding-top:0;padding-bottom:0;margin-top:0;margin-bottom:0;\" class=\"wp-block-post-excerpt has-x-small-font-size\"><p class=\"wp-block-post-excerpt__excerpt\">Director <\/p><\/div>\n<\/li><li class=\"wp-block-post post-9352 person type-person status-publish has-post-thumbnail hentry expertise-larchitecture location-allemagne location-autriche location-belgique location-berlin-fr location-danemark location-norvege location-pays-bas location-pologne location-suisse people-type-main sector-bureau sector-centres-de-donnees-et-technologie sector-lhospitalite sector-logistique sector-residentiel-et-polyvalent sector-vente-au-detail\">\n<div class=\"is-display-block is-acf-field second-image wp-block-mfb-meta-field-block\"><div class=\"value\"><img decoding=\"async\" width=\"300\" height=\"300\" src=\"https:\/\/hyphen.archi\/app\/uploads\/2024\/02\/Olaf-Doodles-300x300.jpg\" class=\"attachment-medium size-medium\" alt=\"Olaf Gr\u00f6ger\" \/><\/div><\/div>\n\n<figure style=\"aspect-ratio:1;\" class=\"featured-image wp-block-post-featured-image\"><a href=\"https:\/\/hyphen.archi\/fr\/person\/olaf-groger\/\" target=\"_self\"  ><img decoding=\"async\" width=\"1667\" height=\"1667\" src=\"https:\/\/hyphen.archi\/app\/uploads\/2023\/12\/Olaf.jpg\" class=\"attachment-post-thumbnail size-post-thumbnail wp-post-image\" alt=\"Olaf Gr\u00f6ger\" style=\"width:100%;height:100%;object-fit:cover;\" srcset=\"https:\/\/hyphen.archi\/app\/uploads\/2023\/12\/Olaf.jpg 1667w, https:\/\/hyphen.archi\/app\/uploads\/2023\/12\/Olaf-300x300.jpg 300w, https:\/\/hyphen.archi\/app\/uploads\/2023\/12\/Olaf-1024x1024.jpg 1024w, https:\/\/hyphen.archi\/app\/uploads\/2023\/12\/Olaf-150x150.jpg 150w, https:\/\/hyphen.archi\/app\/uploads\/2023\/12\/Olaf-768x768.jpg 768w, https:\/\/hyphen.archi\/app\/uploads\/2023\/12\/Olaf-1536x1536.jpg 1536w\" sizes=\"(max-width: 1667px) 100vw, 1667px\" \/><\/a><\/figure>\n\n<h2 style=\"font-style:normal;font-weight:500; padding-top:0;padding-bottom:0;margin-top:0;margin-bottom:0;\" class=\"wp-block-post-title has-x-small-font-size\">Olaf Gr\u00f6ger<\/h2>\n\n<div style=\"padding-top:0;padding-bottom:0;margin-top:0;margin-bottom:0;\" class=\"wp-block-post-excerpt has-x-small-font-size\"><p class=\"wp-block-post-excerpt__excerpt\">Director <\/p><\/div>\n<\/li><li class=\"wp-block-post post-9360 person type-person status-publish has-post-thumbnail hentry expertise-durabilite expertise-larchitecture location-espagne location-madrid-fr location-perou location-portugal people-type-main sector-centres-de-donnees-et-technologie sector-logistique sector-vente-au-detail\">\n<div class=\"is-display-block is-acf-field second-image wp-block-mfb-meta-field-block\"><div class=\"value\"><img decoding=\"async\" width=\"300\" height=\"300\" src=\"https:\/\/hyphen.archi\/app\/uploads\/2024\/02\/Pablo-H-Doodles-300x300.jpg\" class=\"attachment-medium size-medium\" alt=\"Pablo Herr\u00e1iz de la Fuente\" \/><\/div><\/div>\n\n<figure style=\"aspect-ratio:1;\" class=\"featured-image wp-block-post-featured-image\"><a href=\"https:\/\/hyphen.archi\/fr\/person\/pablo-herraiz-de-la-fuente\/\" target=\"_self\"  ><img decoding=\"async\" width=\"1667\" height=\"1667\" src=\"https:\/\/hyphen.archi\/app\/uploads\/2023\/12\/Pablo-H.jpg\" class=\"attachment-post-thumbnail size-post-thumbnail wp-post-image\" alt=\"Pablo Herr\u00e1iz de la Fuente\" style=\"width:100%;height:100%;object-fit:cover;\" srcset=\"https:\/\/hyphen.archi\/app\/uploads\/2023\/12\/Pablo-H.jpg 1667w, https:\/\/hyphen.archi\/app\/uploads\/2023\/12\/Pablo-H-300x300.jpg 300w, https:\/\/hyphen.archi\/app\/uploads\/2023\/12\/Pablo-H-1024x1024.jpg 1024w, https:\/\/hyphen.archi\/app\/uploads\/2023\/12\/Pablo-H-150x150.jpg 150w, https:\/\/hyphen.archi\/app\/uploads\/2023\/12\/Pablo-H-768x768.jpg 768w, https:\/\/hyphen.archi\/app\/uploads\/2023\/12\/Pablo-H-1536x1536.jpg 1536w\" sizes=\"(max-width: 1667px) 100vw, 1667px\" \/><\/a><\/figure>\n\n<h2 style=\"font-style:normal;font-weight:500; padding-top:0;padding-bottom:0;margin-top:0;margin-bottom:0;\" class=\"wp-block-post-title has-x-small-font-size\">Pablo Herr\u00e1iz de la Fuente<\/h2>\n\n<div style=\"padding-top:0;padding-bottom:0;margin-top:0;margin-bottom:0;\" class=\"wp-block-post-excerpt has-x-small-font-size\"><p class=\"wp-block-post-excerpt__excerpt\">Associate <\/p><\/div>\n<\/li><li class=\"wp-block-post post-9333 person type-person status-publish has-post-thumbnail hentry expertise-larchitecture location-belfast-fr location-irlande location-irlande-du-nord location-royaume-uni people-type-main sector-vente-au-detail\">\n<div class=\"is-display-block is-acf-field second-image wp-block-mfb-meta-field-block\"><div class=\"value\"><img decoding=\"async\" width=\"300\" height=\"300\" src=\"https:\/\/hyphen.archi\/app\/uploads\/2024\/02\/Rachel-Doodles-300x300.jpg\" class=\"attachment-medium size-medium\" alt=\"Rachel McCurry\" \/><\/div><\/div>\n\n<figure style=\"aspect-ratio:1;\" class=\"featured-image wp-block-post-featured-image\"><a href=\"https:\/\/hyphen.archi\/fr\/person\/rachel-mccurry\/\" target=\"_self\"  ><img decoding=\"async\" width=\"1667\" height=\"1667\" src=\"https:\/\/hyphen.archi\/app\/uploads\/2023\/12\/Rachel.jpg\" class=\"attachment-post-thumbnail size-post-thumbnail wp-post-image\" alt=\"Rachel McCurry\" style=\"width:100%;height:100%;object-fit:cover;\" srcset=\"https:\/\/hyphen.archi\/app\/uploads\/2023\/12\/Rachel.jpg 1667w, https:\/\/hyphen.archi\/app\/uploads\/2023\/12\/Rachel-300x300.jpg 300w, https:\/\/hyphen.archi\/app\/uploads\/2023\/12\/Rachel-1024x1024.jpg 1024w, https:\/\/hyphen.archi\/app\/uploads\/2023\/12\/Rachel-150x150.jpg 150w, https:\/\/hyphen.archi\/app\/uploads\/2023\/12\/Rachel-768x768.jpg 768w, https:\/\/hyphen.archi\/app\/uploads\/2023\/12\/Rachel-1536x1536.jpg 1536w\" sizes=\"(max-width: 1667px) 100vw, 1667px\" \/><\/a><\/figure>\n\n<h2 style=\"font-style:normal;font-weight:500; padding-top:0;padding-bottom:0;margin-top:0;margin-bottom:0;\" class=\"wp-block-post-title has-x-small-font-size\">Rachel McCurry<\/h2>\n\n<div style=\"padding-top:0;padding-bottom:0;margin-top:0;margin-bottom:0;\" class=\"wp-block-post-excerpt has-x-small-font-size\"><p class=\"wp-block-post-excerpt__excerpt\">Associate <\/p><\/div>\n<\/li><li class=\"wp-block-post post-9304 person type-person status-publish has-post-thumbnail hentry expertise-durabilite expertise-larchitecture location-belgique location-france location-paris-fr location-suisse people-type-main sector-bureau sector-centres-de-donnees-et-technologie sector-lhospitalite sector-logistique sector-residentiel-et-polyvalent sector-vente-au-detail\">\n<div class=\"is-display-block is-acf-field second-image wp-block-mfb-meta-field-block\"><div class=\"value\"><img decoding=\"async\" width=\"300\" height=\"300\" src=\"https:\/\/hyphen.archi\/app\/uploads\/2023\/12\/Remi-Doodles-2-300x300.jpg\" class=\"attachment-medium size-medium\" alt=\"R\u00e9mi Pascal\" \/><\/div><\/div>\n\n<figure style=\"aspect-ratio:1;\" class=\"featured-image wp-block-post-featured-image\"><a href=\"https:\/\/hyphen.archi\/fr\/person\/remi-pascal\/\" target=\"_self\"  ><img decoding=\"async\" width=\"1667\" height=\"1667\" src=\"https:\/\/hyphen.archi\/app\/uploads\/2023\/12\/Remi.jpg\" class=\"attachment-post-thumbnail size-post-thumbnail wp-post-image\" alt=\"R\u00e9mi Pascal\" style=\"width:100%;height:100%;object-fit:cover;\" srcset=\"https:\/\/hyphen.archi\/app\/uploads\/2023\/12\/Remi.jpg 1667w, https:\/\/hyphen.archi\/app\/uploads\/2023\/12\/Remi-300x300.jpg 300w, https:\/\/hyphen.archi\/app\/uploads\/2023\/12\/Remi-1024x1024.jpg 1024w, https:\/\/hyphen.archi\/app\/uploads\/2023\/12\/Remi-150x150.jpg 150w, https:\/\/hyphen.archi\/app\/uploads\/2023\/12\/Remi-768x768.jpg 768w, https:\/\/hyphen.archi\/app\/uploads\/2023\/12\/Remi-1536x1536.jpg 1536w\" sizes=\"(max-width: 1667px) 100vw, 1667px\" \/><\/a><\/figure>\n\n<h2 style=\"font-style:normal;font-weight:500; padding-top:0;padding-bottom:0;margin-top:0;margin-bottom:0;\" class=\"wp-block-post-title has-x-small-font-size\">R\u00e9mi Pascal<\/h2>\n\n<div style=\"padding-top:0;padding-bottom:0;margin-top:0;margin-bottom:0;\" class=\"wp-block-post-excerpt has-x-small-font-size\"><p class=\"wp-block-post-excerpt__excerpt\">Director <\/p><\/div>\n<\/li><li class=\"wp-block-post post-9309 person type-person status-publish has-post-thumbnail hentry expertise-larchitecture location-argentine location-bresil location-chili location-colombie location-lamerique-latine location-mexique location-perou location-santiago-fr location-ville-de-mexico people-type-main sector-vente-au-detail\">\n<div class=\"is-display-block is-acf-field second-image wp-block-mfb-meta-field-block\"><div class=\"value\"><img decoding=\"async\" width=\"300\" height=\"300\" src=\"https:\/\/hyphen.archi\/app\/uploads\/2024\/02\/Sebastian-Doodles-300x300.jpg\" class=\"attachment-medium size-medium\" alt=\"Sebasti\u00e1n Ravinet\" \/><\/div><\/div>\n\n<figure style=\"aspect-ratio:1;\" class=\"featured-image wp-block-post-featured-image\"><a href=\"https:\/\/hyphen.archi\/fr\/person\/sebastian-ravinet\/\" target=\"_self\"  ><img decoding=\"async\" width=\"1667\" height=\"1667\" src=\"https:\/\/hyphen.archi\/app\/uploads\/2023\/12\/Sebastian.jpg\" class=\"attachment-post-thumbnail size-post-thumbnail wp-post-image\" alt=\"Sebasti\u00e1n Ravinet\" style=\"width:100%;height:100%;object-fit:cover;\" srcset=\"https:\/\/hyphen.archi\/app\/uploads\/2023\/12\/Sebastian.jpg 1667w, https:\/\/hyphen.archi\/app\/uploads\/2023\/12\/Sebastian-300x300.jpg 300w, https:\/\/hyphen.archi\/app\/uploads\/2023\/12\/Sebastian-1024x1024.jpg 1024w, https:\/\/hyphen.archi\/app\/uploads\/2023\/12\/Sebastian-150x150.jpg 150w, https:\/\/hyphen.archi\/app\/uploads\/2023\/12\/Sebastian-768x768.jpg 768w, https:\/\/hyphen.archi\/app\/uploads\/2023\/12\/Sebastian-1536x1536.jpg 1536w\" sizes=\"(max-width: 1667px) 100vw, 1667px\" \/><\/a><\/figure>\n\n<h2 style=\"font-style:normal;font-weight:500; padding-top:0;padding-bottom:0;margin-top:0;margin-bottom:0;\" class=\"wp-block-post-title has-x-small-font-size\">Sebasti\u00e1n Ravinet<\/h2>\n\n<div style=\"padding-top:0;padding-bottom:0;margin-top:0;margin-bottom:0;\" class=\"wp-block-post-excerpt has-x-small-font-size\"><p class=\"wp-block-post-excerpt__excerpt\">Associate <\/p><\/div>\n<\/li><li class=\"wp-block-post post-9307 person type-person status-publish has-post-thumbnail hentry expertise-larchitecture location-adelaide-fr location-angleterre location-australia-fr location-belgique location-ecosse location-irlande-du-nord location-londres location-pays-de-galles location-royaume-uni location-suisse people-type-main sector-bureau sector-centres-de-donnees-et-technologie sector-lhospitalite sector-logistique sector-residentiel-et-polyvalent sector-vente-au-detail\">\n<div class=\"is-display-block is-acf-field second-image wp-block-mfb-meta-field-block\"><div class=\"value\"><img decoding=\"async\" width=\"300\" height=\"300\" src=\"https:\/\/hyphen.archi\/app\/uploads\/2024\/02\/Wayne-Doodles-300x300.jpg\" class=\"attachment-medium size-medium\" alt=\"Wayne Taylor\" \/><\/div><\/div>\n\n<figure style=\"aspect-ratio:1;\" class=\"featured-image wp-block-post-featured-image\"><a href=\"https:\/\/hyphen.archi\/fr\/person\/wayne-taylor\/\" target=\"_self\"  ><img decoding=\"async\" width=\"1667\" height=\"1667\" src=\"https:\/\/hyphen.archi\/app\/uploads\/2023\/12\/Wayne.jpg\" class=\"attachment-post-thumbnail size-post-thumbnail wp-post-image\" alt=\"Wayne Taylor\" style=\"width:100%;height:100%;object-fit:cover;\" srcset=\"https:\/\/hyphen.archi\/app\/uploads\/2023\/12\/Wayne.jpg 1667w, https:\/\/hyphen.archi\/app\/uploads\/2023\/12\/Wayne-300x300.jpg 300w, https:\/\/hyphen.archi\/app\/uploads\/2023\/12\/Wayne-1024x1024.jpg 1024w, https:\/\/hyphen.archi\/app\/uploads\/2023\/12\/Wayne-150x150.jpg 150w, https:\/\/hyphen.archi\/app\/uploads\/2023\/12\/Wayne-768x768.jpg 768w, https:\/\/hyphen.archi\/app\/uploads\/2023\/12\/Wayne-1536x1536.jpg 1536w\" sizes=\"(max-width: 1667px) 100vw, 1667px\" \/><\/a><\/figure>\n\n<h2 style=\"font-style:normal;font-weight:500; padding-top:0;padding-bottom:0;margin-top:0;margin-bottom:0;\" class=\"wp-block-post-title has-x-small-font-size\">Wayne Taylor<\/h2>\n\n<div style=\"padding-top:0;padding-bottom:0;margin-top:0;margin-bottom:0;\" class=\"wp-block-post-excerpt has-x-small-font-size\"><p class=\"wp-block-post-excerpt__excerpt\">Director <\/p><\/div>\n<\/li><\/ul><\/div>\n<\/div>\n\n\n\n<p><a href=\"https:\/\/hyphen.archi\/fr\/person\/alvaro-valverde\/\" target=\"_blank\" rel=\"noreferrer noopener\">Get in touch <\/a><\/p>\n<\/div>\n\n\n\n<div class=\"wp-block-column is-layout-flow wp-block-column-is-layout-flow\" style=\"flex-basis:25%\"><\/div>\n\n\n\n<div class=\"wp-block-column is-layout-flow wp-block-column-is-layout-flow\" style=\"padding-right:0;padding-left:0%;flex-basis:25%\"><ul class=\"post-side-nav wp-block-page-list has-small-font-size\"><li class=\"wp-block-pages-list__item\"><a class=\"wp-block-pages-list__item__link\" href=\"https:\/\/hyphen.archi\/fr\/secteurs\/centres-de-donnees-et-technologie\/\">Datacenters et technologie<\/a><\/li><li class=\"wp-block-pages-list__item\"><a class=\"wp-block-pages-list__item__link\" href=\"https:\/\/hyphen.archi\/fr\/secteurs\/vente-au-detail\/\">Vente au d\u00e9tail<\/a><\/li><li class=\"wp-block-pages-list__item\"><a class=\"wp-block-pages-list__item__link\" href=\"https:\/\/hyphen.archi\/fr\/secteurs\/logistique\/\">Logistique<\/a><\/li><li class=\"wp-block-pages-list__item\"><a class=\"wp-block-pages-list__item__link\" href=\"https:\/\/hyphen.archi\/fr\/secteurs\/bureaux\/\">Bureaux<\/a><\/li><li class=\"wp-block-pages-list__item\"><a class=\"wp-block-pages-list__item__link\" href=\"https:\/\/hyphen.archi\/fr\/secteurs\/lhospitalite\/\">L&#8217;hospitalit\u00e9<\/a><\/li><li class=\"wp-block-pages-list__item\"><a class=\"wp-block-pages-list__item__link\" href=\"https:\/\/hyphen.archi\/fr\/secteurs\/residentiel-et-polyvalent\/\">R\u00e9sidentiel et usage mixte<\/a><\/li><\/ul>\n\n\n<div style=\"height:26px\" aria-hidden=\"true\" class=\"wp-block-spacer\"><\/div>\n\n\n\n<figure class=\"wp-block-image size-large\"><img decoding=\"async\" width=\"1024\" height=\"538\" src=\"http:\/\/hyphen.archi\/app\/uploads\/2024\/01\/WA100-2024-Linkedin-Retail-1-1024x538.jpg\" alt=\"\" class=\"wp-image-4040\" srcset=\"https:\/\/hyphen.archi\/app\/uploads\/2024\/01\/WA100-2024-Linkedin-Retail-1-1024x538.jpg 1024w, https:\/\/hyphen.archi\/app\/uploads\/2024\/01\/WA100-2024-Linkedin-Retail-1-300x158.jpg 300w, https:\/\/hyphen.archi\/app\/uploads\/2024\/01\/WA100-2024-Linkedin-Retail-1-768x403.jpg 768w, https:\/\/hyphen.archi\/app\/uploads\/2024\/01\/WA100-2024-Linkedin-Retail-1.jpg 1200w\" sizes=\"(max-width: 1024px) 100vw, 1024px\" \/><\/figure>\n<\/div>\n<\/div>\n\n\n\n<div class=\"wp-block-group has-tertiary-background-color has-background is-layout-flow wp-block-group-is-layout-flow\" style=\"margin-top:var(--wp--preset--spacing--40);padding-top:var(--wp--preset--spacing--40);padding-right:var(--wp--preset--spacing--40);padding-bottom:var(--wp--preset--spacing--40);padding-left:var(--wp--preset--spacing--40)\">\n<h2 class=\"wp-block-heading has-large-font-size\" style=\"margin-bottom:var(--wp--preset--spacing--40)\">Contenu associ\u00e9<\/h2>\n\n\n\n<div id=\"related\" class=\"wp-block-group is-layout-flow wp-block-group-is-layout-flow\" style=\"padding-top:0;padding-right:0;padding-bottom:var(--wp--preset--spacing--30);padding-left:0\">\n<div class=\"wp-block-query ghub-query-id-14 is-layout-flow ghub-query-id-14-is-layout-flow cbb-query-1-1\"><ul id=\"14\" class=\"wp-block-post-template is-layout-flow wp-block-post-template-is-layout-flow\"><li class=\"wp-block-post post-12670 portfolio type-portfolio status-publish has-post-thumbnail hentry expertise-larchitecture location-belgique location-espagne location-madrid-fr sector-vente-au-detail\">\n\n<div class=\"wp-block-boldblocks-group cbb-block is-layout-flow wp-block-boldblocks-group-is-layout-flow cbb-1-1 sm-cbb-aspect-ratio cbb-layout-grid sm-cbb-v-align bb:has-overlay bb:has-background bb:has-background--image\" style=\"padding-top:0;padding-right:var(--wp--preset--spacing--30);padding-bottom:0;padding-left:var(--wp--preset--spacing--30)\"><div class=\"bb:block-background bb:block-background--image cbb-bg-image\" style=\"background-image:url(https:\/\/hyphen.archi\/app\/uploads\/2024\/07\/GA367_Madrid_GFL_GreatRoom_Byron_LTOak_V2_002_MKGALLERY.jpg);background-position:50% 50%;background-repeat:no-repeat;background-size:cover;\"   data-src=\"https:\/\/hyphen.archi\/app\/uploads\/2024\/07\/GA367_Madrid_GFL_GreatRoom_Byron_LTOak_V2_002_MKGALLERY.jpg\" data-width=\"1920\" data-height=\"1213\"><\/div><div aria-hidden=\"true\" class=\"bb:block-overlay\" style=\"background:var(--wp--preset--color--contrast, #000000);opacity:0.3;\"><\/div><a class=\"bb:link-to-post\" href=\"https:\/\/hyphen.archi\/fr\/portfolio\/rh\/\" aria-label=\"RH\" rel=\"permalink\"><\/a><h2 style=\"font-style:normal;font-weight:500;line-height:1; padding-top:0;padding-bottom:0;margin-bottom:var(--wp--preset--spacing--30);\" class=\"has-link-color with-arrow wp-elements-cddc8c8c55571caa1892de1356394a9d wp-block-post-title has-text-color has-base-color has-medium-font-size\">RH<\/h2><\/div>\n\n<\/li><li class=\"wp-block-post post-12257 portfolio type-portfolio status-publish has-post-thumbnail hentry expertise-architecte-executif expertise-bim-fr expertise-conception-detaillee expertise-design-conceptuel expertise-design-dinterieur expertise-evaluation-de-letat-des-batiments expertise-faisabilite expertise-gestion-de-projet expertise-larchitecture expertise-la-normalisation-des-details expertise-localisation-fr expertise-maintenance-bim-pour-des-modeles-specifiques expertise-mep expertise-permis expertise-post-construction-fr expertise-pre-construction-fr location-allemagne location-autriche location-belgique location-danemark location-espagne location-finlande location-france location-irlande location-italie location-norvege location-pays-bas location-pologne location-portugal location-republique-tcheque location-royaume-uni location-suede location-suisse sector-vente-au-detail\">\n\n<div class=\"wp-block-boldblocks-group cbb-block is-layout-flow wp-block-boldblocks-group-is-layout-flow cbb-1-1 sm-cbb-aspect-ratio cbb-layout-grid sm-cbb-v-align bb:has-overlay bb:has-background bb:has-background--image\" style=\"padding-top:0;padding-right:var(--wp--preset--spacing--30);padding-bottom:0;padding-left:var(--wp--preset--spacing--30)\"><div class=\"bb:block-background bb:block-background--image cbb-bg-image\" style=\"background-image:url(https:\/\/hyphen.archi\/app\/uploads\/2023\/11\/CCM9543.jpg);background-position:50% 50%;background-repeat:no-repeat;background-size:cover;\"   data-src=\"https:\/\/hyphen.archi\/app\/uploads\/2023\/11\/CCM9543.jpg\" data-width=\"1920\" data-height=\"1281\"><\/div><div aria-hidden=\"true\" class=\"bb:block-overlay\" style=\"background:var(--wp--preset--color--contrast, #000000);opacity:0.3;\"><\/div><a class=\"bb:link-to-post\" href=\"https:\/\/hyphen.archi\/fr\/portfolio\/pvh\/\" aria-label=\"PVH\" rel=\"permalink\"><\/a><h2 style=\"font-style:normal;font-weight:500;line-height:1; padding-top:0;padding-bottom:0;margin-bottom:var(--wp--preset--spacing--30);\" class=\"has-link-color with-arrow wp-elements-cddc8c8c55571caa1892de1356394a9d wp-block-post-title has-text-color has-base-color has-medium-font-size\">PVH<\/h2><\/div>\n\n<\/li><li class=\"wp-block-post post-8868 portfolio type-portfolio status-publish has-post-thumbnail hentry expertise-larchitecture location-france location-paris-fr sector-vente-au-detail\">\n\n<div class=\"wp-block-boldblocks-group cbb-block is-layout-flow wp-block-boldblocks-group-is-layout-flow cbb-1-1 sm-cbb-aspect-ratio cbb-layout-grid sm-cbb-v-align bb:has-overlay bb:has-background bb:has-background--image\" style=\"padding-top:0;padding-right:var(--wp--preset--spacing--30);padding-bottom:0;padding-left:var(--wp--preset--spacing--30)\"><div class=\"bb:block-background bb:block-background--image cbb-bg-image\" style=\"background-image:url(https:\/\/hyphen.archi\/app\/uploads\/2023\/10\/SDA_ceiling_2023.jpg);background-position:50% 50%;background-repeat:no-repeat;background-size:cover;\"   data-src=\"https:\/\/hyphen.archi\/app\/uploads\/2023\/10\/SDA_ceiling_2023.jpg\" data-width=\"773\" data-height=\"362\"><\/div><div aria-hidden=\"true\" class=\"bb:block-overlay\" style=\"background:var(--wp--preset--color--contrast, #000000);opacity:0.3;\"><\/div><a class=\"bb:link-to-post\" href=\"https:\/\/hyphen.archi\/fr\/portfolio\/societe-de-distribution-aeroportuaire-sda\/\" aria-label=\"Soci\u00e9t\u00e9 de Distribution A\u00e9roportuaire (SDA)\" rel=\"permalink\"><\/a><h2 style=\"font-style:normal;font-weight:500;line-height:1; padding-top:0;padding-bottom:0;margin-bottom:var(--wp--preset--spacing--30);\" class=\"has-link-color with-arrow wp-elements-cddc8c8c55571caa1892de1356394a9d wp-block-post-title has-text-color has-base-color has-medium-font-size\">Soci\u00e9t\u00e9 de Distribution A\u00e9roportuaire (SDA)<\/h2><\/div>\n\n<\/li><\/ul>\n\n<\/div>\n\n\n\n<p><a href=\"https:\/\/hyphen.archi\/fr\/portefeuille\/?sector=retail&amp;qid=1\" data-type=\"link\" data-id=\"http:\/\/hyphen.archi\/architect-portfolio\/?sector=retail&amp;qid=1\" target=\"_blank\" rel=\"noreferrer noopener\">Voir tous<\/a><\/p>\n<\/div>\n\n\n<\/div>\n<\/div>\n","protected":false},"excerpt":{"rendered":"<p>Besoin d&#8217;aide pour votre prochain projet de magasin ? Depuis des d\u00e9cennies, nous offrons d&#8217;excellentes exp\u00e9riences de marque dans le monde entier, en soutenant les marques de luxe les plus connues. Qu&#8217;il s&#8217;agisse d&#8217;un magasin phare, d&#8217;une concession a\u00e9roportuaire, d&#8217;un grand magasin ou d&#8217;un pop-up, nous pouvons vous guider \u00e0 chaque \u00e9tape du processus.<\/p>\n","protected":false},"author":1,"featured_media":12613,"parent":7261,"menu_order":1,"comment_status":"closed","ping_status":"closed","template":"page-epic","meta":{"_acf_changed":false,"CBBTypography":[],"footnotes":""},"expertise":[],"location":[],"sector":[],"class_list":["post-7301","page","type-page","status-publish","has-post-thumbnail","hentry"],"acf":[],"mb":[],"yoast_head":"<!-- This site is optimized with the Yoast SEO Premium plugin v25.9 (Yoast SEO v27.4) - https:\/\/yoast.com\/product\/yoast-seo-premium-wordpress\/ -->\n<title>Vente au d\u00e9tail - Hyphen<\/title>\n<meta name=\"robots\" content=\"index, follow, max-snippet:-1, max-image-preview:large, max-video-preview:-1\" \/>\n<link rel=\"canonical\" href=\"https:\/\/hyphen.archi\/fr\/secteurs\/vente-au-detail\/\" \/>\n<meta property=\"og:locale\" content=\"fr_FR\" \/>\n<meta property=\"og:type\" content=\"article\" \/>\n<meta property=\"og:title\" content=\"Vente au d\u00e9tail\" \/>\n<meta property=\"og:description\" content=\"Besoin d&#039;aide pour votre prochain projet de magasin ? Depuis des d\u00e9cennies, nous offrons d&#039;excellentes exp\u00e9riences de marque dans le monde entier, en soutenant les marques de luxe les plus connues. Qu&#039;il s&#039;agisse d&#039;un magasin phare, d&#039;une concession a\u00e9roportuaire, d&#039;un grand magasin ou d&#039;un pop-up, nous pouvons vous guider \u00e0 chaque \u00e9tape du processus.\" \/>\n<meta property=\"og:url\" content=\"https:\/\/hyphen.archi\/fr\/secteurs\/vente-au-detail\/\" \/>\n<meta property=\"og:site_name\" content=\"Hyphen\" \/>\n<meta property=\"article:modified_time\" content=\"2024-10-18T12:12:19+00:00\" \/>\n<meta property=\"og:image\" content=\"https:\/\/hyphen.archi\/app\/uploads\/2024\/07\/GA367_Madrid_GFL_GreatRoom_Byron_LTOak_V2_002_MKGALLERY-1.jpg\" \/>\n\t<meta property=\"og:image:width\" content=\"1920\" \/>\n\t<meta property=\"og:image:height\" content=\"1213\" \/>\n\t<meta property=\"og:image:type\" content=\"image\/jpeg\" \/>\n<meta name=\"twitter:card\" content=\"summary_large_image\" \/>\n<meta name=\"twitter:label1\" content=\"Est. reading time\" \/>\n\t<meta name=\"twitter:data1\" content=\"2 minutes\" \/>\n<script type=\"application\/ld+json\" class=\"yoast-schema-graph\">{\"@context\":\"https:\\\/\\\/schema.org\",\"@graph\":[{\"@type\":\"WebPage\",\"@id\":\"https:\\\/\\\/hyphen.archi\\\/fr\\\/secteurs\\\/vente-au-detail\\\/\",\"url\":\"https:\\\/\\\/hyphen.archi\\\/fr\\\/secteurs\\\/vente-au-detail\\\/\",\"name\":\"Vente au d\u00e9tail - Hyphen\",\"isPartOf\":{\"@id\":\"https:\\\/\\\/hyphen.archi\\\/fr\\\/#website\"},\"primaryImageOfPage\":{\"@id\":\"https:\\\/\\\/hyphen.archi\\\/fr\\\/secteurs\\\/vente-au-detail\\\/#primaryimage\"},\"image\":{\"@id\":\"https:\\\/\\\/hyphen.archi\\\/fr\\\/secteurs\\\/vente-au-detail\\\/#primaryimage\"},\"thumbnailUrl\":\"https:\\\/\\\/hyphen.archi\\\/app\\\/uploads\\\/2024\\\/07\\\/GA367_Madrid_GFL_GreatRoom_Byron_LTOak_V2_002_MKGALLERY-1.jpg\",\"datePublished\":\"2023-11-08T15:47:48+00:00\",\"dateModified\":\"2024-10-18T12:12:19+00:00\",\"breadcrumb\":{\"@id\":\"https:\\\/\\\/hyphen.archi\\\/fr\\\/secteurs\\\/vente-au-detail\\\/#breadcrumb\"},\"inLanguage\":\"fr-FR\",\"potentialAction\":[{\"@type\":\"ReadAction\",\"target\":[\"https:\\\/\\\/hyphen.archi\\\/fr\\\/secteurs\\\/vente-au-detail\\\/\"]}]},{\"@type\":\"ImageObject\",\"inLanguage\":\"fr-FR\",\"@id\":\"https:\\\/\\\/hyphen.archi\\\/fr\\\/secteurs\\\/vente-au-detail\\\/#primaryimage\",\"url\":\"https:\\\/\\\/hyphen.archi\\\/app\\\/uploads\\\/2024\\\/07\\\/GA367_Madrid_GFL_GreatRoom_Byron_LTOak_V2_002_MKGALLERY-1.jpg\",\"contentUrl\":\"https:\\\/\\\/hyphen.archi\\\/app\\\/uploads\\\/2024\\\/07\\\/GA367_Madrid_GFL_GreatRoom_Byron_LTOak_V2_002_MKGALLERY-1.jpg\",\"width\":1920,\"height\":1213,\"caption\":\"Spacious living room with curved white sofas, large chandelier, statues, and tall arched windows\"},{\"@type\":\"BreadcrumbList\",\"@id\":\"https:\\\/\\\/hyphen.archi\\\/fr\\\/secteurs\\\/vente-au-detail\\\/#breadcrumb\",\"itemListElement\":[{\"@type\":\"ListItem\",\"position\":1,\"name\":\"Home\",\"item\":\"https:\\\/\\\/hyphen.archi\\\/fr\\\/\"},{\"@type\":\"ListItem\",\"position\":2,\"name\":\"Secteurs\",\"item\":\"https:\\\/\\\/hyphen.archi\\\/fr\\\/secteurs\\\/\"},{\"@type\":\"ListItem\",\"position\":3,\"name\":\"Vente au d\u00e9tail\"}]},{\"@type\":\"WebSite\",\"@id\":\"https:\\\/\\\/hyphen.archi\\\/fr\\\/#website\",\"url\":\"https:\\\/\\\/hyphen.archi\\\/fr\\\/\",\"name\":\"Hyphen\",\"description\":\"International Architecture Firm\",\"publisher\":{\"@id\":\"https:\\\/\\\/hyphen.archi\\\/fr\\\/#organization\"},\"potentialAction\":[{\"@type\":\"SearchAction\",\"target\":{\"@type\":\"EntryPoint\",\"urlTemplate\":\"https:\\\/\\\/hyphen.archi\\\/fr\\\/?s={search_term_string}\"},\"query-input\":{\"@type\":\"PropertyValueSpecification\",\"valueRequired\":true,\"valueName\":\"search_term_string\"}}],\"inLanguage\":\"fr-FR\"},{\"@type\":\"Organization\",\"@id\":\"https:\\\/\\\/hyphen.archi\\\/fr\\\/#organization\",\"name\":\"Hyphen\",\"url\":\"https:\\\/\\\/hyphen.archi\\\/fr\\\/\",\"logo\":{\"@type\":\"ImageObject\",\"inLanguage\":\"fr-FR\",\"@id\":\"https:\\\/\\\/hyphen.archi\\\/fr\\\/#\\\/schema\\\/logo\\\/image\\\/\",\"url\":\"https:\\\/\\\/hyphen.archi\\\/app\\\/uploads\\\/2024\\\/03\\\/Favicon-no_BG.png\",\"contentUrl\":\"https:\\\/\\\/hyphen.archi\\\/app\\\/uploads\\\/2024\\\/03\\\/Favicon-no_BG.png\",\"width\":792,\"height\":793,\"caption\":\"Hyphen\"},\"image\":{\"@id\":\"https:\\\/\\\/hyphen.archi\\\/fr\\\/#\\\/schema\\\/logo\\\/image\\\/\"},\"sameAs\":[\"https:\\\/\\\/www.linkedin.com\\\/company\\\/hyphen.archi\\\/\",\"https:\\\/\\\/www.instagram.com\\\/hyphen_archi\\\/\"]}]}<\/script>\n<!-- \/ Yoast SEO Premium plugin. -->","yoast_head_json":{"title":"Vente au d\u00e9tail - Hyphen","robots":{"index":"index","follow":"follow","max-snippet":"max-snippet:-1","max-image-preview":"max-image-preview:large","max-video-preview":"max-video-preview:-1"},"canonical":"https:\/\/hyphen.archi\/fr\/secteurs\/vente-au-detail\/","og_locale":"fr_FR","og_type":"article","og_title":"Vente au d\u00e9tail","og_description":"Besoin d'aide pour votre prochain projet de magasin ? Depuis des d\u00e9cennies, nous offrons d'excellentes exp\u00e9riences de marque dans le monde entier, en soutenant les marques de luxe les plus connues. Qu'il s'agisse d'un magasin phare, d'une concession a\u00e9roportuaire, d'un grand magasin ou d'un pop-up, nous pouvons vous guider \u00e0 chaque \u00e9tape du processus.","og_url":"https:\/\/hyphen.archi\/fr\/secteurs\/vente-au-detail\/","og_site_name":"Hyphen","article_modified_time":"2024-10-18T12:12:19+00:00","og_image":[{"width":1920,"height":1213,"url":"https:\/\/hyphen.archi\/app\/uploads\/2024\/07\/GA367_Madrid_GFL_GreatRoom_Byron_LTOak_V2_002_MKGALLERY-1.jpg","type":"image\/jpeg"}],"twitter_card":"summary_large_image","twitter_misc":{"Est. reading time":"2 minutes"},"schema":{"@context":"https:\/\/schema.org","@graph":[{"@type":"WebPage","@id":"https:\/\/hyphen.archi\/fr\/secteurs\/vente-au-detail\/","url":"https:\/\/hyphen.archi\/fr\/secteurs\/vente-au-detail\/","name":"Vente au d\u00e9tail - Hyphen","isPartOf":{"@id":"https:\/\/hyphen.archi\/fr\/#website"},"primaryImageOfPage":{"@id":"https:\/\/hyphen.archi\/fr\/secteurs\/vente-au-detail\/#primaryimage"},"image":{"@id":"https:\/\/hyphen.archi\/fr\/secteurs\/vente-au-detail\/#primaryimage"},"thumbnailUrl":"https:\/\/hyphen.archi\/app\/uploads\/2024\/07\/GA367_Madrid_GFL_GreatRoom_Byron_LTOak_V2_002_MKGALLERY-1.jpg","datePublished":"2023-11-08T15:47:48+00:00","dateModified":"2024-10-18T12:12:19+00:00","breadcrumb":{"@id":"https:\/\/hyphen.archi\/fr\/secteurs\/vente-au-detail\/#breadcrumb"},"inLanguage":"fr-FR","potentialAction":[{"@type":"ReadAction","target":["https:\/\/hyphen.archi\/fr\/secteurs\/vente-au-detail\/"]}]},{"@type":"ImageObject","inLanguage":"fr-FR","@id":"https:\/\/hyphen.archi\/fr\/secteurs\/vente-au-detail\/#primaryimage","url":"https:\/\/hyphen.archi\/app\/uploads\/2024\/07\/GA367_Madrid_GFL_GreatRoom_Byron_LTOak_V2_002_MKGALLERY-1.jpg","contentUrl":"https:\/\/hyphen.archi\/app\/uploads\/2024\/07\/GA367_Madrid_GFL_GreatRoom_Byron_LTOak_V2_002_MKGALLERY-1.jpg","width":1920,"height":1213,"caption":"Spacious living room with curved white sofas, large chandelier, statues, and tall arched windows"},{"@type":"BreadcrumbList","@id":"https:\/\/hyphen.archi\/fr\/secteurs\/vente-au-detail\/#breadcrumb","itemListElement":[{"@type":"ListItem","position":1,"name":"Home","item":"https:\/\/hyphen.archi\/fr\/"},{"@type":"ListItem","position":2,"name":"Secteurs","item":"https:\/\/hyphen.archi\/fr\/secteurs\/"},{"@type":"ListItem","position":3,"name":"Vente au d\u00e9tail"}]},{"@type":"WebSite","@id":"https:\/\/hyphen.archi\/fr\/#website","url":"https:\/\/hyphen.archi\/fr\/","name":"Hyphen","description":"International Architecture Firm","publisher":{"@id":"https:\/\/hyphen.archi\/fr\/#organization"},"potentialAction":[{"@type":"SearchAction","target":{"@type":"EntryPoint","urlTemplate":"https:\/\/hyphen.archi\/fr\/?s={search_term_string}"},"query-input":{"@type":"PropertyValueSpecification","valueRequired":true,"valueName":"search_term_string"}}],"inLanguage":"fr-FR"},{"@type":"Organization","@id":"https:\/\/hyphen.archi\/fr\/#organization","name":"Hyphen","url":"https:\/\/hyphen.archi\/fr\/","logo":{"@type":"ImageObject","inLanguage":"fr-FR","@id":"https:\/\/hyphen.archi\/fr\/#\/schema\/logo\/image\/","url":"https:\/\/hyphen.archi\/app\/uploads\/2024\/03\/Favicon-no_BG.png","contentUrl":"https:\/\/hyphen.archi\/app\/uploads\/2024\/03\/Favicon-no_BG.png","width":792,"height":793,"caption":"Hyphen"},"image":{"@id":"https:\/\/hyphen.archi\/fr\/#\/schema\/logo\/image\/"},"sameAs":["https:\/\/www.linkedin.com\/company\/hyphen.archi\/","https:\/\/www.instagram.com\/hyphen_archi\/"]}]}},"mfb_rest_fields":["title","yoast_head","yoast_head_json"],"_links":{"self":[{"href":"https:\/\/hyphen.archi\/fr\/wp-json\/wp\/v2\/pages\/7301","targetHints":{"allow":["GET"]}}],"collection":[{"href":"https:\/\/hyphen.archi\/fr\/wp-json\/wp\/v2\/pages"}],"about":[{"href":"https:\/\/hyphen.archi\/fr\/wp-json\/wp\/v2\/types\/page"}],"author":[{"embeddable":true,"href":"https:\/\/hyphen.archi\/fr\/wp-json\/wp\/v2\/users\/1"}],"replies":[{"embeddable":true,"href":"https:\/\/hyphen.archi\/fr\/wp-json\/wp\/v2\/comments?post=7301"}],"version-history":[{"count":17,"href":"https:\/\/hyphen.archi\/fr\/wp-json\/wp\/v2\/pages\/7301\/revisions"}],"predecessor-version":[{"id":13146,"href":"https:\/\/hyphen.archi\/fr\/wp-json\/wp\/v2\/pages\/7301\/revisions\/13146"}],"up":[{"embeddable":true,"href":"https:\/\/hyphen.archi\/fr\/wp-json\/wp\/v2\/pages\/7261"}],"wp:featuredmedia":[{"embeddable":true,"href":"https:\/\/hyphen.archi\/fr\/wp-json\/wp\/v2\/media\/12613"}],"wp:attachment":[{"href":"https:\/\/hyphen.archi\/fr\/wp-json\/wp\/v2\/media?parent=7301"}],"wp:term":[{"taxonomy":"expertise","embeddable":true,"href":"https:\/\/hyphen.archi\/fr\/wp-json\/wp\/v2\/expertise?post=7301"},{"taxonomy":"location","embeddable":true,"href":"https:\/\/hyphen.archi\/fr\/wp-json\/wp\/v2\/location?post=7301"},{"taxonomy":"sector","embeddable":true,"href":"https:\/\/hyphen.archi\/fr\/wp-json\/wp\/v2\/sector?post=7301"}],"curies":[{"name":"wp","href":"https:\/\/api.w.org\/{rel}","templated":true}]}}