
{"version":"1.0","provider_name":"Hyphen","provider_url":"https:\/\/hyphen.archi\/it\/","title":"Chef de Projet Architecture \u2013 Data Center","type":"rich","width":600,"height":338,"html":"<blockquote class=\"wp-embedded-content\" data-secret=\"ghiVcdtcVt\"><a href=\"https:\/\/hyphen.archi\/it\/job\/chef-de-projet-architecture-data-center\/\">Chef de Projet Architecture \u2013 Data Center<\/a><\/blockquote><iframe sandbox=\"allow-scripts\" security=\"restricted\" src=\"https:\/\/hyphen.archi\/it\/job\/chef-de-projet-architecture-data-center\/embed\/#?secret=ghiVcdtcVt\" width=\"600\" height=\"338\" title=\"&#8220;Chef de Projet Architecture \u2013 Data Center&#8221; &#8212; Hyphen\" data-secret=\"ghiVcdtcVt\" frameborder=\"0\" marginwidth=\"0\" marginheight=\"0\" scrolling=\"no\" class=\"wp-embedded-content\"><\/iframe><script>\n\/*! This file is auto-generated *\/\n!function(d,l){\"use strict\";l.querySelector&&d.addEventListener&&\"undefined\"!=typeof URL&&(d.wp=d.wp||{},d.wp.receiveEmbedMessage||(d.wp.receiveEmbedMessage=function(e){var t=e.data;if((t||t.secret||t.message||t.value)&&!\/[^a-zA-Z0-9]\/.test(t.secret)){for(var s,r,n,a=l.querySelectorAll('iframe[data-secret=\"'+t.secret+'\"]'),o=l.querySelectorAll('blockquote[data-secret=\"'+t.secret+'\"]'),c=new RegExp(\"^https?:$\",\"i\"),i=0;i<o.length;i++)o[i].style.display=\"none\";for(i=0;i<a.length;i++)s=a[i],e.source===s.contentWindow&&(s.removeAttribute(\"style\"),\"height\"===t.message?(1e3<(r=parseInt(t.value,10))?r=1e3:~~r<200&&(r=200),s.height=r):\"link\"===t.message&&(r=new URL(s.getAttribute(\"src\")),n=new URL(t.value),c.test(n.protocol))&&n.host===r.host&&l.activeElement===s&&(d.top.location.href=t.value))}},d.addEventListener(\"message\",d.wp.receiveEmbedMessage,!1),l.addEventListener(\"DOMContentLoaded\",function(){for(var e,t,s=l.querySelectorAll(\"iframe.wp-embedded-content\"),r=0;r<s.length;r++)(t=(e=s[r]).getAttribute(\"data-secret\"))||(t=Math.random().toString(36).substring(2,12),e.src+=\"#?secret=\"+t,e.setAttribute(\"data-secret\",t)),e.contentWindow.postMessage({message:\"ready\",secret:t},\"*\")},!1)))}(window,document);\n\/\/# sourceURL=https:\/\/hyphen.archi\/wp\/wp-includes\/js\/wp-embed.min.js\n<\/script>\n","thumbnail_url":"http:\/\/hyphen.archi\/app\/uploads\/2023\/12\/Paris-800x800px-1024x1024.png","thumbnail_width":1024,"thumbnail_height":1024,"description":"Ce mois-ci est peut-\u00eatre le moment id\u00e9al pour changer de carri\u00e8re. Une carri\u00e8re chez Hyphen vous donnera la chance de travailler dans un environnement multicultural, collaboratif et solidaire, o\u00f9 vous pourrez faire progresser votre carri\u00e8re. Nous avons une nouvelle opportunit\u00e9 pour des architectes exp\u00e9riment\u00e9s et enthousiastes de rejoindre notre cabinet d\u2019architecture international en pleine croissance [&hellip;]"}