
{"id":7275,"date":"2023-11-08T15:47:48","date_gmt":"2023-11-08T15:47:48","guid":{"rendered":"http:\/\/hyphen.archi\/settori\/vendita-al-dettaglio\/"},"modified":"2024-07-24T09:53:05","modified_gmt":"2024-07-24T09:53:05","slug":"retail","status":"publish","type":"page","link":"https:\/\/hyphen.archi\/it\/settori\/retail\/","title":{"rendered":"Retail"},"content":{"rendered":"\n<div class=\"wp-block-boldblocks-group cbb-block background-image-animation is-layout-flow wp-block-boldblocks-group-is-layout-flow cbb-g-1 cbb-layout-grid sm-cbb-v-align bb:has-overlay bb:has-background bb:has-background--image js-animation-bg-parallax\" style=\"min-height:80vh;margin-bottom:var(--wp--preset--spacing--40);padding-top:0;padding-right:var(--wp--preset--spacing--40);padding-bottom:0;padding-left:var(--wp--preset--spacing--40)\"><div class=\"bb:block-background bb:block-background--image cbb-bg-image bg-parallax\" style=\"background-image:url(https:\/\/hyphen.archi\/app\/uploads\/2024\/07\/GA367_Madrid_GFL_GreatRoom_Byron_LTOak_V2_002_MKGALLERY-1.jpg);background-position:50% 50%;background-repeat:no-repeat;background-size:cover;\"   data-speed=\"0.5\" data-src=\"https:\/\/hyphen.archi\/app\/uploads\/2024\/07\/GA367_Madrid_GFL_GreatRoom_Byron_LTOak_V2_002_MKGALLERY-1.jpg\" data-width=\"1920\" data-height=\"1213\"><\/div><div aria-hidden=\"true\" class=\"bb:block-overlay\" style=\"background:var(--wp--preset--color--contrast, #000000);opacity:0.3;\"><\/div>\n<h1 class=\"wp-block-heading has-base-color has-text-color\" style=\"margin-top:0;margin-right:0;margin-bottom:var(--wp--preset--spacing--40);margin-left:0\">Retail<\/h1>\n<\/div>\n\n\n\n<div class=\"wp-block-group is-layout-flow wp-block-group-is-layout-flow\" style=\"padding-right:var(--wp--preset--spacing--40);padding-left:var(--wp--preset--spacing--40)\">\n<div class=\"wp-block-buttons is-layout-flex wp-block-buttons-is-layout-flex\" style=\"margin-bottom:var(--wp--preset--spacing--30)\">\n<div class=\"wp-block-button has-custom-font-size arrow-before has-small-font-size\"><a class=\"wp-block-button__link has-contrast-color has-base-background-color has-text-color has-background wp-element-button\" href=\"https:\/\/hyphen.archi\/it\/settori\/\" style=\"padding-top:0;padding-right:0;padding-bottom:0;padding-left:0\">Tutti i settori<\/a><\/div>\n<\/div>\n\n\n\n<div class=\"wp-block-columns is-style-reverse-mobile is-layout-flex wp-container-core-columns-is-layout-7fc3d43a wp-block-columns-is-layout-flex\">\n<div class=\"wp-block-column is-layout-flow wp-block-column-is-layout-flow\">\n<p class=\"has-large-font-size\">Retail non riguarda pi\u00f9 solo i prodotti, ma anche la relazione tra un marchio e i suoi utenti. La nostra esperienza affronta le tendenze in evoluzione del settore retail e siamo orgogliosi di aver realizzato progetti per molti dei marchi pi\u00f9 lussuosi del mondo.<\/p>\n\n\n\n<p class=\"has-medium-font-size\">Adattiamo le nostre competenze per soddisfare le diverse specifiche del progetto, che si tratti di un flagship store di fascia alta, di una concessione aeroportuale di lusso o di un famoso grande magazzino.  <\/p>\n\n\n\n<p class=\"has-medium-font-size\">Con oltre 30 anni di esperienza nel settore della Retail, Hyphen ha lavorato in alcuni dei luoghi pi\u00f9 prestigiosi d&#8217;Europa e dell&#8217;America Latina, da Palacio de Hierro a Citt\u00e0 del Messico, a Bond Street a Londra, La Samaritaine a Parigi e Kurf\u00fcrstendamm a Berlino.<\/p>\n\n\n\n<div class=\"wp-block-group is-layout-flow wp-block-group-is-layout-flow\">\n<h2 class=\"wp-block-heading has-small-font-size\" style=\"margin-top:var(--wp--preset--spacing--40);margin-bottom:1rem;font-style:normal;font-weight:500\">Our experts:<\/h2>\n\n\n\n<div class=\"wp-block-query is-layout-flow wp-block-query-is-layout-flow cbb-query-9-1\"><ul id=\"\" class=\"wp-block-post-template is-layout-flow wp-block-post-template-is-layout-flow\"><li class=\"wp-block-post post-9653 person type-person status-publish has-post-thumbnail hentry expertise-architettura location-austria-it location-belgio location-berlino location-francia-it location-galles location-germania location-inghilterra location-londra location-parigi location-regno-unito location-scozia people-type-main sector-retail\">\n<div class=\"is-display-block is-acf-field second-image wp-block-mfb-meta-field-block\"><div class=\"value\"><img decoding=\"async\" width=\"300\" height=\"300\" src=\"https:\/\/hyphen.archi\/app\/uploads\/2024\/02\/Eddie-Doodles-300x300.jpg\" class=\"attachment-medium size-medium\" alt=\"Eddie Miles\" \/><\/div><\/div>\n\n<figure style=\"aspect-ratio:1;\" class=\"featured-image wp-block-post-featured-image\"><a href=\"https:\/\/hyphen.archi\/it\/person\/eddie-miles\/\" target=\"_self\"  ><img decoding=\"async\" width=\"1667\" height=\"1667\" src=\"https:\/\/hyphen.archi\/app\/uploads\/2023\/11\/Eddie.jpg\" class=\"attachment-post-thumbnail size-post-thumbnail wp-post-image\" alt=\"Eddie Miles\" style=\"width:100%;height:100%;object-fit:cover;\" srcset=\"https:\/\/hyphen.archi\/app\/uploads\/2023\/11\/Eddie.jpg 1667w, https:\/\/hyphen.archi\/app\/uploads\/2023\/11\/Eddie-300x300.jpg 300w, https:\/\/hyphen.archi\/app\/uploads\/2023\/11\/Eddie-1024x1024.jpg 1024w, https:\/\/hyphen.archi\/app\/uploads\/2023\/11\/Eddie-150x150.jpg 150w, https:\/\/hyphen.archi\/app\/uploads\/2023\/11\/Eddie-768x768.jpg 768w, https:\/\/hyphen.archi\/app\/uploads\/2023\/11\/Eddie-1536x1536.jpg 1536w\" sizes=\"(max-width: 1667px) 100vw, 1667px\" \/><\/a><\/figure>\n\n<h2 style=\"font-style:normal;font-weight:500; padding-top:0;padding-bottom:0;margin-top:0;margin-bottom:0;\" class=\"wp-block-post-title has-x-small-font-size\">Eddie Miles<\/h2>\n\n<div style=\"padding-top:0;padding-bottom:0;margin-top:0;margin-bottom:0;\" class=\"wp-block-post-excerpt has-x-small-font-size\"><p class=\"wp-block-post-excerpt__excerpt\">Chair <\/p><\/div>\n<\/li><li class=\"wp-block-post post-9523 person type-person status-publish has-post-thumbnail hentry expertise-architettura location-galles location-inghilterra location-londra location-regno-unito location-scozia location-svezia location-winchester-it people-type-main sector-residenziale-e-ad-uso-misto sector-retail\">\n<div class=\"is-display-block is-acf-field second-image wp-block-mfb-meta-field-block\"><div class=\"value\"><img decoding=\"async\" width=\"300\" height=\"300\" src=\"https:\/\/hyphen.archi\/app\/uploads\/2023\/12\/Aimee-Doodles-2-300x300.jpg\" class=\"attachment-medium size-medium\" alt=\"Aimee Hooper\" \/><\/div><\/div>\n\n<figure style=\"aspect-ratio:1;\" class=\"featured-image wp-block-post-featured-image\"><a href=\"https:\/\/hyphen.archi\/it\/person\/aimee-hooper\/\" target=\"_self\"  ><img decoding=\"async\" width=\"1667\" height=\"1667\" src=\"https:\/\/hyphen.archi\/app\/uploads\/2023\/12\/Aimee-2.jpg\" class=\"attachment-post-thumbnail size-post-thumbnail wp-post-image\" alt=\"Aimee Hooper\" style=\"width:100%;height:100%;object-fit:cover;\" srcset=\"https:\/\/hyphen.archi\/app\/uploads\/2023\/12\/Aimee-2.jpg 1667w, https:\/\/hyphen.archi\/app\/uploads\/2023\/12\/Aimee-2-300x300.jpg 300w, https:\/\/hyphen.archi\/app\/uploads\/2023\/12\/Aimee-2-1024x1024.jpg 1024w, https:\/\/hyphen.archi\/app\/uploads\/2023\/12\/Aimee-2-150x150.jpg 150w, https:\/\/hyphen.archi\/app\/uploads\/2023\/12\/Aimee-2-768x768.jpg 768w, https:\/\/hyphen.archi\/app\/uploads\/2023\/12\/Aimee-2-1536x1536.jpg 1536w\" sizes=\"(max-width: 1667px) 100vw, 1667px\" \/><\/a><\/figure>\n\n<h2 style=\"font-style:normal;font-weight:500; padding-top:0;padding-bottom:0;margin-top:0;margin-bottom:0;\" class=\"wp-block-post-title has-x-small-font-size\">Aimee Hooper<\/h2>\n\n<div style=\"padding-top:0;padding-bottom:0;margin-top:0;margin-bottom:0;\" class=\"wp-block-post-excerpt has-x-small-font-size\"><p class=\"wp-block-post-excerpt__excerpt\">Senior associate <\/p><\/div>\n<\/li><li class=\"wp-block-post post-9637 person type-person status-publish has-post-thumbnail hentry expertise-architettura location-belfast-it location-belgio location-danimarca location-galles location-inghilterra location-irlanda location-irlanda-del-nord location-londra location-monaghan-it location-norvegia location-paesi-bassi location-polonia location-regno-unito location-repubblica-ceca location-scozia location-winchester-it people-type-main sector-data-center sector-logistica sector-ospitalita sector-residenziale-e-ad-uso-misto sector-retail sector-ufficio\">\n<div class=\"is-display-block is-acf-field second-image wp-block-mfb-meta-field-block\"><div class=\"value\"><img decoding=\"async\" width=\"300\" height=\"300\" src=\"https:\/\/hyphen.archi\/app\/uploads\/2023\/11\/Alan-Doodles-2-300x300.jpg\" class=\"attachment-medium size-medium\" alt=\"Alan Cheyne\" \/><\/div><\/div>\n\n<figure style=\"aspect-ratio:1;\" class=\"featured-image wp-block-post-featured-image\"><a href=\"https:\/\/hyphen.archi\/it\/person\/alan-cheyne\/\" target=\"_self\"  ><img decoding=\"async\" width=\"1667\" height=\"1667\" src=\"https:\/\/hyphen.archi\/app\/uploads\/2023\/11\/Alan-2.png\" class=\"attachment-post-thumbnail size-post-thumbnail wp-post-image\" alt=\"Alan Cheyne\" style=\"width:100%;height:100%;object-fit:cover;\" srcset=\"https:\/\/hyphen.archi\/app\/uploads\/2023\/11\/Alan-2.png 1667w, https:\/\/hyphen.archi\/app\/uploads\/2023\/11\/Alan-2-300x300.png 300w, https:\/\/hyphen.archi\/app\/uploads\/2023\/11\/Alan-2-1024x1024.png 1024w, https:\/\/hyphen.archi\/app\/uploads\/2023\/11\/Alan-2-150x150.png 150w, https:\/\/hyphen.archi\/app\/uploads\/2023\/11\/Alan-2-768x768.png 768w, https:\/\/hyphen.archi\/app\/uploads\/2023\/11\/Alan-2-1536x1536.png 1536w\" sizes=\"(max-width: 1667px) 100vw, 1667px\" \/><\/a><\/figure>\n\n<h2 style=\"font-style:normal;font-weight:500; padding-top:0;padding-bottom:0;margin-top:0;margin-bottom:0;\" class=\"wp-block-post-title has-x-small-font-size\">Alan Cheyne<\/h2>\n\n<div style=\"padding-top:0;padding-bottom:0;margin-top:0;margin-bottom:0;\" class=\"wp-block-post-excerpt has-x-small-font-size\"><p class=\"wp-block-post-excerpt__excerpt\">Managing director, UK and Ireland <\/p><\/div>\n<\/li><li class=\"wp-block-post post-9436 person type-person status-publish has-post-thumbnail hentry expertise-architettura location-belgio location-madrid-it location-paesi-bassi location-portogallo location-spagna people-type-main sector-logistica sector-retail sector-ufficio\">\n<div class=\"is-display-block is-acf-field second-image wp-block-mfb-meta-field-block\"><div class=\"value\"><img decoding=\"async\" width=\"300\" height=\"300\" src=\"https:\/\/hyphen.archi\/app\/uploads\/2023\/12\/Beatriz-Doodle-300x300.jpg\" class=\"attachment-medium size-medium\" alt=\"Beatriz Mor\u00e1n Mu\u00f1oz\" \/><\/div><\/div>\n\n<figure style=\"aspect-ratio:1;\" class=\"featured-image wp-block-post-featured-image\"><a href=\"https:\/\/hyphen.archi\/it\/person\/beatriz-moran-munoz\/\" target=\"_self\"  ><img decoding=\"async\" width=\"1667\" height=\"1667\" src=\"https:\/\/hyphen.archi\/app\/uploads\/2023\/12\/Beatriz.jpg\" class=\"attachment-post-thumbnail size-post-thumbnail wp-post-image\" alt=\"Beatriz Mor\u00e1n Mu\u00f1oz\" style=\"width:100%;height:100%;object-fit:cover;\" srcset=\"https:\/\/hyphen.archi\/app\/uploads\/2023\/12\/Beatriz.jpg 1667w, https:\/\/hyphen.archi\/app\/uploads\/2023\/12\/Beatriz-300x300.jpg 300w, https:\/\/hyphen.archi\/app\/uploads\/2023\/12\/Beatriz-1024x1024.jpg 1024w, https:\/\/hyphen.archi\/app\/uploads\/2023\/12\/Beatriz-150x150.jpg 150w, https:\/\/hyphen.archi\/app\/uploads\/2023\/12\/Beatriz-768x768.jpg 768w, https:\/\/hyphen.archi\/app\/uploads\/2023\/12\/Beatriz-1536x1536.jpg 1536w\" sizes=\"(max-width: 1667px) 100vw, 1667px\" \/><\/a><\/figure>\n\n<h2 style=\"font-style:normal;font-weight:500; padding-top:0;padding-bottom:0;margin-top:0;margin-bottom:0;\" class=\"wp-block-post-title has-x-small-font-size\">Beatriz Mor\u00e1n Mu\u00f1oz<\/h2>\n\n<div style=\"padding-top:0;padding-bottom:0;margin-top:0;margin-bottom:0;\" class=\"wp-block-post-excerpt has-x-small-font-size\"><p class=\"wp-block-post-excerpt__excerpt\">Associate <\/p><\/div>\n<\/li><li class=\"wp-block-post post-9587 person type-person status-publish has-post-thumbnail hentry expertise-architettura location-belgio location-francia-it location-parigi location-svizzera people-type-main sector-data-center sector-logistica sector-ospitalita sector-residenziale-e-ad-uso-misto sector-retail sector-ufficio\">\n<div class=\"is-display-block is-acf-field second-image wp-block-mfb-meta-field-block\"><div class=\"value\"><img decoding=\"async\" width=\"300\" height=\"300\" src=\"https:\/\/hyphen.archi\/app\/uploads\/2023\/11\/Carole-Doodle-300x300.jpg\" class=\"attachment-medium size-medium\" alt=\"Carole Netzer\" \/><\/div><\/div>\n\n<figure style=\"aspect-ratio:1;\" class=\"featured-image wp-block-post-featured-image\"><a href=\"https:\/\/hyphen.archi\/it\/person\/carole-netzer\/\" target=\"_self\"  ><img decoding=\"async\" width=\"1667\" height=\"1667\" src=\"https:\/\/hyphen.archi\/app\/uploads\/2023\/11\/Carole.jpg\" class=\"attachment-post-thumbnail size-post-thumbnail wp-post-image\" alt=\"Carole Netzer\" style=\"width:100%;height:100%;object-fit:cover;\" srcset=\"https:\/\/hyphen.archi\/app\/uploads\/2023\/11\/Carole.jpg 1667w, https:\/\/hyphen.archi\/app\/uploads\/2023\/11\/Carole-300x300.jpg 300w, https:\/\/hyphen.archi\/app\/uploads\/2023\/11\/Carole-1024x1024.jpg 1024w, https:\/\/hyphen.archi\/app\/uploads\/2023\/11\/Carole-150x150.jpg 150w, https:\/\/hyphen.archi\/app\/uploads\/2023\/11\/Carole-768x768.jpg 768w, https:\/\/hyphen.archi\/app\/uploads\/2023\/11\/Carole-1536x1536.jpg 1536w\" sizes=\"(max-width: 1667px) 100vw, 1667px\" \/><\/a><\/figure>\n\n<h2 style=\"font-style:normal;font-weight:500; padding-top:0;padding-bottom:0;margin-top:0;margin-bottom:0;\" class=\"wp-block-post-title has-x-small-font-size\">Carole Netzer<\/h2>\n\n<div style=\"padding-top:0;padding-bottom:0;margin-top:0;margin-bottom:0;\" class=\"wp-block-post-excerpt has-x-small-font-size\"><p class=\"wp-block-post-excerpt__excerpt\">Director <\/p><\/div>\n<\/li><li class=\"wp-block-post post-9458 person type-person status-publish has-post-thumbnail hentry expertise-architettura location-colombia-it location-madrid-it location-messico location-portogallo location-spagna people-type-main sector-retail sector-ufficio\">\n<div class=\"is-display-block is-acf-field second-image wp-block-mfb-meta-field-block\"><div class=\"value\"><img decoding=\"async\" width=\"300\" height=\"300\" src=\"https:\/\/hyphen.archi\/app\/uploads\/2023\/12\/Cristina-Doodle-300x300.jpg\" class=\"attachment-medium size-medium\" alt=\"Cristina Mart\u00ednez Rodr\u00edguez\" \/><\/div><\/div>\n\n<figure style=\"aspect-ratio:1;\" class=\"featured-image wp-block-post-featured-image\"><a href=\"https:\/\/hyphen.archi\/it\/person\/cristina-martinez-rodriguez\/\" target=\"_self\"  ><img decoding=\"async\" width=\"1667\" height=\"1667\" src=\"https:\/\/hyphen.archi\/app\/uploads\/2023\/12\/Cristina.jpg\" class=\"attachment-post-thumbnail size-post-thumbnail wp-post-image\" alt=\"Cristina Mart\u00ednez Rodr\u00edguez\" style=\"width:100%;height:100%;object-fit:cover;\" srcset=\"https:\/\/hyphen.archi\/app\/uploads\/2023\/12\/Cristina.jpg 1667w, https:\/\/hyphen.archi\/app\/uploads\/2023\/12\/Cristina-300x300.jpg 300w, https:\/\/hyphen.archi\/app\/uploads\/2023\/12\/Cristina-1024x1024.jpg 1024w, https:\/\/hyphen.archi\/app\/uploads\/2023\/12\/Cristina-150x150.jpg 150w, https:\/\/hyphen.archi\/app\/uploads\/2023\/12\/Cristina-768x768.jpg 768w, https:\/\/hyphen.archi\/app\/uploads\/2023\/12\/Cristina-1536x1536.jpg 1536w\" sizes=\"(max-width: 1667px) 100vw, 1667px\" \/><\/a><\/figure>\n\n<h2 style=\"font-style:normal;font-weight:500; padding-top:0;padding-bottom:0;margin-top:0;margin-bottom:0;\" class=\"wp-block-post-title has-x-small-font-size\">Cristina Mart\u00ednez Rodr\u00edguez<\/h2>\n\n<div style=\"padding-top:0;padding-bottom:0;margin-top:0;margin-bottom:0;\" class=\"wp-block-post-excerpt has-x-small-font-size\"><p class=\"wp-block-post-excerpt__excerpt\">Associate <\/p><\/div>\n<\/li><li class=\"wp-block-post post-9431 person type-person status-publish has-post-thumbnail hentry expertise-design-dinterni location-belgio location-francia-it location-parigi location-svizzera people-type-main sector-data-center sector-logistica sector-ospitalita sector-residenziale-e-ad-uso-misto sector-retail\">\n<div class=\"is-display-block is-acf-field second-image wp-block-mfb-meta-field-block\"><div class=\"value\"><img decoding=\"async\" width=\"300\" height=\"300\" src=\"https:\/\/hyphen.archi\/app\/uploads\/2023\/12\/Denis-Doodles-2-300x300.jpg\" class=\"attachment-medium size-medium\" alt=\"R\u00e9mi Pascal\" \/><\/div><\/div>\n\n<figure style=\"aspect-ratio:1;\" class=\"featured-image wp-block-post-featured-image\"><a href=\"https:\/\/hyphen.archi\/it\/person\/denis-charpentier\/\" target=\"_self\"  ><img decoding=\"async\" width=\"1667\" height=\"1667\" src=\"https:\/\/hyphen.archi\/app\/uploads\/2023\/12\/Denis.jpg\" class=\"attachment-post-thumbnail size-post-thumbnail wp-post-image\" alt=\"Denis Charpentier\" style=\"width:100%;height:100%;object-fit:cover;\" srcset=\"https:\/\/hyphen.archi\/app\/uploads\/2023\/12\/Denis.jpg 1667w, https:\/\/hyphen.archi\/app\/uploads\/2023\/12\/Denis-300x300.jpg 300w, https:\/\/hyphen.archi\/app\/uploads\/2023\/12\/Denis-1024x1024.jpg 1024w, https:\/\/hyphen.archi\/app\/uploads\/2023\/12\/Denis-150x150.jpg 150w, https:\/\/hyphen.archi\/app\/uploads\/2023\/12\/Denis-768x768.jpg 768w, https:\/\/hyphen.archi\/app\/uploads\/2023\/12\/Denis-1536x1536.jpg 1536w\" sizes=\"(max-width: 1667px) 100vw, 1667px\" \/><\/a><\/figure>\n\n<h2 style=\"font-style:normal;font-weight:500; padding-top:0;padding-bottom:0;margin-top:0;margin-bottom:0;\" class=\"wp-block-post-title has-x-small-font-size\">Denis Charpentier<\/h2>\n\n<div style=\"padding-top:0;padding-bottom:0;margin-top:0;margin-bottom:0;\" class=\"wp-block-post-excerpt has-x-small-font-size\"><p class=\"wp-block-post-excerpt__excerpt\">Associate <\/p><\/div>\n<\/li><li class=\"wp-block-post post-9603 person type-person status-publish has-post-thumbnail hentry expertise-architettura location-belgio location-galles location-inghilterra location-italia location-londra location-regno-unito location-scozia people-type-main sector-logistica sector-retail\">\n<div class=\"is-display-block is-acf-field second-image wp-block-mfb-meta-field-block\"><div class=\"value\"><img decoding=\"async\" width=\"300\" height=\"300\" src=\"https:\/\/hyphen.archi\/app\/uploads\/2024\/02\/FrancescaDoodles-300x300.jpg\" class=\"attachment-medium size-medium\" alt=\"Francesca Tedesco\" \/><\/div><\/div>\n\n<figure style=\"aspect-ratio:1;\" class=\"featured-image wp-block-post-featured-image\"><a href=\"https:\/\/hyphen.archi\/it\/person\/francesca-tedesco\/\" target=\"_self\"  ><img decoding=\"async\" width=\"1667\" height=\"1667\" src=\"https:\/\/hyphen.archi\/app\/uploads\/2023\/11\/Francesca.jpg\" class=\"attachment-post-thumbnail size-post-thumbnail wp-post-image\" alt=\"Francesca Tedesco\" style=\"width:100%;height:100%;object-fit:cover;\" srcset=\"https:\/\/hyphen.archi\/app\/uploads\/2023\/11\/Francesca.jpg 1667w, https:\/\/hyphen.archi\/app\/uploads\/2023\/11\/Francesca-300x300.jpg 300w, https:\/\/hyphen.archi\/app\/uploads\/2023\/11\/Francesca-1024x1024.jpg 1024w, https:\/\/hyphen.archi\/app\/uploads\/2023\/11\/Francesca-150x150.jpg 150w, https:\/\/hyphen.archi\/app\/uploads\/2023\/11\/Francesca-768x768.jpg 768w, https:\/\/hyphen.archi\/app\/uploads\/2023\/11\/Francesca-1536x1536.jpg 1536w\" sizes=\"(max-width: 1667px) 100vw, 1667px\" \/><\/a><\/figure>\n\n<h2 style=\"font-style:normal;font-weight:500; padding-top:0;padding-bottom:0;margin-top:0;margin-bottom:0;\" class=\"wp-block-post-title has-x-small-font-size\">Francesca Tedesco<\/h2>\n\n<div style=\"padding-top:0;padding-bottom:0;margin-top:0;margin-bottom:0;\" class=\"wp-block-post-excerpt has-x-small-font-size\"><p class=\"wp-block-post-excerpt__excerpt\">Associate <\/p><\/div>\n<\/li><li class=\"wp-block-post post-9406 person type-person status-publish has-post-thumbnail hentry expertise-architettura location-austria-it location-berlino location-danimarca location-germania location-norvegia location-paesi-bassi location-polonia location-repubblica-ceca location-svezia location-svizzera people-type-main sector-data-center sector-logistica sector-retail sector-ufficio\">\n<div class=\"is-display-block is-acf-field second-image wp-block-mfb-meta-field-block\"><div class=\"value\"><img decoding=\"async\" width=\"300\" height=\"300\" src=\"https:\/\/hyphen.archi\/app\/uploads\/2024\/02\/Franzisca-Doodles-300x300.jpg\" class=\"attachment-medium size-medium\" alt=\"Franziska Gensichen\" \/><\/div><\/div>\n\n<figure style=\"aspect-ratio:1;\" class=\"featured-image wp-block-post-featured-image\"><a href=\"https:\/\/hyphen.archi\/it\/person\/franziska-gensichen\/\" target=\"_self\"  ><img decoding=\"async\" width=\"1667\" height=\"1667\" src=\"https:\/\/hyphen.archi\/app\/uploads\/2023\/12\/Franzisca.jpg\" class=\"attachment-post-thumbnail size-post-thumbnail wp-post-image\" alt=\"Franziska Gensichen\" style=\"width:100%;height:100%;object-fit:cover;\" srcset=\"https:\/\/hyphen.archi\/app\/uploads\/2023\/12\/Franzisca.jpg 1667w, https:\/\/hyphen.archi\/app\/uploads\/2023\/12\/Franzisca-300x300.jpg 300w, https:\/\/hyphen.archi\/app\/uploads\/2023\/12\/Franzisca-1024x1024.jpg 1024w, https:\/\/hyphen.archi\/app\/uploads\/2023\/12\/Franzisca-150x150.jpg 150w, https:\/\/hyphen.archi\/app\/uploads\/2023\/12\/Franzisca-768x768.jpg 768w, https:\/\/hyphen.archi\/app\/uploads\/2023\/12\/Franzisca-1536x1536.jpg 1536w\" sizes=\"(max-width: 1667px) 100vw, 1667px\" \/><\/a><\/figure>\n\n<h2 style=\"font-style:normal;font-weight:500; padding-top:0;padding-bottom:0;margin-top:0;margin-bottom:0;\" class=\"wp-block-post-title has-x-small-font-size\">Franziska Gensichen<\/h2>\n\n<div style=\"padding-top:0;padding-bottom:0;margin-top:0;margin-bottom:0;\" class=\"wp-block-post-excerpt has-x-small-font-size\"><p class=\"wp-block-post-excerpt__excerpt\">Senior associate <\/p><\/div>\n<\/li><li class=\"wp-block-post post-9419 person type-person status-publish has-post-thumbnail hentry expertise-architettura location-belfast-it location-galles location-inghilterra location-irlanda location-irlanda-del-nord location-monaghan-it location-scozia people-type-main sector-data-center sector-logistica sector-ospitalita sector-residenziale-e-ad-uso-misto sector-retail sector-ufficio\">\n<div class=\"is-display-block is-acf-field second-image wp-block-mfb-meta-field-block\"><div class=\"value\"><img decoding=\"async\" width=\"300\" height=\"300\" src=\"https:\/\/hyphen.archi\/app\/uploads\/2024\/02\/Georgina-Doodles-300x300.jpg\" class=\"attachment-medium size-medium\" alt=\"Georgina Mullen\" \/><\/div><\/div>\n\n<figure style=\"aspect-ratio:1;\" class=\"featured-image wp-block-post-featured-image\"><a href=\"https:\/\/hyphen.archi\/it\/person\/georgina-mullen\/\" target=\"_self\"  ><img decoding=\"async\" width=\"1667\" height=\"1667\" src=\"https:\/\/hyphen.archi\/app\/uploads\/2023\/12\/Georgina.jpg\" class=\"attachment-post-thumbnail size-post-thumbnail wp-post-image\" alt=\"Georgina Mullen\" style=\"width:100%;height:100%;object-fit:cover;\" srcset=\"https:\/\/hyphen.archi\/app\/uploads\/2023\/12\/Georgina.jpg 1667w, https:\/\/hyphen.archi\/app\/uploads\/2023\/12\/Georgina-300x300.jpg 300w, https:\/\/hyphen.archi\/app\/uploads\/2023\/12\/Georgina-1024x1024.jpg 1024w, https:\/\/hyphen.archi\/app\/uploads\/2023\/12\/Georgina-150x150.jpg 150w, https:\/\/hyphen.archi\/app\/uploads\/2023\/12\/Georgina-768x768.jpg 768w, https:\/\/hyphen.archi\/app\/uploads\/2023\/12\/Georgina-1536x1536.jpg 1536w\" sizes=\"(max-width: 1667px) 100vw, 1667px\" \/><\/a><\/figure>\n\n<h2 style=\"font-style:normal;font-weight:500; padding-top:0;padding-bottom:0;margin-top:0;margin-bottom:0;\" class=\"wp-block-post-title has-x-small-font-size\">Georgina Mullen<\/h2>\n\n<div style=\"padding-top:0;padding-bottom:0;margin-top:0;margin-bottom:0;\" class=\"wp-block-post-excerpt has-x-small-font-size\"><p class=\"wp-block-post-excerpt__excerpt\">Director <\/p><\/div>\n<\/li><li class=\"wp-block-post post-9622 person type-person status-publish has-post-thumbnail hentry expertise-architettura location-italia location-milano people-type-main sector-data-center sector-logistica sector-ospitalita sector-residenziale-e-ad-uso-misto sector-retail sector-ufficio\">\n<div class=\"is-display-block is-acf-field second-image wp-block-mfb-meta-field-block\"><div class=\"value\"><img decoding=\"async\" width=\"300\" height=\"300\" src=\"https:\/\/hyphen.archi\/app\/uploads\/2024\/02\/Giacomo-Doodles-300x300.jpg\" class=\"attachment-medium size-medium\" alt=\"Giacomo Spinelli\" \/><\/div><\/div>\n\n<figure style=\"aspect-ratio:1;\" class=\"featured-image wp-block-post-featured-image\"><a href=\"https:\/\/hyphen.archi\/it\/person\/giacomo-spinelli\/\" target=\"_self\"  ><img decoding=\"async\" width=\"1667\" height=\"1667\" src=\"https:\/\/hyphen.archi\/app\/uploads\/2023\/11\/Giacomo.jpg\" class=\"attachment-post-thumbnail size-post-thumbnail wp-post-image\" alt=\"Giacomo Spinelli\" style=\"width:100%;height:100%;object-fit:cover;\" srcset=\"https:\/\/hyphen.archi\/app\/uploads\/2023\/11\/Giacomo.jpg 1667w, https:\/\/hyphen.archi\/app\/uploads\/2023\/11\/Giacomo-300x300.jpg 300w, https:\/\/hyphen.archi\/app\/uploads\/2023\/11\/Giacomo-1024x1024.jpg 1024w, https:\/\/hyphen.archi\/app\/uploads\/2023\/11\/Giacomo-150x150.jpg 150w, https:\/\/hyphen.archi\/app\/uploads\/2023\/11\/Giacomo-768x768.jpg 768w, https:\/\/hyphen.archi\/app\/uploads\/2023\/11\/Giacomo-1536x1536.jpg 1536w\" sizes=\"(max-width: 1667px) 100vw, 1667px\" \/><\/a><\/figure>\n\n<h2 style=\"font-style:normal;font-weight:500; padding-top:0;padding-bottom:0;margin-top:0;margin-bottom:0;\" class=\"wp-block-post-title has-x-small-font-size\">Giacomo Spinelli<\/h2>\n\n<div style=\"padding-top:0;padding-bottom:0;margin-top:0;margin-bottom:0;\" class=\"wp-block-post-excerpt has-x-small-font-size\"><p class=\"wp-block-post-excerpt__excerpt\">Director <\/p><\/div>\n<\/li><li class=\"wp-block-post post-9583 person type-person status-publish has-post-thumbnail hentry expertise-architettura expertise-sostenibilita location-america-latina location-citta-del-messico location-messico people-type-main sector-data-center sector-logistica sector-ospitalita sector-residenziale-e-ad-uso-misto sector-retail sector-ufficio\">\n<div class=\"is-display-block is-acf-field second-image wp-block-mfb-meta-field-block\"><div class=\"value\"><img decoding=\"async\" width=\"300\" height=\"300\" src=\"https:\/\/hyphen.archi\/app\/uploads\/2024\/02\/Jimena-Doodles-300x300.jpg\" class=\"attachment-medium size-medium\" alt=\"Jimena Etchegaray\" \/><\/div><\/div>\n\n<figure style=\"aspect-ratio:1;\" class=\"featured-image wp-block-post-featured-image\"><a href=\"https:\/\/hyphen.archi\/it\/person\/jimena-etchegaray\/\" target=\"_self\"  ><img decoding=\"async\" width=\"1667\" height=\"1667\" src=\"https:\/\/hyphen.archi\/app\/uploads\/2023\/11\/Jimena.jpg\" class=\"attachment-post-thumbnail size-post-thumbnail wp-post-image\" alt=\"Jimena Etchegaray\" style=\"width:100%;height:100%;object-fit:cover;\" srcset=\"https:\/\/hyphen.archi\/app\/uploads\/2023\/11\/Jimena.jpg 1667w, https:\/\/hyphen.archi\/app\/uploads\/2023\/11\/Jimena-300x300.jpg 300w, https:\/\/hyphen.archi\/app\/uploads\/2023\/11\/Jimena-1024x1024.jpg 1024w, https:\/\/hyphen.archi\/app\/uploads\/2023\/11\/Jimena-150x150.jpg 150w, https:\/\/hyphen.archi\/app\/uploads\/2023\/11\/Jimena-768x768.jpg 768w, https:\/\/hyphen.archi\/app\/uploads\/2023\/11\/Jimena-1536x1536.jpg 1536w\" sizes=\"(max-width: 1667px) 100vw, 1667px\" \/><\/a><\/figure>\n\n<h2 style=\"font-style:normal;font-weight:500; padding-top:0;padding-bottom:0;margin-top:0;margin-bottom:0;\" class=\"wp-block-post-title has-x-small-font-size\">Jimena Etchegaray<\/h2>\n\n<div style=\"padding-top:0;padding-bottom:0;margin-top:0;margin-bottom:0;\" class=\"wp-block-post-excerpt has-x-small-font-size\"><p class=\"wp-block-post-excerpt__excerpt\">Director <\/p><\/div>\n<\/li><li class=\"wp-block-post post-9559 person type-person status-publish has-post-thumbnail hentry expertise-architettura location-belgio location-inghilterra location-italia location-londra location-milano location-norvegia location-paesi-bassi location-svizzera people-type-main sector-data-center sector-retail\">\n<div class=\"is-display-block is-acf-field second-image wp-block-mfb-meta-field-block\"><div class=\"value\"><img decoding=\"async\" width=\"300\" height=\"300\" src=\"https:\/\/hyphen.archi\/app\/uploads\/2024\/02\/Laura-Doodles-300x300.jpg\" class=\"attachment-medium size-medium\" alt=\"Laura Vatteroni\" \/><\/div><\/div>\n\n<figure style=\"aspect-ratio:1;\" class=\"featured-image wp-block-post-featured-image\"><a href=\"https:\/\/hyphen.archi\/it\/person\/laura-vatteroni\/\" target=\"_self\"  ><img decoding=\"async\" width=\"1667\" height=\"1667\" src=\"https:\/\/hyphen.archi\/app\/uploads\/2023\/11\/Laura.jpg\" class=\"attachment-post-thumbnail size-post-thumbnail wp-post-image\" alt=\"Laura Vatteroni\" style=\"width:100%;height:100%;object-fit:cover;\" srcset=\"https:\/\/hyphen.archi\/app\/uploads\/2023\/11\/Laura.jpg 1667w, https:\/\/hyphen.archi\/app\/uploads\/2023\/11\/Laura-300x300.jpg 300w, https:\/\/hyphen.archi\/app\/uploads\/2023\/11\/Laura-1024x1024.jpg 1024w, https:\/\/hyphen.archi\/app\/uploads\/2023\/11\/Laura-150x150.jpg 150w, https:\/\/hyphen.archi\/app\/uploads\/2023\/11\/Laura-768x768.jpg 768w, https:\/\/hyphen.archi\/app\/uploads\/2023\/11\/Laura-1536x1536.jpg 1536w\" sizes=\"(max-width: 1667px) 100vw, 1667px\" \/><\/a><\/figure>\n\n<h2 style=\"font-style:normal;font-weight:500; padding-top:0;padding-bottom:0;margin-top:0;margin-bottom:0;\" class=\"wp-block-post-title has-x-small-font-size\">Laura Vatteroni<\/h2>\n\n<div style=\"padding-top:0;padding-bottom:0;margin-top:0;margin-bottom:0;\" class=\"wp-block-post-excerpt has-x-small-font-size\"><p class=\"wp-block-post-excerpt__excerpt\">Associate <\/p><\/div>\n<\/li><li class=\"wp-block-post post-9569 person type-person status-publish has-post-thumbnail hentry expertise-architettura location-austria-it location-belgio location-berlino location-danimarca location-finlandia-it location-germania location-paesi-bassi location-polonia location-svizzera people-type-main sector-data-center sector-logistica sector-ospitalita sector-residenziale-e-ad-uso-misto sector-retail sector-ufficio\">\n<div class=\"is-display-block is-acf-field second-image wp-block-mfb-meta-field-block\"><div class=\"value\"><img decoding=\"async\" width=\"300\" height=\"300\" src=\"https:\/\/hyphen.archi\/app\/uploads\/2024\/02\/Leo-Doodles-300x300.jpg\" class=\"attachment-medium size-medium\" alt=\"Leo Faoro\" \/><\/div><\/div>\n\n<figure style=\"aspect-ratio:1;\" class=\"featured-image wp-block-post-featured-image\"><a href=\"https:\/\/hyphen.archi\/it\/person\/leo-faoro\/\" target=\"_self\"  ><img decoding=\"async\" width=\"1667\" height=\"1667\" src=\"https:\/\/hyphen.archi\/app\/uploads\/2023\/11\/Leo.jpg\" class=\"attachment-post-thumbnail size-post-thumbnail wp-post-image\" alt=\"Leo Faoro\" style=\"width:100%;height:100%;object-fit:cover;\" srcset=\"https:\/\/hyphen.archi\/app\/uploads\/2023\/11\/Leo.jpg 1667w, https:\/\/hyphen.archi\/app\/uploads\/2023\/11\/Leo-300x300.jpg 300w, https:\/\/hyphen.archi\/app\/uploads\/2023\/11\/Leo-1024x1024.jpg 1024w, https:\/\/hyphen.archi\/app\/uploads\/2023\/11\/Leo-150x150.jpg 150w, https:\/\/hyphen.archi\/app\/uploads\/2023\/11\/Leo-768x768.jpg 768w, https:\/\/hyphen.archi\/app\/uploads\/2023\/11\/Leo-1536x1536.jpg 1536w\" sizes=\"(max-width: 1667px) 100vw, 1667px\" \/><\/a><\/figure>\n\n<h2 style=\"font-style:normal;font-weight:500; padding-top:0;padding-bottom:0;margin-top:0;margin-bottom:0;\" class=\"wp-block-post-title has-x-small-font-size\">Leo Faoro<\/h2>\n\n<div style=\"padding-top:0;padding-bottom:0;margin-top:0;margin-bottom:0;\" class=\"wp-block-post-excerpt has-x-small-font-size\"><p class=\"wp-block-post-excerpt__excerpt\">Director <\/p><\/div>\n<\/li><li class=\"wp-block-post post-9376 person type-person status-publish has-post-thumbnail hentry expertise-architettura location-austria-it location-belgio location-berlino location-danimarca location-germania location-norvegia location-paesi-bassi location-polonia location-svizzera people-type-main sector-data-center sector-logistica sector-ospitalita sector-residenziale-e-ad-uso-misto sector-retail sector-ufficio\">\n<div class=\"is-display-block is-acf-field second-image wp-block-mfb-meta-field-block\"><div class=\"value\"><img decoding=\"async\" width=\"300\" height=\"300\" src=\"https:\/\/hyphen.archi\/app\/uploads\/2024\/02\/Olaf-Doodles-300x300.jpg\" class=\"attachment-medium size-medium\" alt=\"Olaf Gr\u00f6ger\" \/><\/div><\/div>\n\n<figure style=\"aspect-ratio:1;\" class=\"featured-image wp-block-post-featured-image\"><a href=\"https:\/\/hyphen.archi\/it\/person\/olaf-groger\/\" target=\"_self\"  ><img decoding=\"async\" width=\"1667\" height=\"1667\" src=\"https:\/\/hyphen.archi\/app\/uploads\/2023\/12\/Olaf.jpg\" class=\"attachment-post-thumbnail size-post-thumbnail wp-post-image\" alt=\"Olaf Gr\u00f6ger\" style=\"width:100%;height:100%;object-fit:cover;\" srcset=\"https:\/\/hyphen.archi\/app\/uploads\/2023\/12\/Olaf.jpg 1667w, https:\/\/hyphen.archi\/app\/uploads\/2023\/12\/Olaf-300x300.jpg 300w, https:\/\/hyphen.archi\/app\/uploads\/2023\/12\/Olaf-1024x1024.jpg 1024w, https:\/\/hyphen.archi\/app\/uploads\/2023\/12\/Olaf-150x150.jpg 150w, https:\/\/hyphen.archi\/app\/uploads\/2023\/12\/Olaf-768x768.jpg 768w, https:\/\/hyphen.archi\/app\/uploads\/2023\/12\/Olaf-1536x1536.jpg 1536w\" sizes=\"(max-width: 1667px) 100vw, 1667px\" \/><\/a><\/figure>\n\n<h2 style=\"font-style:normal;font-weight:500; padding-top:0;padding-bottom:0;margin-top:0;margin-bottom:0;\" class=\"wp-block-post-title has-x-small-font-size\">Olaf Gr\u00f6ger<\/h2>\n\n<div style=\"padding-top:0;padding-bottom:0;margin-top:0;margin-bottom:0;\" class=\"wp-block-post-excerpt has-x-small-font-size\"><p class=\"wp-block-post-excerpt__excerpt\">Director <\/p><\/div>\n<\/li><li class=\"wp-block-post post-9380 person type-person status-publish has-post-thumbnail hentry expertise-architettura expertise-sostenibilita location-madrid-it location-peru-it location-portogallo location-spagna people-type-main sector-data-center sector-logistica sector-retail\">\n<div class=\"is-display-block is-acf-field second-image wp-block-mfb-meta-field-block\"><div class=\"value\"><img decoding=\"async\" width=\"300\" height=\"300\" src=\"https:\/\/hyphen.archi\/app\/uploads\/2024\/02\/Pablo-H-Doodles-300x300.jpg\" class=\"attachment-medium size-medium\" alt=\"Pablo Herr\u00e1iz de la Fuente\" \/><\/div><\/div>\n\n<figure style=\"aspect-ratio:1;\" class=\"featured-image wp-block-post-featured-image\"><a href=\"https:\/\/hyphen.archi\/it\/person\/pablo-herraiz-de-la-fuente\/\" target=\"_self\"  ><img decoding=\"async\" width=\"1667\" height=\"1667\" src=\"https:\/\/hyphen.archi\/app\/uploads\/2023\/12\/Pablo-H.jpg\" class=\"attachment-post-thumbnail size-post-thumbnail wp-post-image\" alt=\"Pablo Herr\u00e1iz de la Fuente\" style=\"width:100%;height:100%;object-fit:cover;\" srcset=\"https:\/\/hyphen.archi\/app\/uploads\/2023\/12\/Pablo-H.jpg 1667w, https:\/\/hyphen.archi\/app\/uploads\/2023\/12\/Pablo-H-300x300.jpg 300w, https:\/\/hyphen.archi\/app\/uploads\/2023\/12\/Pablo-H-1024x1024.jpg 1024w, https:\/\/hyphen.archi\/app\/uploads\/2023\/12\/Pablo-H-150x150.jpg 150w, https:\/\/hyphen.archi\/app\/uploads\/2023\/12\/Pablo-H-768x768.jpg 768w, https:\/\/hyphen.archi\/app\/uploads\/2023\/12\/Pablo-H-1536x1536.jpg 1536w\" sizes=\"(max-width: 1667px) 100vw, 1667px\" \/><\/a><\/figure>\n\n<h2 style=\"font-style:normal;font-weight:500; padding-top:0;padding-bottom:0;margin-top:0;margin-bottom:0;\" class=\"wp-block-post-title has-x-small-font-size\">Pablo Herr\u00e1iz de la Fuente<\/h2>\n\n<div style=\"padding-top:0;padding-bottom:0;margin-top:0;margin-bottom:0;\" class=\"wp-block-post-excerpt has-x-small-font-size\"><p class=\"wp-block-post-excerpt__excerpt\">Associate <\/p><\/div>\n<\/li><li class=\"wp-block-post post-9316 person type-person status-publish has-post-thumbnail hentry expertise-architettura location-belfast-it location-irlanda location-irlanda-del-nord location-regno-unito people-type-main sector-retail\">\n<div class=\"is-display-block is-acf-field second-image wp-block-mfb-meta-field-block\"><div class=\"value\"><img decoding=\"async\" width=\"300\" height=\"300\" src=\"https:\/\/hyphen.archi\/app\/uploads\/2024\/02\/Rachel-Doodles-300x300.jpg\" class=\"attachment-medium size-medium\" alt=\"Rachel McCurry\" \/><\/div><\/div>\n\n<figure style=\"aspect-ratio:1;\" class=\"featured-image wp-block-post-featured-image\"><a href=\"https:\/\/hyphen.archi\/it\/person\/rachel-mccurry\/\" target=\"_self\"  ><img decoding=\"async\" width=\"1667\" height=\"1667\" src=\"https:\/\/hyphen.archi\/app\/uploads\/2023\/12\/Rachel.jpg\" class=\"attachment-post-thumbnail size-post-thumbnail wp-post-image\" alt=\"Rachel McCurry\" style=\"width:100%;height:100%;object-fit:cover;\" srcset=\"https:\/\/hyphen.archi\/app\/uploads\/2023\/12\/Rachel.jpg 1667w, https:\/\/hyphen.archi\/app\/uploads\/2023\/12\/Rachel-300x300.jpg 300w, https:\/\/hyphen.archi\/app\/uploads\/2023\/12\/Rachel-1024x1024.jpg 1024w, https:\/\/hyphen.archi\/app\/uploads\/2023\/12\/Rachel-150x150.jpg 150w, https:\/\/hyphen.archi\/app\/uploads\/2023\/12\/Rachel-768x768.jpg 768w, https:\/\/hyphen.archi\/app\/uploads\/2023\/12\/Rachel-1536x1536.jpg 1536w\" sizes=\"(max-width: 1667px) 100vw, 1667px\" \/><\/a><\/figure>\n\n<h2 style=\"font-style:normal;font-weight:500; padding-top:0;padding-bottom:0;margin-top:0;margin-bottom:0;\" class=\"wp-block-post-title has-x-small-font-size\">Rachel McCurry<\/h2>\n\n<div style=\"padding-top:0;padding-bottom:0;margin-top:0;margin-bottom:0;\" class=\"wp-block-post-excerpt has-x-small-font-size\"><p class=\"wp-block-post-excerpt__excerpt\">Associate <\/p><\/div>\n<\/li><li class=\"wp-block-post post-9318 person type-person status-publish has-post-thumbnail hentry expertise-architettura expertise-sostenibilita location-belgio location-francia-it location-parigi location-svizzera people-type-main sector-data-center sector-logistica sector-ospitalita sector-residenziale-e-ad-uso-misto sector-retail sector-ufficio\">\n<div class=\"is-display-block is-acf-field second-image wp-block-mfb-meta-field-block\"><div class=\"value\"><img decoding=\"async\" width=\"300\" height=\"300\" src=\"https:\/\/hyphen.archi\/app\/uploads\/2023\/12\/Remi-Doodles-2-300x300.jpg\" class=\"attachment-medium size-medium\" alt=\"R\u00e9mi Pascal\" \/><\/div><\/div>\n\n<figure style=\"aspect-ratio:1;\" class=\"featured-image wp-block-post-featured-image\"><a href=\"https:\/\/hyphen.archi\/it\/person\/remi-pascal\/\" target=\"_self\"  ><img decoding=\"async\" width=\"1667\" height=\"1667\" src=\"https:\/\/hyphen.archi\/app\/uploads\/2023\/12\/Remi.jpg\" class=\"attachment-post-thumbnail size-post-thumbnail wp-post-image\" alt=\"R\u00e9mi Pascal\" style=\"width:100%;height:100%;object-fit:cover;\" srcset=\"https:\/\/hyphen.archi\/app\/uploads\/2023\/12\/Remi.jpg 1667w, https:\/\/hyphen.archi\/app\/uploads\/2023\/12\/Remi-300x300.jpg 300w, https:\/\/hyphen.archi\/app\/uploads\/2023\/12\/Remi-1024x1024.jpg 1024w, https:\/\/hyphen.archi\/app\/uploads\/2023\/12\/Remi-150x150.jpg 150w, https:\/\/hyphen.archi\/app\/uploads\/2023\/12\/Remi-768x768.jpg 768w, https:\/\/hyphen.archi\/app\/uploads\/2023\/12\/Remi-1536x1536.jpg 1536w\" sizes=\"(max-width: 1667px) 100vw, 1667px\" \/><\/a><\/figure>\n\n<h2 style=\"font-style:normal;font-weight:500; padding-top:0;padding-bottom:0;margin-top:0;margin-bottom:0;\" class=\"wp-block-post-title has-x-small-font-size\">R\u00e9mi Pascal<\/h2>\n\n<div style=\"padding-top:0;padding-bottom:0;margin-top:0;margin-bottom:0;\" class=\"wp-block-post-excerpt has-x-small-font-size\"><p class=\"wp-block-post-excerpt__excerpt\">Director <\/p><\/div>\n<\/li><li class=\"wp-block-post post-9327 person type-person status-publish has-post-thumbnail hentry expertise-architettura location-america-latina location-argentina-it location-brasile location-cile location-citta-del-messico location-colombia-it location-messico location-peru-it location-santiago-it people-type-main sector-retail\">\n<div class=\"is-display-block is-acf-field second-image wp-block-mfb-meta-field-block\"><div class=\"value\"><img decoding=\"async\" width=\"300\" height=\"300\" src=\"https:\/\/hyphen.archi\/app\/uploads\/2024\/02\/Sebastian-Doodles-300x300.jpg\" class=\"attachment-medium size-medium\" alt=\"Sebasti\u00e1n Ravinet\" \/><\/div><\/div>\n\n<figure style=\"aspect-ratio:1;\" class=\"featured-image wp-block-post-featured-image\"><a href=\"https:\/\/hyphen.archi\/it\/person\/sebastian-ravinet\/\" target=\"_self\"  ><img decoding=\"async\" width=\"1667\" height=\"1667\" src=\"https:\/\/hyphen.archi\/app\/uploads\/2023\/12\/Sebastian.jpg\" class=\"attachment-post-thumbnail size-post-thumbnail wp-post-image\" alt=\"Sebasti\u00e1n Ravinet\" style=\"width:100%;height:100%;object-fit:cover;\" srcset=\"https:\/\/hyphen.archi\/app\/uploads\/2023\/12\/Sebastian.jpg 1667w, https:\/\/hyphen.archi\/app\/uploads\/2023\/12\/Sebastian-300x300.jpg 300w, https:\/\/hyphen.archi\/app\/uploads\/2023\/12\/Sebastian-1024x1024.jpg 1024w, https:\/\/hyphen.archi\/app\/uploads\/2023\/12\/Sebastian-150x150.jpg 150w, https:\/\/hyphen.archi\/app\/uploads\/2023\/12\/Sebastian-768x768.jpg 768w, https:\/\/hyphen.archi\/app\/uploads\/2023\/12\/Sebastian-1536x1536.jpg 1536w\" sizes=\"(max-width: 1667px) 100vw, 1667px\" \/><\/a><\/figure>\n\n<h2 style=\"font-style:normal;font-weight:500; padding-top:0;padding-bottom:0;margin-top:0;margin-bottom:0;\" class=\"wp-block-post-title has-x-small-font-size\">Sebasti\u00e1n Ravinet<\/h2>\n\n<div style=\"padding-top:0;padding-bottom:0;margin-top:0;margin-bottom:0;\" class=\"wp-block-post-excerpt has-x-small-font-size\"><p class=\"wp-block-post-excerpt__excerpt\">Associate <\/p><\/div>\n<\/li><li class=\"wp-block-post post-9326 person type-person status-publish has-post-thumbnail hentry expertise-architettura location-adelaide-it location-australia-it location-belgio location-galles location-inghilterra location-irlanda-del-nord location-londra location-regno-unito location-scozia location-svizzera people-type-main sector-data-center sector-logistica sector-ospitalita sector-residenziale-e-ad-uso-misto sector-retail sector-ufficio\">\n<div class=\"is-display-block is-acf-field second-image wp-block-mfb-meta-field-block\"><div class=\"value\"><img decoding=\"async\" width=\"300\" height=\"300\" src=\"https:\/\/hyphen.archi\/app\/uploads\/2024\/02\/Wayne-Doodles-300x300.jpg\" class=\"attachment-medium size-medium\" alt=\"Wayne Taylor\" \/><\/div><\/div>\n\n<figure style=\"aspect-ratio:1;\" class=\"featured-image wp-block-post-featured-image\"><a href=\"https:\/\/hyphen.archi\/it\/person\/wayne-taylor\/\" target=\"_self\"  ><img decoding=\"async\" width=\"1667\" height=\"1667\" src=\"https:\/\/hyphen.archi\/app\/uploads\/2023\/12\/Wayne.jpg\" class=\"attachment-post-thumbnail size-post-thumbnail wp-post-image\" alt=\"Wayne Taylor\" style=\"width:100%;height:100%;object-fit:cover;\" srcset=\"https:\/\/hyphen.archi\/app\/uploads\/2023\/12\/Wayne.jpg 1667w, https:\/\/hyphen.archi\/app\/uploads\/2023\/12\/Wayne-300x300.jpg 300w, https:\/\/hyphen.archi\/app\/uploads\/2023\/12\/Wayne-1024x1024.jpg 1024w, https:\/\/hyphen.archi\/app\/uploads\/2023\/12\/Wayne-150x150.jpg 150w, https:\/\/hyphen.archi\/app\/uploads\/2023\/12\/Wayne-768x768.jpg 768w, https:\/\/hyphen.archi\/app\/uploads\/2023\/12\/Wayne-1536x1536.jpg 1536w\" sizes=\"(max-width: 1667px) 100vw, 1667px\" \/><\/a><\/figure>\n\n<h2 style=\"font-style:normal;font-weight:500; padding-top:0;padding-bottom:0;margin-top:0;margin-bottom:0;\" class=\"wp-block-post-title has-x-small-font-size\">Wayne Taylor<\/h2>\n\n<div style=\"padding-top:0;padding-bottom:0;margin-top:0;margin-bottom:0;\" class=\"wp-block-post-excerpt has-x-small-font-size\"><p class=\"wp-block-post-excerpt__excerpt\">Director <\/p><\/div>\n<\/li><li class=\"wp-block-post post-9297 person type-person status-publish has-post-thumbnail hentry expertise-architettura location-belgio location-francia-it location-parigi location-svizzera people-type-main sector-data-center sector-logistica sector-ospitalita sector-residenziale-e-ad-uso-misto sector-retail sector-ufficio\">\n<div class=\"is-display-block is-acf-field second-image wp-block-mfb-meta-field-block\"><div class=\"value\"><img decoding=\"async\" width=\"300\" height=\"300\" src=\"https:\/\/hyphen.archi\/app\/uploads\/2024\/02\/Xavier-Doodles-300x300.jpg\" class=\"attachment-medium size-medium\" alt=\"Xavier Manera\" \/><\/div><\/div>\n\n<figure style=\"aspect-ratio:1;\" class=\"featured-image wp-block-post-featured-image\"><a href=\"https:\/\/hyphen.archi\/it\/person\/xavier-manera\/\" target=\"_self\"  ><img decoding=\"async\" width=\"1667\" height=\"1667\" src=\"https:\/\/hyphen.archi\/app\/uploads\/2023\/12\/Xavier.jpg\" class=\"attachment-post-thumbnail size-post-thumbnail wp-post-image\" alt=\"Xavier Manera\" style=\"width:100%;height:100%;object-fit:cover;\" srcset=\"https:\/\/hyphen.archi\/app\/uploads\/2023\/12\/Xavier.jpg 1667w, https:\/\/hyphen.archi\/app\/uploads\/2023\/12\/Xavier-300x300.jpg 300w, https:\/\/hyphen.archi\/app\/uploads\/2023\/12\/Xavier-1024x1024.jpg 1024w, https:\/\/hyphen.archi\/app\/uploads\/2023\/12\/Xavier-150x150.jpg 150w, https:\/\/hyphen.archi\/app\/uploads\/2023\/12\/Xavier-768x768.jpg 768w, https:\/\/hyphen.archi\/app\/uploads\/2023\/12\/Xavier-1536x1536.jpg 1536w\" sizes=\"(max-width: 1667px) 100vw, 1667px\" \/><\/a><\/figure>\n\n<h2 style=\"font-style:normal;font-weight:500; padding-top:0;padding-bottom:0;margin-top:0;margin-bottom:0;\" class=\"wp-block-post-title has-x-small-font-size\">Xavier Manera<\/h2>\n\n<div style=\"padding-top:0;padding-bottom:0;margin-top:0;margin-bottom:0;\" class=\"wp-block-post-excerpt has-x-small-font-size\"><p class=\"wp-block-post-excerpt__excerpt\">Director <\/p><\/div>\n<\/li><\/ul><\/div>\n<\/div>\n\n\n\n<p><a href=\"https:\/\/hyphen.archi\/fr\/person\/alvaro-valverde\/\" target=\"_blank\" rel=\"noreferrer noopener\">Get in touch <\/a><\/p>\n<\/div>\n\n\n\n<div class=\"wp-block-column is-layout-flow wp-block-column-is-layout-flow\" style=\"flex-basis:25%\"><\/div>\n\n\n\n<div class=\"wp-block-column is-layout-flow wp-block-column-is-layout-flow\" style=\"padding-right:0;padding-left:0%;flex-basis:25%\"><ul class=\"post-side-nav wp-block-page-list has-small-font-size\"><li class=\"wp-block-pages-list__item\"><a class=\"wp-block-pages-list__item__link\" href=\"https:\/\/hyphen.archi\/it\/settori\/centri-dati-e-tecnologia\/\">Data Center<\/a><\/li><li class=\"wp-block-pages-list__item\"><a class=\"wp-block-pages-list__item__link\" href=\"https:\/\/hyphen.archi\/it\/settori\/retail\/\">Retail<\/a><\/li><li class=\"wp-block-pages-list__item\"><a class=\"wp-block-pages-list__item__link\" href=\"https:\/\/hyphen.archi\/it\/settori\/logistica\/\">Logistica<\/a><\/li><li class=\"wp-block-pages-list__item\"><a class=\"wp-block-pages-list__item__link\" href=\"https:\/\/hyphen.archi\/it\/settori\/uffici\/\">Uffici<\/a><\/li><li class=\"wp-block-pages-list__item\"><a class=\"wp-block-pages-list__item__link\" href=\"https:\/\/hyphen.archi\/it\/settori\/ospitalita\/\">Ospitalit\u00e0<\/a><\/li><li class=\"wp-block-pages-list__item\"><a class=\"wp-block-pages-list__item__link\" href=\"https:\/\/hyphen.archi\/it\/settori\/residenziale-e-ad-uso-misto\/\">Residenziale e ad uso misto<\/a><\/li><\/ul>\n\n\n<div style=\"height:26px\" aria-hidden=\"true\" class=\"wp-block-spacer\"><\/div>\n\n\n\n<figure class=\"wp-block-image size-large\"><img decoding=\"async\" width=\"1024\" height=\"538\" src=\"http:\/\/hyphen.archi\/app\/uploads\/2024\/01\/WA100-2024-Linkedin-Retail-1-1024x538.jpg\" alt=\"\" class=\"wp-image-4040\" srcset=\"https:\/\/hyphen.archi\/app\/uploads\/2024\/01\/WA100-2024-Linkedin-Retail-1-1024x538.jpg 1024w, https:\/\/hyphen.archi\/app\/uploads\/2024\/01\/WA100-2024-Linkedin-Retail-1-300x158.jpg 300w, https:\/\/hyphen.archi\/app\/uploads\/2024\/01\/WA100-2024-Linkedin-Retail-1-768x403.jpg 768w, https:\/\/hyphen.archi\/app\/uploads\/2024\/01\/WA100-2024-Linkedin-Retail-1.jpg 1200w\" sizes=\"(max-width: 1024px) 100vw, 1024px\" \/><\/figure>\n<\/div>\n<\/div>\n\n\n\n<div class=\"wp-block-group has-tertiary-background-color has-background is-layout-flow wp-block-group-is-layout-flow\" style=\"margin-top:var(--wp--preset--spacing--40);padding-top:var(--wp--preset--spacing--40);padding-right:var(--wp--preset--spacing--40);padding-bottom:var(--wp--preset--spacing--40);padding-left:var(--wp--preset--spacing--40)\">\n<h2 class=\"wp-block-heading has-large-font-size\" style=\"margin-bottom:var(--wp--preset--spacing--40)\">Contenuti correlati<\/h2>\n\n\n\n<div id=\"related\" class=\"wp-block-group is-layout-flow wp-block-group-is-layout-flow\" style=\"padding-top:0;padding-right:0;padding-bottom:var(--wp--preset--spacing--30);padding-left:0\">\n<div class=\"wp-block-query ghub-query-id-14 is-layout-flow ghub-query-id-14-is-layout-flow cbb-query-1-1\"><ul id=\"14\" class=\"wp-block-post-template is-layout-flow wp-block-post-template-is-layout-flow\"><li class=\"wp-block-post post-8859 portfolio type-portfolio status-publish has-post-thumbnail hentry expertise-architetto-esecutivo expertise-architettura expertise-design-dinterni expertise-gestione-del-progetto expertise-mep-it location-belfast-it location-belgio location-berlino location-francia-it location-germania location-inghilterra location-irlanda location-irlanda-del-nord location-italia location-londra location-madrid-it location-milano location-paesi-bassi location-parigi location-regno-unito location-scozia location-spagna sector-retail sector-ufficio\">\n\n<div class=\"wp-block-boldblocks-group cbb-block is-layout-flow wp-block-boldblocks-group-is-layout-flow cbb-1-1 sm-cbb-aspect-ratio cbb-layout-grid sm-cbb-v-align bb:has-overlay bb:has-background bb:has-background--image\" style=\"padding-top:0;padding-right:var(--wp--preset--spacing--30);padding-bottom:0;padding-left:var(--wp--preset--spacing--30)\"><div class=\"bb:block-background bb:block-background--image cbb-bg-image\" style=\"background-image:url(https:\/\/hyphen.archi\/app\/uploads\/2024\/01\/image003-1-e1704372161101.jpg);background-position:50% 50%;background-repeat:no-repeat;background-size:cover;\"   data-src=\"https:\/\/hyphen.archi\/app\/uploads\/2024\/01\/image003-1-e1704372161101.jpg\" data-width=\"1440\" data-height=\"719\"><\/div><div aria-hidden=\"true\" class=\"bb:block-overlay\" style=\"background:var(--wp--preset--color--contrast, #000000);opacity:0.3;\"><\/div><a class=\"bb:link-to-post\" href=\"https:\/\/hyphen.archi\/it\/portfolio\/abercrombie-fitch\/\" aria-label=\"Abercrombie &#038; Fitch\" rel=\"permalink\"><\/a><h2 style=\"font-style:normal;font-weight:500;line-height:1; padding-top:0;padding-bottom:0;margin-bottom:var(--wp--preset--spacing--30);\" class=\"has-link-color with-arrow wp-elements-cddc8c8c55571caa1892de1356394a9d wp-block-post-title has-text-color has-base-color has-medium-font-size\">Abercrombie &#038; Fitch<\/h2><\/div>\n\n<\/li><li class=\"wp-block-post post-8904 portfolio type-portfolio status-publish has-post-thumbnail hentry expertise-architettura location-parigi sector-retail\">\n\n<div class=\"wp-block-boldblocks-group cbb-block is-layout-flow wp-block-boldblocks-group-is-layout-flow cbb-1-1 sm-cbb-aspect-ratio cbb-layout-grid sm-cbb-v-align bb:has-overlay bb:has-background bb:has-background--image\" style=\"padding-top:0;padding-right:var(--wp--preset--spacing--30);padding-bottom:0;padding-left:var(--wp--preset--spacing--30)\"><div class=\"bb:block-background bb:block-background--image cbb-bg-image\" style=\"background-image:url(https:\/\/hyphen.archi\/app\/uploads\/2023\/12\/5000-x-3300_FGU9853.jpg);background-position:50% 50%;background-repeat:no-repeat;background-size:cover;\"   data-src=\"https:\/\/hyphen.archi\/app\/uploads\/2023\/12\/5000-x-3300_FGU9853.jpg\" data-width=\"1920\" data-height=\"1280\"><\/div><div aria-hidden=\"true\" class=\"bb:block-overlay\" style=\"background:var(--wp--preset--color--contrast, #000000);opacity:0.3;\"><\/div><a class=\"bb:link-to-post\" href=\"https:\/\/hyphen.archi\/it\/portfolio\/aquazzura\/\" aria-label=\"Aquazzura\" rel=\"permalink\"><\/a><h2 style=\"font-style:normal;font-weight:500;line-height:1; padding-top:0;padding-bottom:0;margin-bottom:var(--wp--preset--spacing--30);\" class=\"has-link-color with-arrow wp-elements-cddc8c8c55571caa1892de1356394a9d wp-block-post-title has-text-color has-base-color has-medium-font-size\">Aquazzura<\/h2><\/div>\n\n<\/li><li class=\"wp-block-post post-8937 portfolio type-portfolio status-publish has-post-thumbnail hentry expertise-architettura location-madrid-it location-spagna sector-retail\">\n\n<div class=\"wp-block-boldblocks-group cbb-block is-layout-flow wp-block-boldblocks-group-is-layout-flow cbb-1-1 sm-cbb-aspect-ratio cbb-layout-grid sm-cbb-v-align bb:has-overlay bb:has-background bb:has-background--image\" style=\"padding-top:0;padding-right:var(--wp--preset--spacing--30);padding-bottom:0;padding-left:var(--wp--preset--spacing--30)\"><div class=\"bb:block-background bb:block-background--image cbb-bg-image\" style=\"background-image:url(https:\/\/hyphen.archi\/app\/uploads\/2024\/01\/Atletico_interior_012020.jpg);background-position:50% 50%;background-repeat:no-repeat;background-size:cover;\"   data-src=\"https:\/\/hyphen.archi\/app\/uploads\/2024\/01\/Atletico_interior_012020.jpg\" data-width=\"1277\" data-height=\"602\"><\/div><div aria-hidden=\"true\" class=\"bb:block-overlay\" style=\"background:var(--wp--preset--color--contrast, #000000);opacity:0.3;\"><\/div><a class=\"bb:link-to-post\" href=\"https:\/\/hyphen.archi\/it\/portfolio\/atletico-madrid\/\" aria-label=\"Atl\u00e9tico Madrid\" rel=\"permalink\"><\/a><h2 style=\"font-style:normal;font-weight:500;line-height:1; padding-top:0;padding-bottom:0;margin-bottom:var(--wp--preset--spacing--30);\" class=\"has-link-color with-arrow wp-elements-cddc8c8c55571caa1892de1356394a9d wp-block-post-title has-text-color has-base-color has-medium-font-size\">Atl\u00e9tico Madrid<\/h2><\/div>\n\n<\/li><\/ul>\n\n<\/div>\n\n\n\n<p><a href=\"https:\/\/hyphen.archi\/it\/portafoglio\/?sector=retail&amp;qid=1\" data-type=\"link\" data-id=\"http:\/\/hyphen.archi\/architect-portfolio\/?sector=retail&amp;qid=1\" target=\"_blank\" rel=\"noreferrer noopener\">Vedi tutti<\/a><\/p>\n<\/div>\n\n\n<\/div>\n<\/div>\n","protected":false},"excerpt":{"rendered":"<p>Hai bisogno di aiuto per il tuo prossimo lancio al dettaglio? Da decenni offriamo esperienze di marca eccellenti in tutto il mondo, supportando i pi\u00f9 noti marchi di lusso. Che si tratti di un flagship, di una concessione aeroportuale, di un grande magazzino o di un pop-up, possiamo guidarti in ogni fase del processo.<\/p>\n","protected":false},"author":1,"featured_media":12615,"parent":7268,"menu_order":1,"comment_status":"closed","ping_status":"closed","template":"page-epic","meta":{"_acf_changed":false,"CBBTypography":[],"footnotes":""},"expertise":[],"location":[],"sector":[],"class_list":["post-7275","page","type-page","status-publish","has-post-thumbnail","hentry"],"acf":[],"mb":[],"yoast_head":"<!-- This site is optimized with the Yoast SEO Premium plugin v25.9 (Yoast SEO v27.4) - https:\/\/yoast.com\/product\/yoast-seo-premium-wordpress\/ -->\n<title>Retail - Hyphen<\/title>\n<meta name=\"robots\" content=\"index, follow, max-snippet:-1, max-image-preview:large, max-video-preview:-1\" \/>\n<link rel=\"canonical\" href=\"https:\/\/hyphen.archi\/it\/settori\/retail\/\" \/>\n<meta property=\"og:locale\" content=\"it_IT\" \/>\n<meta property=\"og:type\" content=\"article\" \/>\n<meta property=\"og:title\" content=\"Retail\" \/>\n<meta property=\"og:description\" content=\"Hai bisogno di aiuto per il tuo prossimo lancio al dettaglio? Da decenni offriamo esperienze di marca eccellenti in tutto il mondo, supportando i pi\u00f9 noti marchi di lusso. Che si tratti di un flagship, di una concessione aeroportuale, di un grande magazzino o di un pop-up, possiamo guidarti in ogni fase del processo.\" \/>\n<meta property=\"og:url\" content=\"https:\/\/hyphen.archi\/it\/settori\/retail\/\" \/>\n<meta property=\"og:site_name\" content=\"Hyphen\" \/>\n<meta property=\"article:modified_time\" content=\"2024-07-24T09:53:05+00:00\" \/>\n<meta property=\"og:image\" content=\"http:\/\/hyphen.archi\/app\/uploads\/2023\/12\/Retail.jpg\" \/>\n\t<meta property=\"og:image:width\" content=\"1920\" \/>\n\t<meta property=\"og:image:height\" content=\"1240\" \/>\n\t<meta property=\"og:image:type\" content=\"image\/jpeg\" \/>\n<meta name=\"twitter:card\" content=\"summary_large_image\" \/>\n<meta name=\"twitter:label1\" content=\"Est. reading time\" \/>\n\t<meta name=\"twitter:data1\" content=\"2 minutes\" \/>\n<script type=\"application\/ld+json\" class=\"yoast-schema-graph\">{\"@context\":\"https:\\\/\\\/schema.org\",\"@graph\":[{\"@type\":\"WebPage\",\"@id\":\"https:\\\/\\\/hyphen.archi\\\/it\\\/settori\\\/retail\\\/\",\"url\":\"https:\\\/\\\/hyphen.archi\\\/it\\\/settori\\\/retail\\\/\",\"name\":\"Retail - Hyphen\",\"isPartOf\":{\"@id\":\"https:\\\/\\\/hyphen.archi\\\/it\\\/#website\"},\"primaryImageOfPage\":{\"@id\":\"https:\\\/\\\/hyphen.archi\\\/it\\\/settori\\\/retail\\\/#primaryimage\"},\"image\":{\"@id\":\"https:\\\/\\\/hyphen.archi\\\/it\\\/settori\\\/retail\\\/#primaryimage\"},\"thumbnailUrl\":\"https:\\\/\\\/hyphen.archi\\\/app\\\/uploads\\\/2024\\\/07\\\/GA367_Madrid_GFL_GreatRoom_Byron_LTOak_V2_002_MKGALLERY-1.jpg\",\"datePublished\":\"2023-11-08T15:47:48+00:00\",\"dateModified\":\"2024-07-24T09:53:05+00:00\",\"breadcrumb\":{\"@id\":\"https:\\\/\\\/hyphen.archi\\\/it\\\/settori\\\/retail\\\/#breadcrumb\"},\"inLanguage\":\"it-IT\",\"potentialAction\":[{\"@type\":\"ReadAction\",\"target\":[\"https:\\\/\\\/hyphen.archi\\\/it\\\/settori\\\/retail\\\/\"]}]},{\"@type\":\"ImageObject\",\"inLanguage\":\"it-IT\",\"@id\":\"https:\\\/\\\/hyphen.archi\\\/it\\\/settori\\\/retail\\\/#primaryimage\",\"url\":\"https:\\\/\\\/hyphen.archi\\\/app\\\/uploads\\\/2024\\\/07\\\/GA367_Madrid_GFL_GreatRoom_Byron_LTOak_V2_002_MKGALLERY-1.jpg\",\"contentUrl\":\"https:\\\/\\\/hyphen.archi\\\/app\\\/uploads\\\/2024\\\/07\\\/GA367_Madrid_GFL_GreatRoom_Byron_LTOak_V2_002_MKGALLERY-1.jpg\",\"width\":1920,\"height\":1213,\"caption\":\"Spacious living room with curved white sofas, large chandelier, statues, and tall arched windows\"},{\"@type\":\"BreadcrumbList\",\"@id\":\"https:\\\/\\\/hyphen.archi\\\/it\\\/settori\\\/retail\\\/#breadcrumb\",\"itemListElement\":[{\"@type\":\"ListItem\",\"position\":1,\"name\":\"Home\",\"item\":\"https:\\\/\\\/hyphen.archi\\\/it\\\/\"},{\"@type\":\"ListItem\",\"position\":2,\"name\":\"Settori\",\"item\":\"https:\\\/\\\/hyphen.archi\\\/it\\\/settori\\\/\"},{\"@type\":\"ListItem\",\"position\":3,\"name\":\"Retail\"}]},{\"@type\":\"WebSite\",\"@id\":\"https:\\\/\\\/hyphen.archi\\\/it\\\/#website\",\"url\":\"https:\\\/\\\/hyphen.archi\\\/it\\\/\",\"name\":\"Hyphen\",\"description\":\"International Architecture Firm\",\"publisher\":{\"@id\":\"https:\\\/\\\/hyphen.archi\\\/it\\\/#organization\"},\"potentialAction\":[{\"@type\":\"SearchAction\",\"target\":{\"@type\":\"EntryPoint\",\"urlTemplate\":\"https:\\\/\\\/hyphen.archi\\\/it\\\/?s={search_term_string}\"},\"query-input\":{\"@type\":\"PropertyValueSpecification\",\"valueRequired\":true,\"valueName\":\"search_term_string\"}}],\"inLanguage\":\"it-IT\"},{\"@type\":\"Organization\",\"@id\":\"https:\\\/\\\/hyphen.archi\\\/it\\\/#organization\",\"name\":\"Hyphen\",\"url\":\"https:\\\/\\\/hyphen.archi\\\/it\\\/\",\"logo\":{\"@type\":\"ImageObject\",\"inLanguage\":\"it-IT\",\"@id\":\"https:\\\/\\\/hyphen.archi\\\/it\\\/#\\\/schema\\\/logo\\\/image\\\/\",\"url\":\"https:\\\/\\\/hyphen.archi\\\/app\\\/uploads\\\/2024\\\/03\\\/Favicon-no_BG.png\",\"contentUrl\":\"https:\\\/\\\/hyphen.archi\\\/app\\\/uploads\\\/2024\\\/03\\\/Favicon-no_BG.png\",\"width\":792,\"height\":793,\"caption\":\"Hyphen\"},\"image\":{\"@id\":\"https:\\\/\\\/hyphen.archi\\\/it\\\/#\\\/schema\\\/logo\\\/image\\\/\"},\"sameAs\":[\"https:\\\/\\\/www.linkedin.com\\\/company\\\/hyphen.archi\\\/\",\"https:\\\/\\\/www.instagram.com\\\/hyphen_archi\\\/\"]}]}<\/script>\n<!-- \/ Yoast SEO Premium plugin. -->","yoast_head_json":{"title":"Retail - Hyphen","robots":{"index":"index","follow":"follow","max-snippet":"max-snippet:-1","max-image-preview":"max-image-preview:large","max-video-preview":"max-video-preview:-1"},"canonical":"https:\/\/hyphen.archi\/it\/settori\/retail\/","og_locale":"it_IT","og_type":"article","og_title":"Retail","og_description":"Hai bisogno di aiuto per il tuo prossimo lancio al dettaglio? Da decenni offriamo esperienze di marca eccellenti in tutto il mondo, supportando i pi\u00f9 noti marchi di lusso. Che si tratti di un flagship, di una concessione aeroportuale, di un grande magazzino o di un pop-up, possiamo guidarti in ogni fase del processo.","og_url":"https:\/\/hyphen.archi\/it\/settori\/retail\/","og_site_name":"Hyphen","article_modified_time":"2024-07-24T09:53:05+00:00","og_image":[{"width":1920,"height":1240,"url":"http:\/\/hyphen.archi\/app\/uploads\/2023\/12\/Retail.jpg","type":"image\/jpeg"}],"twitter_card":"summary_large_image","twitter_misc":{"Est. reading time":"2 minutes"},"schema":{"@context":"https:\/\/schema.org","@graph":[{"@type":"WebPage","@id":"https:\/\/hyphen.archi\/it\/settori\/retail\/","url":"https:\/\/hyphen.archi\/it\/settori\/retail\/","name":"Retail - Hyphen","isPartOf":{"@id":"https:\/\/hyphen.archi\/it\/#website"},"primaryImageOfPage":{"@id":"https:\/\/hyphen.archi\/it\/settori\/retail\/#primaryimage"},"image":{"@id":"https:\/\/hyphen.archi\/it\/settori\/retail\/#primaryimage"},"thumbnailUrl":"https:\/\/hyphen.archi\/app\/uploads\/2024\/07\/GA367_Madrid_GFL_GreatRoom_Byron_LTOak_V2_002_MKGALLERY-1.jpg","datePublished":"2023-11-08T15:47:48+00:00","dateModified":"2024-07-24T09:53:05+00:00","breadcrumb":{"@id":"https:\/\/hyphen.archi\/it\/settori\/retail\/#breadcrumb"},"inLanguage":"it-IT","potentialAction":[{"@type":"ReadAction","target":["https:\/\/hyphen.archi\/it\/settori\/retail\/"]}]},{"@type":"ImageObject","inLanguage":"it-IT","@id":"https:\/\/hyphen.archi\/it\/settori\/retail\/#primaryimage","url":"https:\/\/hyphen.archi\/app\/uploads\/2024\/07\/GA367_Madrid_GFL_GreatRoom_Byron_LTOak_V2_002_MKGALLERY-1.jpg","contentUrl":"https:\/\/hyphen.archi\/app\/uploads\/2024\/07\/GA367_Madrid_GFL_GreatRoom_Byron_LTOak_V2_002_MKGALLERY-1.jpg","width":1920,"height":1213,"caption":"Spacious living room with curved white sofas, large chandelier, statues, and tall arched windows"},{"@type":"BreadcrumbList","@id":"https:\/\/hyphen.archi\/it\/settori\/retail\/#breadcrumb","itemListElement":[{"@type":"ListItem","position":1,"name":"Home","item":"https:\/\/hyphen.archi\/it\/"},{"@type":"ListItem","position":2,"name":"Settori","item":"https:\/\/hyphen.archi\/it\/settori\/"},{"@type":"ListItem","position":3,"name":"Retail"}]},{"@type":"WebSite","@id":"https:\/\/hyphen.archi\/it\/#website","url":"https:\/\/hyphen.archi\/it\/","name":"Hyphen","description":"International Architecture Firm","publisher":{"@id":"https:\/\/hyphen.archi\/it\/#organization"},"potentialAction":[{"@type":"SearchAction","target":{"@type":"EntryPoint","urlTemplate":"https:\/\/hyphen.archi\/it\/?s={search_term_string}"},"query-input":{"@type":"PropertyValueSpecification","valueRequired":true,"valueName":"search_term_string"}}],"inLanguage":"it-IT"},{"@type":"Organization","@id":"https:\/\/hyphen.archi\/it\/#organization","name":"Hyphen","url":"https:\/\/hyphen.archi\/it\/","logo":{"@type":"ImageObject","inLanguage":"it-IT","@id":"https:\/\/hyphen.archi\/it\/#\/schema\/logo\/image\/","url":"https:\/\/hyphen.archi\/app\/uploads\/2024\/03\/Favicon-no_BG.png","contentUrl":"https:\/\/hyphen.archi\/app\/uploads\/2024\/03\/Favicon-no_BG.png","width":792,"height":793,"caption":"Hyphen"},"image":{"@id":"https:\/\/hyphen.archi\/it\/#\/schema\/logo\/image\/"},"sameAs":["https:\/\/www.linkedin.com\/company\/hyphen.archi\/","https:\/\/www.instagram.com\/hyphen_archi\/"]}]}},"mfb_rest_fields":["title","yoast_head","yoast_head_json"],"_links":{"self":[{"href":"https:\/\/hyphen.archi\/it\/wp-json\/wp\/v2\/pages\/7275","targetHints":{"allow":["GET"]}}],"collection":[{"href":"https:\/\/hyphen.archi\/it\/wp-json\/wp\/v2\/pages"}],"about":[{"href":"https:\/\/hyphen.archi\/it\/wp-json\/wp\/v2\/types\/page"}],"author":[{"embeddable":true,"href":"https:\/\/hyphen.archi\/it\/wp-json\/wp\/v2\/users\/1"}],"replies":[{"embeddable":true,"href":"https:\/\/hyphen.archi\/it\/wp-json\/wp\/v2\/comments?post=7275"}],"version-history":[{"count":11,"href":"https:\/\/hyphen.archi\/it\/wp-json\/wp\/v2\/pages\/7275\/revisions"}],"predecessor-version":[{"id":12566,"href":"https:\/\/hyphen.archi\/it\/wp-json\/wp\/v2\/pages\/7275\/revisions\/12566"}],"up":[{"embeddable":true,"href":"https:\/\/hyphen.archi\/it\/wp-json\/wp\/v2\/pages\/7268"}],"wp:featuredmedia":[{"embeddable":true,"href":"https:\/\/hyphen.archi\/it\/wp-json\/wp\/v2\/media\/12615"}],"wp:attachment":[{"href":"https:\/\/hyphen.archi\/it\/wp-json\/wp\/v2\/media?parent=7275"}],"wp:term":[{"taxonomy":"expertise","embeddable":true,"href":"https:\/\/hyphen.archi\/it\/wp-json\/wp\/v2\/expertise?post=7275"},{"taxonomy":"location","embeddable":true,"href":"https:\/\/hyphen.archi\/it\/wp-json\/wp\/v2\/location?post=7275"},{"taxonomy":"sector","embeddable":true,"href":"https:\/\/hyphen.archi\/it\/wp-json\/wp\/v2\/sector?post=7275"}],"curies":[{"name":"wp","href":"https:\/\/api.w.org\/{rel}","templated":true}]}}